{"id":41858,"date":"2026-01-09T11:00:00","date_gmt":"2026-01-09T10:00:00","guid":{"rendered":"https:\/\/operakrolewska.pl\/?post_type=repetoire&#038;p=41858"},"modified":"2026-01-09T12:19:06","modified_gmt":"2026-01-09T11:19:06","slug":"ravel-tansman-beethoven","status":"publish","type":"repetoire","link":"https:\/\/operakrolewska.pl\/en\/repetoire\/ravel-tansman-beethoven\/","title":{"rendered":"RAVEL\u00a0\u2013 TANSMAN\u00a0\u2013 BEETHOVEN"},"content":{"rendered":"\n<p>Concise in form and subtle in sonority, Maurice Ravel\u2019s <em>Fanfare<\/em> is part of the collaborative ballet <em>L\u2019\u00e9ventail de Jeanne<\/em> of 1927. Ravel was entrusted with composing the introduction, which he treated as a kind of playful orchestral experiment. As Roland-Manuel, a scholar of Ravel\u2019s work, noted \u2013 somewhat humorously, yet with striking accuracy \u2013 the opening of this \u201cLilliputian\u201d fanfare seems to imitate the buzzing of insects, while its climax evokes the style of Wagner\u2019s <em>G\u00f6tterd\u00e4mmerung<\/em>. Ravel\u2019s sensitivity to timbre and his search for diverse, unconventional instrumental solutions are also particularly evident in <em>Trois Po\u00e8mes de St\u00e9phane Mallarm\u00e9<\/em>. This work invites us on a musical journey into the mysterious world of one of the key French poets, who focused not only on the meaning of words but also on their sound. How perfectly this symbol-laden poetry resonates with the sonic imagination of the composer of the famous <em>Bol\u00e9ro<\/em>! The two works by Ravel will be separated by music by Aleksander Tansman. Although this Polish composer permanently emigrated from his homeland as early as 1919, his works frequently draw on native traditions. An excellent example is the neoclassical <em>Si<\/em>nfonietta No. 1 for chamber orchestra from 1924, featuring a beautiful Mazurka as its second movement.<\/p>\n\n\n\n<p>The finale of the concert will feature the first of Ludwig van Beethoven\u2019s famous nine symphonies. Composed at the turn of the century, it premiered on April 2, 1800, at the Burgtheater in Vienna. While the work retains a classical formal structure reflecting the symphonic traditions of Joseph Haydn and Wolfgang Amadeus Mozart, it also contains hints of the transformations that would define nineteenth-century music. One should note the special role of the wind instruments, as well as the distinctly expressive third movement, whose flowing motion and vibrant energy \u2013 still labeled a Minuet \u2013 already contain the seeds of the Scherzo. This is no coincidence: starting with his next symphony, Beethoven would openly and permanently abandon the courtly dance resonating with the old order, ushering in a new \u2013 already Romantic \u2013 tradition.<\/p>\n\n\n\n<p class=\"has-text-align-right has-cyan-bluish-gray-color has-text-color has-link-color has-small-font-size wp-elements-3ed8db0f183a7212864b3d899361aec6\"><strong>Marta Dziewanowska-Pachowska<\/strong><\/p>\n\n\n\n<div style=\"height:50px\" aria-hidden=\"true\" class=\"wp-block-spacer\"><\/div>\n\n\n\n<h4 class=\"wp-block-heading has-text-align-center\">PROGRAM<\/h4>\n\n\n\n<p class=\"has-text-align-center\">Maurice Ravel (1875\u20131937) \u2013 Fanfare from the ballet <em>L\u2019eventail de Jeanne<\/em><\/p>\n\n\n\n<p class=\"has-text-align-center\">Aleksander Tansman (1897-1986) \u2013 Sinfonietta No. 1<\/p>\n\n\n\n<p class=\"has-text-align-center has-small-font-size\">I.<em> Allegro assai<\/em><br>II.<em> Mazurka<\/em><br>III.<em> Notturno<\/em><br>IV.<em> Fuga e Toccata<\/em><\/p>\n\n\n\n<p class=\"has-text-align-center\">Maurice Ravel \u2013 <em>Trois Po\u00e8mes de St\u00e9phane Mallarm\u00e9<\/em>, M.64<\/p>\n\n\n\n<p class=\"has-text-align-center has-small-font-size\"><em>Soupir<br>Placet futile<br>Surgi de la croupe et du bond<\/em><\/p>\n\n\n\n<p class=\"has-text-align-center\">Ludwig van Beethoven (1770\u20131827) \u2013 Symphony No. 1 in C major, Op. 21<\/p>\n\n\n\n<p class=\"has-text-align-center has-small-font-size\">I. <em>Adagio molto \u2013 Allegro con brio<\/em><br>II. <em>Andante cantabile con moto<\/em><br>III. <em>Menuetto: Allegro molto e vivace<\/em><br>IV. <em>Adagio \u2013 Allegro molto e vivace<\/em><\/p>\n\n\n\n<div style=\"height:50px\" aria-hidden=\"true\" class=\"wp-block-spacer\"><\/div>\n\n\n\n<h4 class=\"wp-block-heading has-text-align-center\">PERFORMERS<\/h4>\n\n\n\n<p class=\"has-text-align-center\"><strong><a href=\"https:\/\/operakrolewska.pl\/en\/artysci\/aneta-lukaszewicz\/\">ANETA \u0141UKASZEWICZ<\/a><\/strong> MEZZOSOPRANO<\/p>\n\n\n\n<p class=\"has-text-align-center\"><strong><a href=\"https:\/\/operakrolewska.pl\/en\/the-orchestra-of-the-polish-royal-opera\/\">THE ORCHESTRA OF THE POLISH ROYAL OPERA<\/a><\/strong><\/p>\n\n\n\n<p class=\"has-text-align-center\"><strong><a href=\"https:\/\/operakrolewska.pl\/en\/artysci\/karol-knapinski\/\">KAROL KNAPI\u0143SKI<\/a><\/strong> CONDUCTOR<\/p>\n\n\n\n<div style=\"height:50px\" aria-hidden=\"true\" class=\"wp-block-spacer\"><\/div>\n\n\n\n<hr class=\"wp-block-separator has-alpha-channel-opacity\"\/>\n\n\n\n<p>Duration: approx. 1 h 30 mins (with an intermission)<\/p>\n","protected":false},"excerpt":{"rendered":"<p>Concise in form and subtle in sonority, Maurice Ravel\u2019s Fanfare is part of the collaborative ballet L\u2019\u00e9ventail de Jeanne of 1927. Ravel was entrusted with composing the introduction, which he treated as a kind of playful orchestral experiment. As Roland-Manuel, a scholar of Ravel\u2019s work, noted \u2013 somewhat humorously, yet with striking accuracy \u2013 the [&hellip;]<\/p>\n","protected":false},"author":15,"featured_media":12157,"template":"","meta":{"_acf_changed":false,"_kad_blocks_custom_css":"","_kad_blocks_head_custom_js":"","_kad_blocks_body_custom_js":"","_kad_blocks_footer_custom_js":"","footnotes":""},"categories":[1,21],"cykle":[106],"sezon":[],"class_list":["post-41858","repetoire","type-repetoire","status-publish","has-post-thumbnail","hentry","category-bez-kategorii","category-uncategorized","cykle-symphonic-concert-season-2025-2026"],"acf":[],"yoast_head":"<!-- This site is optimized with the Yoast SEO plugin v26.2 - https:\/\/yoast.com\/wordpress\/plugins\/seo\/ -->\n<title>RAVEL\u00a0\u2013 TANSMAN\u00a0\u2013 BEETHOVEN - Polska Opera Kr&oacute;lewska<\/title>\n<meta name=\"robots\" content=\"index, follow, max-snippet:-1, max-image-preview:large, max-video-preview:-1\" \/>\n<link rel=\"canonical\" href=\"https:\/\/operakrolewska.pl\/en\/repetoire\/ravel-tansman-beethoven\/\" \/>\n<meta property=\"og:locale\" content=\"en_US\" \/>\n<meta property=\"og:type\" content=\"article\" \/>\n<meta property=\"og:title\" content=\"RAVEL\u00a0\u2013 TANSMAN\u00a0\u2013 BEETHOVEN - Polska Opera Kr&oacute;lewska\" \/>\n<meta property=\"og:description\" content=\"Concise in form and subtle in sonority, Maurice Ravel\u2019s Fanfare is part of the collaborative ballet L\u2019\u00e9ventail de Jeanne of 1927. Ravel was entrusted with composing the introduction, which he treated as a kind of playful orchestral experiment. As Roland-Manuel, a scholar of Ravel\u2019s work, noted \u2013 somewhat humorously, yet with striking accuracy \u2013 the [&hellip;]\" \/>\n<meta property=\"og:url\" content=\"https:\/\/operakrolewska.pl\/en\/repetoire\/ravel-tansman-beethoven\/\" \/>\n<meta property=\"og:site_name\" content=\"Polska Opera Kr&oacute;lewska\" \/>\n<meta property=\"article:publisher\" content=\"https:\/\/web.facebook.com\/PolskaOperaKrolewska\/\" \/>\n<meta property=\"article:modified_time\" content=\"2026-01-09T11:19:06+00:00\" \/>\n<meta property=\"og:image\" content=\"https:\/\/operakrolewska.pl\/wp-content\/uploads\/2019\/09\/krasiczyn.jpg\" \/>\n\t<meta property=\"og:image:width\" content=\"864\" \/>\n\t<meta property=\"og:image:height\" content=\"490\" \/>\n\t<meta property=\"og:image:type\" content=\"image\/jpeg\" \/>\n<meta name=\"twitter:card\" content=\"summary_large_image\" \/>\n<meta name=\"twitter:label1\" content=\"Est. reading time\" \/>\n\t<meta name=\"twitter:data1\" content=\"3 minutes\" \/>\n<script type=\"application\/ld+json\" class=\"yoast-schema-graph\">{\"@context\":\"https:\/\/schema.org\",\"@graph\":[{\"@type\":\"WebPage\",\"@id\":\"https:\/\/operakrolewska.pl\/en\/repetoire\/ravel-tansman-beethoven\/\",\"url\":\"https:\/\/operakrolewska.pl\/en\/repetoire\/ravel-tansman-beethoven\/\",\"name\":\"RAVEL\u00a0\u2013 TANSMAN\u00a0\u2013 BEETHOVEN - Polska Opera Kr&oacute;lewska\",\"isPartOf\":{\"@id\":\"https:\/\/operakrolewska.pl\/#website\"},\"primaryImageOfPage\":{\"@id\":\"https:\/\/operakrolewska.pl\/en\/repetoire\/ravel-tansman-beethoven\/#primaryimage\"},\"image\":{\"@id\":\"https:\/\/operakrolewska.pl\/en\/repetoire\/ravel-tansman-beethoven\/#primaryimage\"},\"thumbnailUrl\":\"https:\/\/operakrolewska.pl\/wp-content\/uploads\/2019\/09\/krasiczyn.jpg\",\"datePublished\":\"2026-01-09T10:00:00+00:00\",\"dateModified\":\"2026-01-09T11:19:06+00:00\",\"breadcrumb\":{\"@id\":\"https:\/\/operakrolewska.pl\/en\/repetoire\/ravel-tansman-beethoven\/#breadcrumb\"},\"inLanguage\":\"en-US\",\"potentialAction\":[{\"@type\":\"ReadAction\",\"target\":[\"https:\/\/operakrolewska.pl\/en\/repetoire\/ravel-tansman-beethoven\/\"]}]},{\"@type\":\"ImageObject\",\"inLanguage\":\"en-US\",\"@id\":\"https:\/\/operakrolewska.pl\/en\/repetoire\/ravel-tansman-beethoven\/#primaryimage\",\"url\":\"https:\/\/operakrolewska.pl\/wp-content\/uploads\/2019\/09\/krasiczyn.jpg\",\"contentUrl\":\"https:\/\/operakrolewska.pl\/wp-content\/uploads\/2019\/09\/krasiczyn.jpg\",\"width\":864,\"height\":490},{\"@type\":\"BreadcrumbList\",\"@id\":\"https:\/\/operakrolewska.pl\/en\/repetoire\/ravel-tansman-beethoven\/#breadcrumb\",\"itemListElement\":[{\"@type\":\"ListItem\",\"position\":1,\"name\":\"Strona g\u0142\u00f3wna\",\"item\":\"https:\/\/operakrolewska.pl\/en\/\"},{\"@type\":\"ListItem\",\"position\":2,\"name\":\"Repetoire\",\"item\":\"https:\/\/operakrolewska.pl\/repetoire\/\"},{\"@type\":\"ListItem\",\"position\":3,\"name\":\"RAVEL\u00a0\u2013 TANSMAN\u00a0\u2013 BEETHOVEN\"}]},{\"@type\":\"WebSite\",\"@id\":\"https:\/\/operakrolewska.pl\/#website\",\"url\":\"https:\/\/operakrolewska.pl\/\",\"name\":\"Polska Opera Kr&oacute;lewska\",\"description\":\"Polska Opera Kr&oacute;lewska\",\"publisher\":{\"@id\":\"https:\/\/operakrolewska.pl\/#organization\"},\"potentialAction\":[{\"@type\":\"SearchAction\",\"target\":{\"@type\":\"EntryPoint\",\"urlTemplate\":\"https:\/\/operakrolewska.pl\/?s={search_term_string}\"},\"query-input\":{\"@type\":\"PropertyValueSpecification\",\"valueRequired\":true,\"valueName\":\"search_term_string\"}}],\"inLanguage\":\"en-US\"},{\"@type\":\"Organization\",\"@id\":\"https:\/\/operakrolewska.pl\/#organization\",\"name\":\"Polska Opera Kr\u00f3lewska\",\"url\":\"https:\/\/operakrolewska.pl\/\",\"logo\":{\"@type\":\"ImageObject\",\"inLanguage\":\"en-US\",\"@id\":\"https:\/\/operakrolewska.pl\/#\/schema\/logo\/image\/\",\"url\":\"https:\/\/operakrolewska.pl\/wp-content\/uploads\/2017\/12\/logo-pok-czerwone_rgb-e1583499221374.jpg\",\"contentUrl\":\"https:\/\/operakrolewska.pl\/wp-content\/uploads\/2017\/12\/logo-pok-czerwone_rgb-e1583499221374.jpg\",\"width\":250,\"height\":108,\"caption\":\"Polska Opera Kr\u00f3lewska\"},\"image\":{\"@id\":\"https:\/\/operakrolewska.pl\/#\/schema\/logo\/image\/\"},\"sameAs\":[\"https:\/\/web.facebook.com\/PolskaOperaKrolewska\/\"]}]}<\/script>\n<!-- \/ Yoast SEO plugin. -->","yoast_head_json":{"title":"RAVEL\u00a0\u2013 TANSMAN\u00a0\u2013 BEETHOVEN - Polska Opera Kr&oacute;lewska","robots":{"index":"index","follow":"follow","max-snippet":"max-snippet:-1","max-image-preview":"max-image-preview:large","max-video-preview":"max-video-preview:-1"},"canonical":"https:\/\/operakrolewska.pl\/en\/repetoire\/ravel-tansman-beethoven\/","og_locale":"en_US","og_type":"article","og_title":"RAVEL\u00a0\u2013 TANSMAN\u00a0\u2013 BEETHOVEN - Polska Opera Kr&oacute;lewska","og_description":"Concise in form and subtle in sonority, Maurice Ravel\u2019s Fanfare is part of the collaborative ballet L\u2019\u00e9ventail de Jeanne of 1927. Ravel was entrusted with composing the introduction, which he treated as a kind of playful orchestral experiment. As Roland-Manuel, a scholar of Ravel\u2019s work, noted \u2013 somewhat humorously, yet with striking accuracy \u2013 the [&hellip;]","og_url":"https:\/\/operakrolewska.pl\/en\/repetoire\/ravel-tansman-beethoven\/","og_site_name":"Polska Opera Kr&oacute;lewska","article_publisher":"https:\/\/web.facebook.com\/PolskaOperaKrolewska\/","article_modified_time":"2026-01-09T11:19:06+00:00","og_image":[{"width":864,"height":490,"url":"https:\/\/operakrolewska.pl\/wp-content\/uploads\/2019\/09\/krasiczyn.jpg","type":"image\/jpeg"}],"twitter_card":"summary_large_image","twitter_misc":{"Est. reading time":"3 minutes"},"schema":{"@context":"https:\/\/schema.org","@graph":[{"@type":"WebPage","@id":"https:\/\/operakrolewska.pl\/en\/repetoire\/ravel-tansman-beethoven\/","url":"https:\/\/operakrolewska.pl\/en\/repetoire\/ravel-tansman-beethoven\/","name":"RAVEL\u00a0\u2013 TANSMAN\u00a0\u2013 BEETHOVEN - Polska Opera Kr&oacute;lewska","isPartOf":{"@id":"https:\/\/operakrolewska.pl\/#website"},"primaryImageOfPage":{"@id":"https:\/\/operakrolewska.pl\/en\/repetoire\/ravel-tansman-beethoven\/#primaryimage"},"image":{"@id":"https:\/\/operakrolewska.pl\/en\/repetoire\/ravel-tansman-beethoven\/#primaryimage"},"thumbnailUrl":"https:\/\/operakrolewska.pl\/wp-content\/uploads\/2019\/09\/krasiczyn.jpg","datePublished":"2026-01-09T10:00:00+00:00","dateModified":"2026-01-09T11:19:06+00:00","breadcrumb":{"@id":"https:\/\/operakrolewska.pl\/en\/repetoire\/ravel-tansman-beethoven\/#breadcrumb"},"inLanguage":"en-US","potentialAction":[{"@type":"ReadAction","target":["https:\/\/operakrolewska.pl\/en\/repetoire\/ravel-tansman-beethoven\/"]}]},{"@type":"ImageObject","inLanguage":"en-US","@id":"https:\/\/operakrolewska.pl\/en\/repetoire\/ravel-tansman-beethoven\/#primaryimage","url":"https:\/\/operakrolewska.pl\/wp-content\/uploads\/2019\/09\/krasiczyn.jpg","contentUrl":"https:\/\/operakrolewska.pl\/wp-content\/uploads\/2019\/09\/krasiczyn.jpg","width":864,"height":490},{"@type":"BreadcrumbList","@id":"https:\/\/operakrolewska.pl\/en\/repetoire\/ravel-tansman-beethoven\/#breadcrumb","itemListElement":[{"@type":"ListItem","position":1,"name":"Strona g\u0142\u00f3wna","item":"https:\/\/operakrolewska.pl\/en\/"},{"@type":"ListItem","position":2,"name":"Repetoire","item":"https:\/\/operakrolewska.pl\/repetoire\/"},{"@type":"ListItem","position":3,"name":"RAVEL\u00a0\u2013 TANSMAN\u00a0\u2013 BEETHOVEN"}]},{"@type":"WebSite","@id":"https:\/\/operakrolewska.pl\/#website","url":"https:\/\/operakrolewska.pl\/","name":"Polska Opera Kr&oacute;lewska","description":"Polska Opera Kr&oacute;lewska","publisher":{"@id":"https:\/\/operakrolewska.pl\/#organization"},"potentialAction":[{"@type":"SearchAction","target":{"@type":"EntryPoint","urlTemplate":"https:\/\/operakrolewska.pl\/?s={search_term_string}"},"query-input":{"@type":"PropertyValueSpecification","valueRequired":true,"valueName":"search_term_string"}}],"inLanguage":"en-US"},{"@type":"Organization","@id":"https:\/\/operakrolewska.pl\/#organization","name":"Polska Opera Kr\u00f3lewska","url":"https:\/\/operakrolewska.pl\/","logo":{"@type":"ImageObject","inLanguage":"en-US","@id":"https:\/\/operakrolewska.pl\/#\/schema\/logo\/image\/","url":"https:\/\/operakrolewska.pl\/wp-content\/uploads\/2017\/12\/logo-pok-czerwone_rgb-e1583499221374.jpg","contentUrl":"https:\/\/operakrolewska.pl\/wp-content\/uploads\/2017\/12\/logo-pok-czerwone_rgb-e1583499221374.jpg","width":250,"height":108,"caption":"Polska Opera Kr\u00f3lewska"},"image":{"@id":"https:\/\/operakrolewska.pl\/#\/schema\/logo\/image\/"},"sameAs":["https:\/\/web.facebook.com\/PolskaOperaKrolewska\/"]}]}},"taxonomy_info":{"category":[{"value":1,"label":"Bez kategorii"},{"value":21,"label":"Uncategorized"}],"cykle":[{"value":106,"label":"SYMPHONIC CONCERT \u2013 SEASON 2025\/2026"}]},"featured_image_src_large":["https:\/\/operakrolewska.pl\/wp-content\/uploads\/2019\/09\/krasiczyn.jpg",640,363,false],"author_info":{"display_name":"malgorzata.wasniewska@operakrolewska.pl","author_link":"https:\/\/operakrolewska.pl\/en\/author\/malgorzata-wasniewskaoperakrolewska-pl\/"},"comment_info":"","_links":{"self":[{"href":"https:\/\/operakrolewska.pl\/en\/wp-json\/wp\/v2\/repetoire\/41858","targetHints":{"allow":["GET"]}}],"collection":[{"href":"https:\/\/operakrolewska.pl\/en\/wp-json\/wp\/v2\/repetoire"}],"about":[{"href":"https:\/\/operakrolewska.pl\/en\/wp-json\/wp\/v2\/types\/repetoire"}],"author":[{"embeddable":true,"href":"https:\/\/operakrolewska.pl\/en\/wp-json\/wp\/v2\/users\/15"}],"version-history":[{"count":3,"href":"https:\/\/operakrolewska.pl\/en\/wp-json\/wp\/v2\/repetoire\/41858\/revisions"}],"predecessor-version":[{"id":41893,"href":"https:\/\/operakrolewska.pl\/en\/wp-json\/wp\/v2\/repetoire\/41858\/revisions\/41893"}],"wp:featuredmedia":[{"embeddable":true,"href":"https:\/\/operakrolewska.pl\/en\/wp-json\/wp\/v2\/media\/12157"}],"wp:attachment":[{"href":"https:\/\/operakrolewska.pl\/en\/wp-json\/wp\/v2\/media?parent=41858"}],"wp:term":[{"taxonomy":"category","embeddable":true,"href":"https:\/\/operakrolewska.pl\/en\/wp-json\/wp\/v2\/categories?post=41858"},{"taxonomy":"cykle","embeddable":true,"href":"https:\/\/operakrolewska.pl\/en\/wp-json\/wp\/v2\/cykle?post=41858"},{"taxonomy":"sezon","embeddable":true,"href":"https:\/\/operakrolewska.pl\/en\/wp-json\/wp\/v2\/sezon?post=41858"}],"curies":[{"name":"wp","href":"https:\/\/api.w.org\/{rel}","templated":true}]}}