{"id":41179,"date":"2025-12-05T11:00:00","date_gmt":"2025-12-05T10:00:00","guid":{"rendered":"https:\/\/operakrolewska.pl\/?post_type=repetoire&#038;p=41179"},"modified":"2026-01-15T14:31:05","modified_gmt":"2026-01-15T13:31:05","slug":"elsner-wieniawski-stojowski","status":"publish","type":"repetoire","link":"https:\/\/operakrolewska.pl\/en\/repetoire\/elsner-wieniawski-stojowski\/","title":{"rendered":"ELSNER \u2013 WIENIAWSKI \u2013 STOJOWSKI"},"content":{"rendered":"\n<p><em>Jagie\u0142\u0142o in Tenczyn<\/em> is, after <em>King \u0141okietek<\/em>, another opera in which J\u00f3zef Elsner sought to evoke the glorious pages of Polish history. It is therefore no surprise that a number of Polish dances were woven into into the musical fabric of the drama, whose premiere took place on 1 January 1820. The overture itself \u2013 as Alina Romanowicz observes \u2013 represents an attempt \u201cto combine the style of the Viennese classics with Polish folklore\u201d and surely deserves to be restored to Polish concert stages. Next, we will hear the Violin Concerto No. 2 by the genius of the violin \u2013 Henryk Wieniawski. The first version of one of the most splendid compositions by the Polish virtuoso dates from 1862, yet it took many revisions and 17 years to appear in its final form. Today, it still captivates with the elegance of the dialogue between the soloist and orchestra and with its balance of virtuosity and lyricism, making it one of the most celebrated Polish compositions of its genre.<\/p>\n\n\n\n<p>The program concludes with a work firmly rooted in the Polish tradition \u2013 the Suite in E-flat major for orchestra by Zygmunt Stojowski. This outstanding pianist and composer emigrated from Poland at the age of 17 \u2013 first to France for his studies, and later to the United States \u2013 yet throughout his life, he remained devoted to the Polish cause. His attachment to his homeland\u2019s heritage is evident in the music he composed. In fact, one of the pieces that opened the way for Stojowski\u2019s further career was the <em>Suite in E-flat major<\/em> of 1891, which won recognition among others from Hans von B\u00fclow (the work\u2019s dedicatee), Pyotr Tchaikovsky, and Johannes Brahms. The first movement consists of variations on a then-popular church hymn <em>Witaj Kr\u00f3lowo nieba i Matko lito\u015bci<\/em> (\u201cHail, Queen of Heaven and Mother of Mercy\u201d), featuring an impressive final variation with a fugal passage and a radiant finale. In turn, the remaining two movements, allude to Polish dances. <em>Interm\u00e8de polonais<\/em> is written in the character of a lively mazurka, while in the final movement a nostalgic, dreamy reverie introduces \u2013 and is then briefly interrupted by \u2013 the vigorous, joyful, syncopated rhythm of the krakowiak.<\/p>\n\n\n\n<div style=\"height:50px\" aria-hidden=\"true\" class=\"wp-block-spacer\"><\/div>\n\n\n\n<h4 class=\"wp-block-heading has-text-align-center\">PROGRAM<\/h4>\n\n\n\n<p class=\"has-text-align-center\">J\u00f3zef Elsner (1769\u20131854) \u2013 Ouverture to the opera <em>Jagie\u0142\u0142o in Tenczyn<\/em><\/p>\n\n\n\n<p class=\"has-text-align-center\">&nbsp;Henryk Wieniawski (1835\u20131880) \u2013 Violin Concerto No. 2 in D minor, Op. 22<\/p>\n\n\n\n<p class=\"has-text-align-center has-small-font-size\"><em>Allegro moderato<br>Romance: Andante ma non troppo<br>Allegro con fuoco \u2013 Allegro moderato (alla Zingara)<\/em><\/p>\n\n\n\n<p class=\"has-text-align-center\">Zygmunt Stojowski (1870\u20131946) \u2013 Suite in E-flat major for orchestra, Op. 9<\/p>\n\n\n\n<p class=\"has-text-align-center has-small-font-size\"><em>Th\u00e8me vari\u00e9<\/em> (<em>Andante<\/em>)<br><em>Interm\u00e8de polonais<\/em> (<em>Tempo di mazurka, con anima<\/em>)<br><em>Rev\u00earie et Cracovienne <\/em>(<em>Lento \u2013 Allegro \u2013 Lento \u2013 Allegro<\/em>)<\/p>\n\n\n\n<p><\/p>\n\n\n\n<div style=\"height:50px\" aria-hidden=\"true\" class=\"wp-block-spacer\"><\/div>\n\n\n\n<h4 class=\"wp-block-heading has-text-align-center\">PERFORMERS<\/h4>\n\n\n\n<p class=\"has-text-align-center\"><a href=\"https:\/\/operakrolewska.pl\/en\/artysci\/tomasz-kulisiewicz\/\"><strong>TOMASZ KULISIEWICZ<\/strong> <\/a>VIOLIN<\/p>\n\n\n\n<p class=\"has-text-align-center\"><strong><a href=\"https:\/\/operakrolewska.pl\/en\/the-orchestra-of-the-polish-royal-opera\/\">THE ORCHESTRA OF THE POLISH ROYAL OPERA<\/a><\/strong><\/p>\n\n\n\n<p class=\"has-text-align-center\"><strong>PRZEMYS\u0141AW NEUMANN<\/strong> CONDUCTOR<\/p>\n\n\n\n<div style=\"height:50px\" aria-hidden=\"true\" class=\"wp-block-spacer\"><\/div>\n\n\n\n<hr class=\"wp-block-separator has-alpha-channel-opacity\"\/>\n\n\n\n<p>Duration: approx. 1 h 30 mins (with an intermission)<\/p>\n\n\n\n<hr class=\"wp-block-separator has-alpha-channel-opacity\"\/>\n","protected":false},"excerpt":{"rendered":"<p>Jagie\u0142\u0142o in Tenczyn is, after King \u0141okietek, another opera in which J\u00f3zef Elsner sought to evoke the glorious pages of Polish history. It is therefore no surprise that a number of Polish dances were woven into into the musical fabric of the drama, whose premiere took place on 1 January 1820. The overture itself \u2013 [&hellip;]<\/p>\n","protected":false},"author":15,"featured_media":12157,"template":"","meta":{"_acf_changed":false,"_kad_blocks_custom_css":"","_kad_blocks_head_custom_js":"","_kad_blocks_body_custom_js":"","_kad_blocks_footer_custom_js":"","footnotes":""},"categories":[1,21],"cykle":[106],"sezon":[105],"class_list":["post-41179","repetoire","type-repetoire","status-publish","has-post-thumbnail","hentry","category-bez-kategorii","category-uncategorized","cykle-symphonic-concert-season-2025-2026","sezon-2025-2026-2"],"acf":[],"yoast_head":"<!-- This site is optimized with the Yoast SEO plugin v26.2 - https:\/\/yoast.com\/wordpress\/plugins\/seo\/ -->\n<title>ELSNER \u2013 WIENIAWSKI \u2013 STOJOWSKI - Polska Opera Kr&oacute;lewska<\/title>\n<meta name=\"robots\" content=\"index, follow, max-snippet:-1, max-image-preview:large, max-video-preview:-1\" \/>\n<link rel=\"canonical\" href=\"https:\/\/operakrolewska.pl\/en\/repetoire\/elsner-wieniawski-stojowski\/\" \/>\n<meta property=\"og:locale\" content=\"en_US\" \/>\n<meta property=\"og:type\" content=\"article\" \/>\n<meta property=\"og:title\" content=\"ELSNER \u2013 WIENIAWSKI \u2013 STOJOWSKI - Polska Opera Kr&oacute;lewska\" \/>\n<meta property=\"og:description\" content=\"Jagie\u0142\u0142o in Tenczyn is, after King \u0141okietek, another opera in which J\u00f3zef Elsner sought to evoke the glorious pages of Polish history. It is therefore no surprise that a number of Polish dances were woven into into the musical fabric of the drama, whose premiere took place on 1 January 1820. The overture itself \u2013 [&hellip;]\" \/>\n<meta property=\"og:url\" content=\"https:\/\/operakrolewska.pl\/en\/repetoire\/elsner-wieniawski-stojowski\/\" \/>\n<meta property=\"og:site_name\" content=\"Polska Opera Kr&oacute;lewska\" \/>\n<meta property=\"article:publisher\" content=\"https:\/\/web.facebook.com\/PolskaOperaKrolewska\/\" \/>\n<meta property=\"article:modified_time\" content=\"2026-01-15T13:31:05+00:00\" \/>\n<meta property=\"og:image\" content=\"https:\/\/operakrolewska.pl\/wp-content\/uploads\/2019\/09\/krasiczyn.jpg\" \/>\n\t<meta property=\"og:image:width\" content=\"864\" \/>\n\t<meta property=\"og:image:height\" content=\"490\" \/>\n\t<meta property=\"og:image:type\" content=\"image\/jpeg\" \/>\n<meta name=\"twitter:card\" content=\"summary_large_image\" \/>\n<meta name=\"twitter:label1\" content=\"Est. reading time\" \/>\n\t<meta name=\"twitter:data1\" content=\"3 minutes\" \/>\n<script type=\"application\/ld+json\" class=\"yoast-schema-graph\">{\"@context\":\"https:\/\/schema.org\",\"@graph\":[{\"@type\":\"WebPage\",\"@id\":\"https:\/\/operakrolewska.pl\/en\/repetoire\/elsner-wieniawski-stojowski\/\",\"url\":\"https:\/\/operakrolewska.pl\/en\/repetoire\/elsner-wieniawski-stojowski\/\",\"name\":\"ELSNER \u2013 WIENIAWSKI \u2013 STOJOWSKI - Polska Opera Kr&oacute;lewska\",\"isPartOf\":{\"@id\":\"https:\/\/operakrolewska.pl\/#website\"},\"primaryImageOfPage\":{\"@id\":\"https:\/\/operakrolewska.pl\/en\/repetoire\/elsner-wieniawski-stojowski\/#primaryimage\"},\"image\":{\"@id\":\"https:\/\/operakrolewska.pl\/en\/repetoire\/elsner-wieniawski-stojowski\/#primaryimage\"},\"thumbnailUrl\":\"https:\/\/operakrolewska.pl\/wp-content\/uploads\/2019\/09\/krasiczyn.jpg\",\"datePublished\":\"2025-12-05T10:00:00+00:00\",\"dateModified\":\"2026-01-15T13:31:05+00:00\",\"breadcrumb\":{\"@id\":\"https:\/\/operakrolewska.pl\/en\/repetoire\/elsner-wieniawski-stojowski\/#breadcrumb\"},\"inLanguage\":\"en-US\",\"potentialAction\":[{\"@type\":\"ReadAction\",\"target\":[\"https:\/\/operakrolewska.pl\/en\/repetoire\/elsner-wieniawski-stojowski\/\"]}]},{\"@type\":\"ImageObject\",\"inLanguage\":\"en-US\",\"@id\":\"https:\/\/operakrolewska.pl\/en\/repetoire\/elsner-wieniawski-stojowski\/#primaryimage\",\"url\":\"https:\/\/operakrolewska.pl\/wp-content\/uploads\/2019\/09\/krasiczyn.jpg\",\"contentUrl\":\"https:\/\/operakrolewska.pl\/wp-content\/uploads\/2019\/09\/krasiczyn.jpg\",\"width\":864,\"height\":490},{\"@type\":\"BreadcrumbList\",\"@id\":\"https:\/\/operakrolewska.pl\/en\/repetoire\/elsner-wieniawski-stojowski\/#breadcrumb\",\"itemListElement\":[{\"@type\":\"ListItem\",\"position\":1,\"name\":\"Strona g\u0142\u00f3wna\",\"item\":\"https:\/\/operakrolewska.pl\/en\/\"},{\"@type\":\"ListItem\",\"position\":2,\"name\":\"Repetoire\",\"item\":\"https:\/\/operakrolewska.pl\/repetoire\/\"},{\"@type\":\"ListItem\",\"position\":3,\"name\":\"ELSNER \u2013 WIENIAWSKI \u2013 STOJOWSKI\"}]},{\"@type\":\"WebSite\",\"@id\":\"https:\/\/operakrolewska.pl\/#website\",\"url\":\"https:\/\/operakrolewska.pl\/\",\"name\":\"Polska Opera Kr&oacute;lewska\",\"description\":\"Polska Opera Kr&oacute;lewska\",\"publisher\":{\"@id\":\"https:\/\/operakrolewska.pl\/#organization\"},\"potentialAction\":[{\"@type\":\"SearchAction\",\"target\":{\"@type\":\"EntryPoint\",\"urlTemplate\":\"https:\/\/operakrolewska.pl\/?s={search_term_string}\"},\"query-input\":{\"@type\":\"PropertyValueSpecification\",\"valueRequired\":true,\"valueName\":\"search_term_string\"}}],\"inLanguage\":\"en-US\"},{\"@type\":\"Organization\",\"@id\":\"https:\/\/operakrolewska.pl\/#organization\",\"name\":\"Polska Opera Kr\u00f3lewska\",\"url\":\"https:\/\/operakrolewska.pl\/\",\"logo\":{\"@type\":\"ImageObject\",\"inLanguage\":\"en-US\",\"@id\":\"https:\/\/operakrolewska.pl\/#\/schema\/logo\/image\/\",\"url\":\"https:\/\/operakrolewska.pl\/wp-content\/uploads\/2017\/12\/logo-pok-czerwone_rgb-e1583499221374.jpg\",\"contentUrl\":\"https:\/\/operakrolewska.pl\/wp-content\/uploads\/2017\/12\/logo-pok-czerwone_rgb-e1583499221374.jpg\",\"width\":250,\"height\":108,\"caption\":\"Polska Opera Kr\u00f3lewska\"},\"image\":{\"@id\":\"https:\/\/operakrolewska.pl\/#\/schema\/logo\/image\/\"},\"sameAs\":[\"https:\/\/web.facebook.com\/PolskaOperaKrolewska\/\"]}]}<\/script>\n<!-- \/ Yoast SEO plugin. -->","yoast_head_json":{"title":"ELSNER \u2013 WIENIAWSKI \u2013 STOJOWSKI - Polska Opera Kr&oacute;lewska","robots":{"index":"index","follow":"follow","max-snippet":"max-snippet:-1","max-image-preview":"max-image-preview:large","max-video-preview":"max-video-preview:-1"},"canonical":"https:\/\/operakrolewska.pl\/en\/repetoire\/elsner-wieniawski-stojowski\/","og_locale":"en_US","og_type":"article","og_title":"ELSNER \u2013 WIENIAWSKI \u2013 STOJOWSKI - Polska Opera Kr&oacute;lewska","og_description":"Jagie\u0142\u0142o in Tenczyn is, after King \u0141okietek, another opera in which J\u00f3zef Elsner sought to evoke the glorious pages of Polish history. It is therefore no surprise that a number of Polish dances were woven into into the musical fabric of the drama, whose premiere took place on 1 January 1820. The overture itself \u2013 [&hellip;]","og_url":"https:\/\/operakrolewska.pl\/en\/repetoire\/elsner-wieniawski-stojowski\/","og_site_name":"Polska Opera Kr&oacute;lewska","article_publisher":"https:\/\/web.facebook.com\/PolskaOperaKrolewska\/","article_modified_time":"2026-01-15T13:31:05+00:00","og_image":[{"width":864,"height":490,"url":"https:\/\/operakrolewska.pl\/wp-content\/uploads\/2019\/09\/krasiczyn.jpg","type":"image\/jpeg"}],"twitter_card":"summary_large_image","twitter_misc":{"Est. reading time":"3 minutes"},"schema":{"@context":"https:\/\/schema.org","@graph":[{"@type":"WebPage","@id":"https:\/\/operakrolewska.pl\/en\/repetoire\/elsner-wieniawski-stojowski\/","url":"https:\/\/operakrolewska.pl\/en\/repetoire\/elsner-wieniawski-stojowski\/","name":"ELSNER \u2013 WIENIAWSKI \u2013 STOJOWSKI - Polska Opera Kr&oacute;lewska","isPartOf":{"@id":"https:\/\/operakrolewska.pl\/#website"},"primaryImageOfPage":{"@id":"https:\/\/operakrolewska.pl\/en\/repetoire\/elsner-wieniawski-stojowski\/#primaryimage"},"image":{"@id":"https:\/\/operakrolewska.pl\/en\/repetoire\/elsner-wieniawski-stojowski\/#primaryimage"},"thumbnailUrl":"https:\/\/operakrolewska.pl\/wp-content\/uploads\/2019\/09\/krasiczyn.jpg","datePublished":"2025-12-05T10:00:00+00:00","dateModified":"2026-01-15T13:31:05+00:00","breadcrumb":{"@id":"https:\/\/operakrolewska.pl\/en\/repetoire\/elsner-wieniawski-stojowski\/#breadcrumb"},"inLanguage":"en-US","potentialAction":[{"@type":"ReadAction","target":["https:\/\/operakrolewska.pl\/en\/repetoire\/elsner-wieniawski-stojowski\/"]}]},{"@type":"ImageObject","inLanguage":"en-US","@id":"https:\/\/operakrolewska.pl\/en\/repetoire\/elsner-wieniawski-stojowski\/#primaryimage","url":"https:\/\/operakrolewska.pl\/wp-content\/uploads\/2019\/09\/krasiczyn.jpg","contentUrl":"https:\/\/operakrolewska.pl\/wp-content\/uploads\/2019\/09\/krasiczyn.jpg","width":864,"height":490},{"@type":"BreadcrumbList","@id":"https:\/\/operakrolewska.pl\/en\/repetoire\/elsner-wieniawski-stojowski\/#breadcrumb","itemListElement":[{"@type":"ListItem","position":1,"name":"Strona g\u0142\u00f3wna","item":"https:\/\/operakrolewska.pl\/en\/"},{"@type":"ListItem","position":2,"name":"Repetoire","item":"https:\/\/operakrolewska.pl\/repetoire\/"},{"@type":"ListItem","position":3,"name":"ELSNER \u2013 WIENIAWSKI \u2013 STOJOWSKI"}]},{"@type":"WebSite","@id":"https:\/\/operakrolewska.pl\/#website","url":"https:\/\/operakrolewska.pl\/","name":"Polska Opera Kr&oacute;lewska","description":"Polska Opera Kr&oacute;lewska","publisher":{"@id":"https:\/\/operakrolewska.pl\/#organization"},"potentialAction":[{"@type":"SearchAction","target":{"@type":"EntryPoint","urlTemplate":"https:\/\/operakrolewska.pl\/?s={search_term_string}"},"query-input":{"@type":"PropertyValueSpecification","valueRequired":true,"valueName":"search_term_string"}}],"inLanguage":"en-US"},{"@type":"Organization","@id":"https:\/\/operakrolewska.pl\/#organization","name":"Polska Opera Kr\u00f3lewska","url":"https:\/\/operakrolewska.pl\/","logo":{"@type":"ImageObject","inLanguage":"en-US","@id":"https:\/\/operakrolewska.pl\/#\/schema\/logo\/image\/","url":"https:\/\/operakrolewska.pl\/wp-content\/uploads\/2017\/12\/logo-pok-czerwone_rgb-e1583499221374.jpg","contentUrl":"https:\/\/operakrolewska.pl\/wp-content\/uploads\/2017\/12\/logo-pok-czerwone_rgb-e1583499221374.jpg","width":250,"height":108,"caption":"Polska Opera Kr\u00f3lewska"},"image":{"@id":"https:\/\/operakrolewska.pl\/#\/schema\/logo\/image\/"},"sameAs":["https:\/\/web.facebook.com\/PolskaOperaKrolewska\/"]}]}},"taxonomy_info":{"category":[{"value":1,"label":"Bez kategorii"},{"value":21,"label":"Uncategorized"}],"cykle":[{"value":106,"label":"SYMPHONIC CONCERT \u2013 SEASON 2025\/2026"}],"sezon":[{"value":105,"label":"2025\/2026"}]},"featured_image_src_large":["https:\/\/operakrolewska.pl\/wp-content\/uploads\/2019\/09\/krasiczyn.jpg",640,363,false],"author_info":{"display_name":"malgorzata.wasniewska@operakrolewska.pl","author_link":"https:\/\/operakrolewska.pl\/en\/author\/malgorzata-wasniewskaoperakrolewska-pl\/"},"comment_info":"","_links":{"self":[{"href":"https:\/\/operakrolewska.pl\/en\/wp-json\/wp\/v2\/repetoire\/41179","targetHints":{"allow":["GET"]}}],"collection":[{"href":"https:\/\/operakrolewska.pl\/en\/wp-json\/wp\/v2\/repetoire"}],"about":[{"href":"https:\/\/operakrolewska.pl\/en\/wp-json\/wp\/v2\/types\/repetoire"}],"author":[{"embeddable":true,"href":"https:\/\/operakrolewska.pl\/en\/wp-json\/wp\/v2\/users\/15"}],"version-history":[{"count":5,"href":"https:\/\/operakrolewska.pl\/en\/wp-json\/wp\/v2\/repetoire\/41179\/revisions"}],"predecessor-version":[{"id":41937,"href":"https:\/\/operakrolewska.pl\/en\/wp-json\/wp\/v2\/repetoire\/41179\/revisions\/41937"}],"wp:featuredmedia":[{"embeddable":true,"href":"https:\/\/operakrolewska.pl\/en\/wp-json\/wp\/v2\/media\/12157"}],"wp:attachment":[{"href":"https:\/\/operakrolewska.pl\/en\/wp-json\/wp\/v2\/media?parent=41179"}],"wp:term":[{"taxonomy":"category","embeddable":true,"href":"https:\/\/operakrolewska.pl\/en\/wp-json\/wp\/v2\/categories?post=41179"},{"taxonomy":"cykle","embeddable":true,"href":"https:\/\/operakrolewska.pl\/en\/wp-json\/wp\/v2\/cykle?post=41179"},{"taxonomy":"sezon","embeddable":true,"href":"https:\/\/operakrolewska.pl\/en\/wp-json\/wp\/v2\/sezon?post=41179"}],"curies":[{"name":"wp","href":"https:\/\/api.w.org\/{rel}","templated":true}]}}