{"id":38813,"date":"2025-07-07T11:00:00","date_gmt":"2025-07-07T09:00:00","guid":{"rendered":"https:\/\/operakrolewska.pl\/?post_type=repetoire&#038;p=38813"},"modified":"2025-09-04T10:19:42","modified_gmt":"2025-09-04T08:19:42","slug":"dobrzynski-berlioz","status":"publish","type":"repetoire","link":"https:\/\/operakrolewska.pl\/en\/repetoire\/dobrzynski-berlioz\/","title":{"rendered":"DOBRZY\u0143SKI \u2013 BERLIOZ"},"content":{"rendered":"\n<p>Ignacy Feliks Dobrzy\u0144ski worked on his only opera, <em>Monbar, or The Filibusters<\/em>, during the 1830s. Despite earlier efforts to bring it to the stage, the work finally premiered a quarter of a century later, in 1863, at the Warsaw Opera. Unfortunately, the outbreak of the January Uprising soon caused the title to disappear from the repertoire. The overture to this remarkable opera reflects the composer\u2019s exceptional inventiveness in color and melody, as well as his outstanding command of the orchestral sound palette. <\/p>\n\n\n\n<p>The dramatic power of expression of Dobrzy\u0144ski&#8217;s work corresponds with the artistic stance of Hector Berlioz. A leading figure of French Romantic music, Berlioz was renowned not only as a composer and conductor but also as a man of letters. The written word served as a fundamental source of inspiration for his musical creations. In his lyric scene <em>Herminie<\/em> (1828) for soprano and orchestra, he uses a poem by Pierre-Ange Vieillard based on an episode from Torquato Tasso\u2019s <em>Jerusalem Delivered<\/em>. The story of a pagan princess hopelessly in love with the Christian knight Tancred served as a point of departure for Berlioz to craft a score of remarkable emotional intensity. The second half of the concert will feature the symphony <em>Harold in Italy<\/em> (1834), whose literary program is based on a poem by Lord Byron. It was Niccol\u00f2 Paganini himself who initially inspired Berlioz to compose this work featuring a solo viola, as the virtuoso was seeking new repertoire. However, Paganini ultimately declined to premiere the composition, famously exclaiming: &#8220;That\u2019s not it at all! I am silent for too long; I must be playing the whole time.&#8221; How mistaken he was! The recurring viola theme that unifies the symphony\u2019s movements, the flowing solo passages interwoven with the brilliant orchestral writing, the inventive harmonies, and the superb structure left Paganini deeply impressed. After the Paris concert on the 16th of December 1838, he reportedly knelt before Berlioz in front of witnesses and kissed his hands.<\/p>\n\n\n\n<p class=\"has-text-align-right has-cyan-bluish-gray-color has-text-color has-link-color has-small-font-size wp-elements-5af144a26c44d018e29c9e83b7b41835\">Marta Dziewanowska-Pachowska<\/p>\n\n\n\n<div style=\"height:50px\" aria-hidden=\"true\" class=\"wp-block-spacer\"><\/div>\n\n\n\n<h4 class=\"wp-block-heading has-text-align-center\">PROGRAM<\/h4>\n\n\n\n<p class=\"has-text-align-center\">Ignacy Feliks Dobrzy\u0144ski (1807-1867) \u2013 Overture to the Opera <em>Monbar, or The Filibusters<\/em>, Op. 30<\/p>\n\n\n\n<p class=\"has-text-align-center\">Hector Berlioz (1803-1869) \u2013 <em>Herminie<\/em> H 29<\/p>\n\n\n\n<p class=\"has-text-align-center has-small-font-size\">1. Recitative: <em>Quel trouble te poursuit, malheureuse<\/em><br>2. Aria: <em>Ah! Si de la tendresse o\u00f9 mon c\u0153ur<\/em><br>3. Recitative: <em>Que dis-je? \u00f2u s\u2019\u00e9garent mes v\u0153ux?<\/em><br>4. Aria: <em>Arr\u00eate! Cher Tancr\u00e8de<\/em><br>5. Recitative: <em>Que Clorinde est heureuse<\/em><br>6. Aria: <em>Venez, venez, terribles armes!<\/em> <br>7. Pri\u00e8re. <em>Dieu des chr\u00e9tiens, toi que j\u2019ignore<\/em><\/p>\n\n\n\n<div style=\"height:20px\" aria-hidden=\"true\" class=\"wp-block-spacer\"><\/div>\n\n\n\n<p class=\"has-text-align-center\">\u2014 intermission \u2014<\/p>\n\n\n\n<p class=\"has-text-align-center\">Hector Berlioz (1803-1869) \u2013 Symphony <em>Harold en Italie<\/em> (Harold in Italy) for viola and orchestra, H 69<\/p>\n\n\n\n<p class=\"has-text-align-center has-small-font-size\">1. <em>Harold aux montagnes. Sc\u00e8nes de m\u00e9lancolie, de bonheur, et de joie<\/em><br>2. <em>Marche de p\u00e9lerins chantant la pri\u00e8re du soir<\/em><br>3. <em>S\u00e9r\u00e9nade d\u2019un montagnard des Abruzzes \u00e0 sa ma\u00eetresse<\/em><br>4. <em>Orgie de brigands. Souvenirs des sc\u00e8nes pr\u00e9c\u00e9dentes <\/em><\/p>\n\n\n\n<div style=\"height:50px\" aria-hidden=\"true\" class=\"wp-block-spacer\"><\/div>\n\n\n\n<h4 class=\"wp-block-heading has-text-align-center\">PERFORMERS<\/h4>\n\n\n\n<p class=\"has-text-align-center\"><strong><a href=\"https:\/\/operakrolewska.pl\/en\/artysci\/monika-ledzion-porczynska\/\">MONIKA LEDZION<\/a><\/strong> MEZZOSOPRANO<\/p>\n\n\n\n<p class=\"has-text-align-center\"><strong>KATARZYNA BUDNIK<\/strong> VIOLA<\/p>\n\n\n\n<p class=\"has-text-align-center\"><a href=\"https:\/\/operakrolewska.pl\/en\/the-orchestra-of-the-polish-royal-opera\/\"><strong>THE ORCHESTRA OF THE POLISH ROYAL OPERA<\/strong><\/a><\/p>\n\n\n\n<p class=\"has-text-align-center\"><strong>\u0141UKASZ BOROWICZ<\/strong> CONDUCTOR<\/p>\n\n\n\n<div style=\"height:50px\" aria-hidden=\"true\" class=\"wp-block-spacer\"><\/div>\n\n\n\n<hr class=\"wp-block-separator has-alpha-channel-opacity\"\/>\n\n\n\n<p>Duration: approx. 1 h 40 mins (with an intermission)<\/p>\n\n\n\n<hr class=\"wp-block-separator has-alpha-channel-opacity\"\/>\n\n\n\n<p class=\"has-text-align-center\"><strong>PATRON OF THE POLISH ROYAL OPERA<\/strong><\/p>\n\n\n<div class=\"wp-block-image\">\n<figure class=\"aligncenter size-medium\"><a  href=\"https:\/\/operakrolewska.pl\/wp-content\/uploads\/2025\/07\/poziom.jpg\" data-rel=\"lightbox-gallery-0\" data-rl_title=\"\" data-rl_caption=\"\" title=\"\"><img loading=\"lazy\" decoding=\"async\" width=\"300\" height=\"170\" src=\"https:\/\/operakrolewska.pl\/wp-content\/uploads\/2025\/07\/poziom-300x170.jpg\" alt=\"LOGOTYP TOTALIZATOR SPORTOWY 70 LAT\" class=\"wp-image-39623\" srcset=\"https:\/\/operakrolewska.pl\/wp-content\/uploads\/2025\/07\/poziom-300x170.jpg 300w, https:\/\/operakrolewska.pl\/wp-content\/uploads\/2025\/07\/poziom-768x436.jpg 768w, https:\/\/operakrolewska.pl\/wp-content\/uploads\/2025\/07\/poziom-365x206.jpg 365w, https:\/\/operakrolewska.pl\/wp-content\/uploads\/2025\/07\/poziom-860x485.jpg 860w, https:\/\/operakrolewska.pl\/wp-content\/uploads\/2025\/07\/poziom.jpg 880w\" sizes=\"auto, (max-width: 300px) 100vw, 300px\" \/><\/a><\/figure><\/div>","protected":false},"excerpt":{"rendered":"<p>Ignacy Feliks Dobrzy\u0144ski worked on his only opera, Monbar, or The Filibusters, during the 1830s. Despite earlier efforts to bring it to the stage, the work finally premiered a quarter of a century later, in 1863, at the Warsaw Opera. Unfortunately, the outbreak of the January Uprising soon caused the title to disappear from the [&hellip;]<\/p>\n","protected":false},"author":15,"featured_media":12157,"template":"","meta":{"_acf_changed":false,"_kad_blocks_custom_css":"","_kad_blocks_head_custom_js":"","_kad_blocks_body_custom_js":"","_kad_blocks_footer_custom_js":"","footnotes":""},"categories":[1,21],"cykle":[106],"sezon":[],"class_list":["post-38813","repetoire","type-repetoire","status-publish","has-post-thumbnail","hentry","category-bez-kategorii","category-uncategorized","cykle-symphonic-concert-season-2025-2026"],"acf":[],"yoast_head":"<!-- This site is optimized with the Yoast SEO plugin v26.2 - https:\/\/yoast.com\/wordpress\/plugins\/seo\/ -->\n<title>DOBRZY\u0143SKI \u2013 BERLIOZ - Polska Opera Kr&oacute;lewska<\/title>\n<meta name=\"robots\" content=\"index, follow, max-snippet:-1, max-image-preview:large, max-video-preview:-1\" \/>\n<link rel=\"canonical\" href=\"https:\/\/operakrolewska.pl\/en\/repetoire\/dobrzynski-berlioz\/\" \/>\n<meta property=\"og:locale\" content=\"en_US\" \/>\n<meta property=\"og:type\" content=\"article\" \/>\n<meta property=\"og:title\" content=\"DOBRZY\u0143SKI \u2013 BERLIOZ - Polska Opera Kr&oacute;lewska\" \/>\n<meta property=\"og:description\" content=\"Ignacy Feliks Dobrzy\u0144ski worked on his only opera, Monbar, or The Filibusters, during the 1830s. Despite earlier efforts to bring it to the stage, the work finally premiered a quarter of a century later, in 1863, at the Warsaw Opera. Unfortunately, the outbreak of the January Uprising soon caused the title to disappear from the [&hellip;]\" \/>\n<meta property=\"og:url\" content=\"https:\/\/operakrolewska.pl\/en\/repetoire\/dobrzynski-berlioz\/\" \/>\n<meta property=\"og:site_name\" content=\"Polska Opera Kr&oacute;lewska\" \/>\n<meta property=\"article:publisher\" content=\"https:\/\/web.facebook.com\/PolskaOperaKrolewska\/\" \/>\n<meta property=\"article:modified_time\" content=\"2025-09-04T08:19:42+00:00\" \/>\n<meta property=\"og:image\" content=\"https:\/\/operakrolewska.pl\/wp-content\/uploads\/2019\/09\/krasiczyn.jpg\" \/>\n\t<meta property=\"og:image:width\" content=\"864\" \/>\n\t<meta property=\"og:image:height\" content=\"490\" \/>\n\t<meta property=\"og:image:type\" content=\"image\/jpeg\" \/>\n<meta name=\"twitter:card\" content=\"summary_large_image\" \/>\n<meta name=\"twitter:label1\" content=\"Est. reading time\" \/>\n\t<meta name=\"twitter:data1\" content=\"4 minutes\" \/>\n<script type=\"application\/ld+json\" class=\"yoast-schema-graph\">{\"@context\":\"https:\/\/schema.org\",\"@graph\":[{\"@type\":\"WebPage\",\"@id\":\"https:\/\/operakrolewska.pl\/en\/repetoire\/dobrzynski-berlioz\/\",\"url\":\"https:\/\/operakrolewska.pl\/en\/repetoire\/dobrzynski-berlioz\/\",\"name\":\"DOBRZY\u0143SKI \u2013 BERLIOZ - Polska Opera Kr&oacute;lewska\",\"isPartOf\":{\"@id\":\"https:\/\/operakrolewska.pl\/#website\"},\"primaryImageOfPage\":{\"@id\":\"https:\/\/operakrolewska.pl\/en\/repetoire\/dobrzynski-berlioz\/#primaryimage\"},\"image\":{\"@id\":\"https:\/\/operakrolewska.pl\/en\/repetoire\/dobrzynski-berlioz\/#primaryimage\"},\"thumbnailUrl\":\"https:\/\/operakrolewska.pl\/wp-content\/uploads\/2019\/09\/krasiczyn.jpg\",\"datePublished\":\"2025-07-07T09:00:00+00:00\",\"dateModified\":\"2025-09-04T08:19:42+00:00\",\"breadcrumb\":{\"@id\":\"https:\/\/operakrolewska.pl\/en\/repetoire\/dobrzynski-berlioz\/#breadcrumb\"},\"inLanguage\":\"en-US\",\"potentialAction\":[{\"@type\":\"ReadAction\",\"target\":[\"https:\/\/operakrolewska.pl\/en\/repetoire\/dobrzynski-berlioz\/\"]}]},{\"@type\":\"ImageObject\",\"inLanguage\":\"en-US\",\"@id\":\"https:\/\/operakrolewska.pl\/en\/repetoire\/dobrzynski-berlioz\/#primaryimage\",\"url\":\"https:\/\/operakrolewska.pl\/wp-content\/uploads\/2019\/09\/krasiczyn.jpg\",\"contentUrl\":\"https:\/\/operakrolewska.pl\/wp-content\/uploads\/2019\/09\/krasiczyn.jpg\",\"width\":864,\"height\":490},{\"@type\":\"BreadcrumbList\",\"@id\":\"https:\/\/operakrolewska.pl\/en\/repetoire\/dobrzynski-berlioz\/#breadcrumb\",\"itemListElement\":[{\"@type\":\"ListItem\",\"position\":1,\"name\":\"Strona g\u0142\u00f3wna\",\"item\":\"https:\/\/operakrolewska.pl\/en\/\"},{\"@type\":\"ListItem\",\"position\":2,\"name\":\"Repetoire\",\"item\":\"https:\/\/operakrolewska.pl\/repetoire\/\"},{\"@type\":\"ListItem\",\"position\":3,\"name\":\"DOBRZY\u0143SKI \u2013 BERLIOZ\"}]},{\"@type\":\"WebSite\",\"@id\":\"https:\/\/operakrolewska.pl\/#website\",\"url\":\"https:\/\/operakrolewska.pl\/\",\"name\":\"Polska Opera Kr&oacute;lewska\",\"description\":\"Polska Opera Kr&oacute;lewska\",\"publisher\":{\"@id\":\"https:\/\/operakrolewska.pl\/#organization\"},\"potentialAction\":[{\"@type\":\"SearchAction\",\"target\":{\"@type\":\"EntryPoint\",\"urlTemplate\":\"https:\/\/operakrolewska.pl\/?s={search_term_string}\"},\"query-input\":{\"@type\":\"PropertyValueSpecification\",\"valueRequired\":true,\"valueName\":\"search_term_string\"}}],\"inLanguage\":\"en-US\"},{\"@type\":\"Organization\",\"@id\":\"https:\/\/operakrolewska.pl\/#organization\",\"name\":\"Polska Opera Kr\u00f3lewska\",\"url\":\"https:\/\/operakrolewska.pl\/\",\"logo\":{\"@type\":\"ImageObject\",\"inLanguage\":\"en-US\",\"@id\":\"https:\/\/operakrolewska.pl\/#\/schema\/logo\/image\/\",\"url\":\"https:\/\/operakrolewska.pl\/wp-content\/uploads\/2017\/12\/logo-pok-czerwone_rgb-e1583499221374.jpg\",\"contentUrl\":\"https:\/\/operakrolewska.pl\/wp-content\/uploads\/2017\/12\/logo-pok-czerwone_rgb-e1583499221374.jpg\",\"width\":250,\"height\":108,\"caption\":\"Polska Opera Kr\u00f3lewska\"},\"image\":{\"@id\":\"https:\/\/operakrolewska.pl\/#\/schema\/logo\/image\/\"},\"sameAs\":[\"https:\/\/web.facebook.com\/PolskaOperaKrolewska\/\"]}]}<\/script>\n<!-- \/ Yoast SEO plugin. -->","yoast_head_json":{"title":"DOBRZY\u0143SKI \u2013 BERLIOZ - Polska Opera Kr&oacute;lewska","robots":{"index":"index","follow":"follow","max-snippet":"max-snippet:-1","max-image-preview":"max-image-preview:large","max-video-preview":"max-video-preview:-1"},"canonical":"https:\/\/operakrolewska.pl\/en\/repetoire\/dobrzynski-berlioz\/","og_locale":"en_US","og_type":"article","og_title":"DOBRZY\u0143SKI \u2013 BERLIOZ - Polska Opera Kr&oacute;lewska","og_description":"Ignacy Feliks Dobrzy\u0144ski worked on his only opera, Monbar, or The Filibusters, during the 1830s. Despite earlier efforts to bring it to the stage, the work finally premiered a quarter of a century later, in 1863, at the Warsaw Opera. Unfortunately, the outbreak of the January Uprising soon caused the title to disappear from the [&hellip;]","og_url":"https:\/\/operakrolewska.pl\/en\/repetoire\/dobrzynski-berlioz\/","og_site_name":"Polska Opera Kr&oacute;lewska","article_publisher":"https:\/\/web.facebook.com\/PolskaOperaKrolewska\/","article_modified_time":"2025-09-04T08:19:42+00:00","og_image":[{"width":864,"height":490,"url":"https:\/\/operakrolewska.pl\/wp-content\/uploads\/2019\/09\/krasiczyn.jpg","type":"image\/jpeg"}],"twitter_card":"summary_large_image","twitter_misc":{"Est. reading time":"4 minutes"},"schema":{"@context":"https:\/\/schema.org","@graph":[{"@type":"WebPage","@id":"https:\/\/operakrolewska.pl\/en\/repetoire\/dobrzynski-berlioz\/","url":"https:\/\/operakrolewska.pl\/en\/repetoire\/dobrzynski-berlioz\/","name":"DOBRZY\u0143SKI \u2013 BERLIOZ - Polska Opera Kr&oacute;lewska","isPartOf":{"@id":"https:\/\/operakrolewska.pl\/#website"},"primaryImageOfPage":{"@id":"https:\/\/operakrolewska.pl\/en\/repetoire\/dobrzynski-berlioz\/#primaryimage"},"image":{"@id":"https:\/\/operakrolewska.pl\/en\/repetoire\/dobrzynski-berlioz\/#primaryimage"},"thumbnailUrl":"https:\/\/operakrolewska.pl\/wp-content\/uploads\/2019\/09\/krasiczyn.jpg","datePublished":"2025-07-07T09:00:00+00:00","dateModified":"2025-09-04T08:19:42+00:00","breadcrumb":{"@id":"https:\/\/operakrolewska.pl\/en\/repetoire\/dobrzynski-berlioz\/#breadcrumb"},"inLanguage":"en-US","potentialAction":[{"@type":"ReadAction","target":["https:\/\/operakrolewska.pl\/en\/repetoire\/dobrzynski-berlioz\/"]}]},{"@type":"ImageObject","inLanguage":"en-US","@id":"https:\/\/operakrolewska.pl\/en\/repetoire\/dobrzynski-berlioz\/#primaryimage","url":"https:\/\/operakrolewska.pl\/wp-content\/uploads\/2019\/09\/krasiczyn.jpg","contentUrl":"https:\/\/operakrolewska.pl\/wp-content\/uploads\/2019\/09\/krasiczyn.jpg","width":864,"height":490},{"@type":"BreadcrumbList","@id":"https:\/\/operakrolewska.pl\/en\/repetoire\/dobrzynski-berlioz\/#breadcrumb","itemListElement":[{"@type":"ListItem","position":1,"name":"Strona g\u0142\u00f3wna","item":"https:\/\/operakrolewska.pl\/en\/"},{"@type":"ListItem","position":2,"name":"Repetoire","item":"https:\/\/operakrolewska.pl\/repetoire\/"},{"@type":"ListItem","position":3,"name":"DOBRZY\u0143SKI \u2013 BERLIOZ"}]},{"@type":"WebSite","@id":"https:\/\/operakrolewska.pl\/#website","url":"https:\/\/operakrolewska.pl\/","name":"Polska Opera Kr&oacute;lewska","description":"Polska Opera Kr&oacute;lewska","publisher":{"@id":"https:\/\/operakrolewska.pl\/#organization"},"potentialAction":[{"@type":"SearchAction","target":{"@type":"EntryPoint","urlTemplate":"https:\/\/operakrolewska.pl\/?s={search_term_string}"},"query-input":{"@type":"PropertyValueSpecification","valueRequired":true,"valueName":"search_term_string"}}],"inLanguage":"en-US"},{"@type":"Organization","@id":"https:\/\/operakrolewska.pl\/#organization","name":"Polska Opera Kr\u00f3lewska","url":"https:\/\/operakrolewska.pl\/","logo":{"@type":"ImageObject","inLanguage":"en-US","@id":"https:\/\/operakrolewska.pl\/#\/schema\/logo\/image\/","url":"https:\/\/operakrolewska.pl\/wp-content\/uploads\/2017\/12\/logo-pok-czerwone_rgb-e1583499221374.jpg","contentUrl":"https:\/\/operakrolewska.pl\/wp-content\/uploads\/2017\/12\/logo-pok-czerwone_rgb-e1583499221374.jpg","width":250,"height":108,"caption":"Polska Opera Kr\u00f3lewska"},"image":{"@id":"https:\/\/operakrolewska.pl\/#\/schema\/logo\/image\/"},"sameAs":["https:\/\/web.facebook.com\/PolskaOperaKrolewska\/"]}]}},"taxonomy_info":{"category":[{"value":1,"label":"Bez kategorii"},{"value":21,"label":"Uncategorized"}],"cykle":[{"value":106,"label":"SYMPHONIC CONCERT \u2013 SEASON 2025\/2026"}]},"featured_image_src_large":["https:\/\/operakrolewska.pl\/wp-content\/uploads\/2019\/09\/krasiczyn.jpg",640,363,false],"author_info":{"display_name":"malgorzata.wasniewska@operakrolewska.pl","author_link":"https:\/\/operakrolewska.pl\/en\/author\/malgorzata-wasniewskaoperakrolewska-pl\/"},"comment_info":"","_links":{"self":[{"href":"https:\/\/operakrolewska.pl\/en\/wp-json\/wp\/v2\/repetoire\/38813","targetHints":{"allow":["GET"]}}],"collection":[{"href":"https:\/\/operakrolewska.pl\/en\/wp-json\/wp\/v2\/repetoire"}],"about":[{"href":"https:\/\/operakrolewska.pl\/en\/wp-json\/wp\/v2\/types\/repetoire"}],"author":[{"embeddable":true,"href":"https:\/\/operakrolewska.pl\/en\/wp-json\/wp\/v2\/users\/15"}],"version-history":[{"count":3,"href":"https:\/\/operakrolewska.pl\/en\/wp-json\/wp\/v2\/repetoire\/38813\/revisions"}],"predecessor-version":[{"id":39692,"href":"https:\/\/operakrolewska.pl\/en\/wp-json\/wp\/v2\/repetoire\/38813\/revisions\/39692"}],"wp:featuredmedia":[{"embeddable":true,"href":"https:\/\/operakrolewska.pl\/en\/wp-json\/wp\/v2\/media\/12157"}],"wp:attachment":[{"href":"https:\/\/operakrolewska.pl\/en\/wp-json\/wp\/v2\/media?parent=38813"}],"wp:term":[{"taxonomy":"category","embeddable":true,"href":"https:\/\/operakrolewska.pl\/en\/wp-json\/wp\/v2\/categories?post=38813"},{"taxonomy":"cykle","embeddable":true,"href":"https:\/\/operakrolewska.pl\/en\/wp-json\/wp\/v2\/cykle?post=38813"},{"taxonomy":"sezon","embeddable":true,"href":"https:\/\/operakrolewska.pl\/en\/wp-json\/wp\/v2\/sezon?post=38813"}],"curies":[{"name":"wp","href":"https:\/\/api.w.org\/{rel}","templated":true}]}}