{"id":36817,"date":"2025-04-17T12:50:55","date_gmt":"2025-04-17T10:50:55","guid":{"rendered":"https:\/\/operakrolewska.pl\/?post_type=repetoire&#038;p=36817"},"modified":"2025-04-18T11:54:31","modified_gmt":"2025-04-18T09:54:31","slug":"night-of-museums-chamber-concerts-3","status":"publish","type":"repetoire","link":"https:\/\/operakrolewska.pl\/en\/repetoire\/night-of-museums-chamber-concerts-3\/","title":{"rendered":"NIGHT OF MUSEUMS \/ CHAMBER CONCERTS"},"content":{"rendered":"\n<p>FREE ADMISSION<\/p>\n\n\n\n<div style=\"height:50px\" aria-hidden=\"true\" class=\"wp-block-spacer\"><\/div>\n\n\n\n<p>The Polish Royal Opera is once again joining in the Night of Museums \u2013 a unique celebration of culture and art. On this special evening, the charming interior of the Old Orangery in Warsaw&#8217;s Royal \u0141azienki Park will be filled with diverse music performed by outstanding soloists of the Polish Royal Opera, accompanied on the piano by Dagmara Dudzi\u0144ska.<\/p>\n\n\n\n<p>The first of five concerts will be devoted to Polish vocal lyricism. Love songs by Fryderyk Chopin, Mieczys\u0142aw Kar\u0142owicz, Stanis\u0142aw Niewiadomski, and Jan Gall will transport the audience into a world of heartfelt emotions, longing glances, and sorrowful sighs. During the second concert, we will hear selected songs by Wolfgang Amadeus Mozart, who masterfully harmonizes outstanding poetry with music that pulses in its rhythm. The heartfelt serenade by Franz Schubert will also be performed, along with two songs from Robert Schumann&#8217;s <em>Myrthen<\/em> cycle, which was a wedding gift from the composer to his beloved Clara Wieck.<\/p>\n\n\n\n<p>The third concert of the evening will be devoted to the master of comic opera \u2013 Gioacchino Rossini. Fragments from the famous <em>Barber of Seville<\/em> and <em>Duetto buffo di due gatti<\/em> \u2013 attributed to the master of comic opera, though likely arranged by the English composer Robert Lucas Pearsall (based on fragments of Rossini&#8217;s works, among others)<em> \u2013<\/em> will certainly put the audience in a cheerful mood. In the next concert, Mozart&#8217;s music will return \u2013 this time in the form of arias and duets from the great operas of the Viennese master: <em>La finta giardiniera<\/em>, <em>Cosi fan tutte<\/em>, <em>Don Giovanni<\/em>, and <em>Le nozze di Figaro<\/em>. The final performance will resound with excerpts from operas by 19th-century French composers, moving with their musical depth and enchanting with dramatic artistry. The program will feature the famous <em>Habanera<\/em> from the opera <em>Carmen<\/em>, the Bacchic praise of wine sung by the main character of the opera <em>Hamlet<\/em> by Ambroise Thomas, the seductive aria from the opera <em>Samson et Dalila, <\/em>and fragments of the dramatic work <em>Les contes d&#8217;Hoffmann<\/em> by Jacques Offenbach.<\/p>\n\n\n\n<div style=\"height:50px\" aria-hidden=\"true\" class=\"wp-block-spacer\"><\/div>\n\n\n\n<h4 class=\"wp-block-heading has-text-align-center\"><strong>PROGRAM<\/strong><\/h4>\n\n\n\n<p><strong><span style=\"text-decoration: underline;\">19:00-19:15<\/span><\/strong><\/p>\n\n\n\n<p>F. Chopin \u2013 <em>\u015aliczny ch\u0142opiec<\/em><br>F. Chopin \u2013 <em>Piosnka litewska<\/em><br>M. Kar\u0142owicz \u2013 <em>Zasmuconej<\/em><br>M. Kar\u0142owicz \u2013 <em>Z erotyk\u00f3w<\/em><br>St. Niewiadomski \u2013 <em>Mi\u0119dzy nami nic nie by\u0142o<\/em><br>J. Gall \u2013 <em>Zaczarowana kr\u00f3lewna<\/em><br>J. Gall \u2013 <em>Dziewcz\u0119 z buzi\u0105 jak malina<\/em><\/p>\n\n\n\n<p><strong><span style=\"text-decoration: underline;\">19:25-19:40<\/span><\/strong><\/p>\n\n\n\n<p>W.A.Mozart \u2013 <em>Als Luise die Briefe ihres ungetreuen Liebhabers verbrannte<\/em> KV 520 <br>W.A.Mozart \u2013 <em>Warnung<\/em> KV 433\/416c <br>W.A.Mozart \u2013 <em>Das Veilchen<\/em> KV 476 <br>W.A.Mozart \u2013 <em>An Chloe<\/em> KV 524 <br>F. Schubert \u2013 <em>St\u00e4ndchen<\/em> D.889<br>R. Schumann \u2013 <em>Die Lotosblume <\/em>from the cycle <em>Myrthen<\/em> Op. 25<br>R. Schumann \u2013 <em>Widmung<\/em> from the cycle <em>Myrthen<\/em> Op. 25<\/p>\n\n\n\n<p><strong><span style=\"text-decoration: underline;\">19:50-20:05<\/span><\/strong><\/p>\n\n\n\n<p>G.Rossini \u2013 <em>Una voce poco f\u00e1<\/em> \u2013 aria (Rosina) from the opera <em>Il barbiere di Siviglia<\/em> <br>G.Rossini \u2013 <em>Dunque io son<\/em> \u2013 duet (Rosina and Figaro) from Act I of the opera <em>Il barbiere di Siviglia<\/em><br>G.Rossini, R.L. Pearsall \u2013 <em>Duetto buffo di due gatti<\/em><\/p>\n\n\n\n<p><strong><span style=\"text-decoration: underline;\">20:15-20:30<\/span><\/strong><\/p>\n\n\n\n<p>W.A. Mozart \u2013 <em>Con un vezzo all&#8217;Italiana<\/em> \u2013 aria (Nardo) from the opera <em>La finta giardiniera<\/em> <br>W.A. Mozart \u2013 <em>Il core vi dono<\/em> \u2013 duet (Dorabella and Guglielmo) from the opera <em>Cos\u00ec fan tutte<\/em> <br>W.A. Mozart \u2013 <em>E amore un ladroncello<\/em> \u2013 aria (Dorabella) from Act II of the opera <em>Cos\u00ec fan tutte<\/em><br>W.A. Mozart \u2013 <em>La ci darem la mano<\/em> \u2013 duet (Zerlina and Don Giovanni) from the opera <em>Don Giovanni<\/em> <br>W.A. Mozart \u2013 <em>Crudel! Perch\u00e9 finora farmi languir cos\u00ec?<\/em> \u2013 duet (Susanna and Count Almaviva) from the opera <em>Le nozze di Figaro<\/em><\/p>\n\n\n\n<p><strong><span style=\"text-decoration: underline;\">20:40-20:55<\/span><\/strong><\/p>\n\n\n\n<p>G. Bizet \u2013 <em>L&#8217;amour est un oiseau rebelle<\/em> (<em>Habanera<\/em>) \u2013 aria (Carmen) from the opera <em>Carmen<\/em><br>A. Thomas \u2013 <em>\u00d4 vin, dissipe la tristesse<\/em> <br>C. Saint-Sa\u00ebns &#8211; <em>Mon coeur s&#8217;ouvre \u00e0 tavoix<\/em> \u2013 aria (Dalila) from the opera <em>Samson et Dalila<\/em> <br>J. Offenbach \u2013 <em>Elle a fui, la tourterelle<\/em> \u2013 aria (Antonia) from the opera <em>Les contes d&#8217;Hoffmann<\/em> <br>J. Offenbach \u2013 <em>Belle nuit, \u00f4 nuit d&#8217;amour<\/em> (<em>Barcarolle<\/em>) \u2013 duet (Giulietta and Niclausse) from the opera <em>Les contes d&#8217;Hoffmann<\/em><\/p>\n\n\n\n<div style=\"height:50px\" aria-hidden=\"true\" class=\"wp-block-spacer\"><\/div>\n\n\n\n<p class=\"has-text-align-center\"><strong>PERFORMERS<\/strong><\/p>\n\n\n\n<p class=\"has-text-align-center\"><strong><a href=\"https:\/\/operakrolewska.pl\/en\/artysci\/tatjana-hempel-gierlach\/\">TATIANA HEMPEL-GIERLACH<\/a><\/strong> SOPRANO<br><strong><a href=\"https:\/\/operakrolewska.pl\/en\/artysci\/dorota-lachowicz\/\">DOROTA LACHOWICZ<\/a><\/strong> MEZZOSOPRANO<br><strong><a href=\"https:\/\/operakrolewska.pl\/en\/artysci\/monika-ledzion-porczynska\/\">MONIKA LEDZION-PORCZY\u0143SKA<\/a><\/strong> MEZZOSOPRANO<br><strong><a href=\"https:\/\/operakrolewska.pl\/en\/artysci\/aneta-lukaszewicz\/\">ANETA \u0141UKASZEWICZ<\/a><\/strong> MEZZOSOPRANO<br><strong><a href=\"https:\/\/operakrolewska.pl\/en\/artysci\/witold-zoladkiewicz\/\">WITOLD \u017bO\u0141\u0104DKIEWICZ<\/a><\/strong> BARITONE<br><strong><a href=\"https:\/\/operakrolewska.pl\/en\/artysci\/dagmara-dudzinska\/\">DAGMARA DUDZI\u0143SKA <\/a><\/strong>GRAND PIANO<\/p>\n\n\n\n<div style=\"height:50px\" aria-hidden=\"true\" class=\"wp-block-spacer\"><\/div>\n\n\n\n<hr class=\"wp-block-separator has-alpha-channel-opacity\"\/>\n\n\n\n<p>Duration: approx. 2h<\/p>\n\n\n\n<p>The seats in the auditorium are not numbered.<\/p>\n\n\n\n<p>PLEASE NOTE: The entrance to the Royal Theatre is located on Agrykola street.<\/p>\n\n\n\n<hr class=\"wp-block-separator has-alpha-channel-opacity\"\/>\n\n\n\n<p class=\"has-text-align-center\">CO-ORGANIZER OF THE EVENT<\/p>\n\n\n<div class=\"wp-block-image\">\n<figure class=\"aligncenter size-medium\"><a  href=\"https:\/\/operakrolewska.pl\/wp-content\/uploads\/2021\/01\/lk_logo_pion1.jpg\" data-rel=\"lightbox-gallery-0\" data-rl_title=\"\" data-rl_caption=\"\" title=\"\"><img loading=\"lazy\" decoding=\"async\" width=\"188\" height=\"300\" src=\"https:\/\/operakrolewska.pl\/wp-content\/uploads\/2021\/01\/lk_logo_pion1-188x300.jpg\" alt=\"\" class=\"wp-image-17765\" srcset=\"https:\/\/operakrolewska.pl\/wp-content\/uploads\/2021\/01\/lk_logo_pion1-188x300.jpg 188w, https:\/\/operakrolewska.pl\/wp-content\/uploads\/2021\/01\/lk_logo_pion1-643x1024.jpg 643w, https:\/\/operakrolewska.pl\/wp-content\/uploads\/2021\/01\/lk_logo_pion1.jpg 748w\" sizes=\"auto, (max-width: 188px) 100vw, 188px\" \/><\/a><\/figure><\/div>","protected":false},"excerpt":{"rendered":"<p>FREE ADMISSION The Polish Royal Opera is once again joining in the Night of Museums \u2013 a unique celebration of culture and art. On this special evening, the charming interior of the Old Orangery in Warsaw&#8217;s Royal \u0141azienki Park will be filled with diverse music performed by outstanding soloists of the Polish Royal Opera, accompanied [&hellip;]<\/p>\n","protected":false},"author":15,"featured_media":5222,"template":"","meta":{"_acf_changed":false,"_kad_blocks_custom_css":"","_kad_blocks_head_custom_js":"","_kad_blocks_body_custom_js":"","_kad_blocks_footer_custom_js":"","footnotes":""},"categories":[],"cykle":[],"sezon":[],"class_list":["post-36817","repetoire","type-repetoire","status-publish","has-post-thumbnail","hentry"],"acf":[],"yoast_head":"<!-- This site is optimized with the Yoast SEO plugin v26.2 - https:\/\/yoast.com\/wordpress\/plugins\/seo\/ -->\n<title>NIGHT OF MUSEUMS \/ CHAMBER CONCERTS - Polska Opera Kr&oacute;lewska<\/title>\n<meta name=\"robots\" content=\"index, follow, max-snippet:-1, max-image-preview:large, max-video-preview:-1\" \/>\n<link rel=\"canonical\" href=\"https:\/\/operakrolewska.pl\/en\/repetoire\/night-of-museums-chamber-concerts-3\/\" \/>\n<meta property=\"og:locale\" content=\"en_US\" \/>\n<meta property=\"og:type\" content=\"article\" \/>\n<meta property=\"og:title\" content=\"NIGHT OF MUSEUMS \/ CHAMBER CONCERTS - Polska Opera Kr&oacute;lewska\" \/>\n<meta property=\"og:description\" content=\"FREE ADMISSION The Polish Royal Opera is once again joining in the Night of Museums \u2013 a unique celebration of culture and art. On this special evening, the charming interior of the Old Orangery in Warsaw&#8217;s Royal \u0141azienki Park will be filled with diverse music performed by outstanding soloists of the Polish Royal Opera, accompanied [&hellip;]\" \/>\n<meta property=\"og:url\" content=\"https:\/\/operakrolewska.pl\/en\/repetoire\/night-of-museums-chamber-concerts-3\/\" \/>\n<meta property=\"og:site_name\" content=\"Polska Opera Kr&oacute;lewska\" \/>\n<meta property=\"article:publisher\" content=\"https:\/\/web.facebook.com\/PolskaOperaKrolewska\/\" \/>\n<meta property=\"article:modified_time\" content=\"2025-04-18T09:54:31+00:00\" \/>\n<meta property=\"og:image\" content=\"https:\/\/operakrolewska.pl\/wp-content\/uploads\/2018\/04\/noc_muzeow.jpg\" \/>\n\t<meta property=\"og:image:width\" content=\"864\" \/>\n\t<meta property=\"og:image:height\" content=\"490\" \/>\n\t<meta property=\"og:image:type\" content=\"image\/jpeg\" \/>\n<meta name=\"twitter:card\" content=\"summary_large_image\" \/>\n<meta name=\"twitter:label1\" content=\"Est. reading time\" \/>\n\t<meta name=\"twitter:data1\" content=\"5 minutes\" \/>\n<script type=\"application\/ld+json\" class=\"yoast-schema-graph\">{\"@context\":\"https:\/\/schema.org\",\"@graph\":[{\"@type\":\"WebPage\",\"@id\":\"https:\/\/operakrolewska.pl\/en\/repetoire\/night-of-museums-chamber-concerts-3\/\",\"url\":\"https:\/\/operakrolewska.pl\/en\/repetoire\/night-of-museums-chamber-concerts-3\/\",\"name\":\"NIGHT OF MUSEUMS \/ CHAMBER CONCERTS - Polska Opera Kr&oacute;lewska\",\"isPartOf\":{\"@id\":\"https:\/\/operakrolewska.pl\/#website\"},\"primaryImageOfPage\":{\"@id\":\"https:\/\/operakrolewska.pl\/en\/repetoire\/night-of-museums-chamber-concerts-3\/#primaryimage\"},\"image\":{\"@id\":\"https:\/\/operakrolewska.pl\/en\/repetoire\/night-of-museums-chamber-concerts-3\/#primaryimage\"},\"thumbnailUrl\":\"https:\/\/operakrolewska.pl\/wp-content\/uploads\/2018\/04\/noc_muzeow.jpg\",\"datePublished\":\"2025-04-17T10:50:55+00:00\",\"dateModified\":\"2025-04-18T09:54:31+00:00\",\"breadcrumb\":{\"@id\":\"https:\/\/operakrolewska.pl\/en\/repetoire\/night-of-museums-chamber-concerts-3\/#breadcrumb\"},\"inLanguage\":\"en-US\",\"potentialAction\":[{\"@type\":\"ReadAction\",\"target\":[\"https:\/\/operakrolewska.pl\/en\/repetoire\/night-of-museums-chamber-concerts-3\/\"]}]},{\"@type\":\"ImageObject\",\"inLanguage\":\"en-US\",\"@id\":\"https:\/\/operakrolewska.pl\/en\/repetoire\/night-of-museums-chamber-concerts-3\/#primaryimage\",\"url\":\"https:\/\/operakrolewska.pl\/wp-content\/uploads\/2018\/04\/noc_muzeow.jpg\",\"contentUrl\":\"https:\/\/operakrolewska.pl\/wp-content\/uploads\/2018\/04\/noc_muzeow.jpg\",\"width\":864,\"height\":490},{\"@type\":\"BreadcrumbList\",\"@id\":\"https:\/\/operakrolewska.pl\/en\/repetoire\/night-of-museums-chamber-concerts-3\/#breadcrumb\",\"itemListElement\":[{\"@type\":\"ListItem\",\"position\":1,\"name\":\"Strona g\u0142\u00f3wna\",\"item\":\"https:\/\/operakrolewska.pl\/en\/\"},{\"@type\":\"ListItem\",\"position\":2,\"name\":\"Repetoire\",\"item\":\"https:\/\/operakrolewska.pl\/repetoire\/\"},{\"@type\":\"ListItem\",\"position\":3,\"name\":\"NIGHT OF MUSEUMS \/ CHAMBER CONCERTS\"}]},{\"@type\":\"WebSite\",\"@id\":\"https:\/\/operakrolewska.pl\/#website\",\"url\":\"https:\/\/operakrolewska.pl\/\",\"name\":\"Polska Opera Kr&oacute;lewska\",\"description\":\"Polska Opera Kr&oacute;lewska\",\"publisher\":{\"@id\":\"https:\/\/operakrolewska.pl\/#organization\"},\"potentialAction\":[{\"@type\":\"SearchAction\",\"target\":{\"@type\":\"EntryPoint\",\"urlTemplate\":\"https:\/\/operakrolewska.pl\/?s={search_term_string}\"},\"query-input\":{\"@type\":\"PropertyValueSpecification\",\"valueRequired\":true,\"valueName\":\"search_term_string\"}}],\"inLanguage\":\"en-US\"},{\"@type\":\"Organization\",\"@id\":\"https:\/\/operakrolewska.pl\/#organization\",\"name\":\"Polska Opera Kr\u00f3lewska\",\"url\":\"https:\/\/operakrolewska.pl\/\",\"logo\":{\"@type\":\"ImageObject\",\"inLanguage\":\"en-US\",\"@id\":\"https:\/\/operakrolewska.pl\/#\/schema\/logo\/image\/\",\"url\":\"https:\/\/operakrolewska.pl\/wp-content\/uploads\/2017\/12\/logo-pok-czerwone_rgb-e1583499221374.jpg\",\"contentUrl\":\"https:\/\/operakrolewska.pl\/wp-content\/uploads\/2017\/12\/logo-pok-czerwone_rgb-e1583499221374.jpg\",\"width\":250,\"height\":108,\"caption\":\"Polska Opera Kr\u00f3lewska\"},\"image\":{\"@id\":\"https:\/\/operakrolewska.pl\/#\/schema\/logo\/image\/\"},\"sameAs\":[\"https:\/\/web.facebook.com\/PolskaOperaKrolewska\/\"]}]}<\/script>\n<!-- \/ Yoast SEO plugin. -->","yoast_head_json":{"title":"NIGHT OF MUSEUMS \/ CHAMBER CONCERTS - Polska Opera Kr&oacute;lewska","robots":{"index":"index","follow":"follow","max-snippet":"max-snippet:-1","max-image-preview":"max-image-preview:large","max-video-preview":"max-video-preview:-1"},"canonical":"https:\/\/operakrolewska.pl\/en\/repetoire\/night-of-museums-chamber-concerts-3\/","og_locale":"en_US","og_type":"article","og_title":"NIGHT OF MUSEUMS \/ CHAMBER CONCERTS - Polska Opera Kr&oacute;lewska","og_description":"FREE ADMISSION The Polish Royal Opera is once again joining in the Night of Museums \u2013 a unique celebration of culture and art. On this special evening, the charming interior of the Old Orangery in Warsaw&#8217;s Royal \u0141azienki Park will be filled with diverse music performed by outstanding soloists of the Polish Royal Opera, accompanied [&hellip;]","og_url":"https:\/\/operakrolewska.pl\/en\/repetoire\/night-of-museums-chamber-concerts-3\/","og_site_name":"Polska Opera Kr&oacute;lewska","article_publisher":"https:\/\/web.facebook.com\/PolskaOperaKrolewska\/","article_modified_time":"2025-04-18T09:54:31+00:00","og_image":[{"width":864,"height":490,"url":"https:\/\/operakrolewska.pl\/wp-content\/uploads\/2018\/04\/noc_muzeow.jpg","type":"image\/jpeg"}],"twitter_card":"summary_large_image","twitter_misc":{"Est. reading time":"5 minutes"},"schema":{"@context":"https:\/\/schema.org","@graph":[{"@type":"WebPage","@id":"https:\/\/operakrolewska.pl\/en\/repetoire\/night-of-museums-chamber-concerts-3\/","url":"https:\/\/operakrolewska.pl\/en\/repetoire\/night-of-museums-chamber-concerts-3\/","name":"NIGHT OF MUSEUMS \/ CHAMBER CONCERTS - Polska Opera Kr&oacute;lewska","isPartOf":{"@id":"https:\/\/operakrolewska.pl\/#website"},"primaryImageOfPage":{"@id":"https:\/\/operakrolewska.pl\/en\/repetoire\/night-of-museums-chamber-concerts-3\/#primaryimage"},"image":{"@id":"https:\/\/operakrolewska.pl\/en\/repetoire\/night-of-museums-chamber-concerts-3\/#primaryimage"},"thumbnailUrl":"https:\/\/operakrolewska.pl\/wp-content\/uploads\/2018\/04\/noc_muzeow.jpg","datePublished":"2025-04-17T10:50:55+00:00","dateModified":"2025-04-18T09:54:31+00:00","breadcrumb":{"@id":"https:\/\/operakrolewska.pl\/en\/repetoire\/night-of-museums-chamber-concerts-3\/#breadcrumb"},"inLanguage":"en-US","potentialAction":[{"@type":"ReadAction","target":["https:\/\/operakrolewska.pl\/en\/repetoire\/night-of-museums-chamber-concerts-3\/"]}]},{"@type":"ImageObject","inLanguage":"en-US","@id":"https:\/\/operakrolewska.pl\/en\/repetoire\/night-of-museums-chamber-concerts-3\/#primaryimage","url":"https:\/\/operakrolewska.pl\/wp-content\/uploads\/2018\/04\/noc_muzeow.jpg","contentUrl":"https:\/\/operakrolewska.pl\/wp-content\/uploads\/2018\/04\/noc_muzeow.jpg","width":864,"height":490},{"@type":"BreadcrumbList","@id":"https:\/\/operakrolewska.pl\/en\/repetoire\/night-of-museums-chamber-concerts-3\/#breadcrumb","itemListElement":[{"@type":"ListItem","position":1,"name":"Strona g\u0142\u00f3wna","item":"https:\/\/operakrolewska.pl\/en\/"},{"@type":"ListItem","position":2,"name":"Repetoire","item":"https:\/\/operakrolewska.pl\/repetoire\/"},{"@type":"ListItem","position":3,"name":"NIGHT OF MUSEUMS \/ CHAMBER CONCERTS"}]},{"@type":"WebSite","@id":"https:\/\/operakrolewska.pl\/#website","url":"https:\/\/operakrolewska.pl\/","name":"Polska Opera Kr&oacute;lewska","description":"Polska Opera Kr&oacute;lewska","publisher":{"@id":"https:\/\/operakrolewska.pl\/#organization"},"potentialAction":[{"@type":"SearchAction","target":{"@type":"EntryPoint","urlTemplate":"https:\/\/operakrolewska.pl\/?s={search_term_string}"},"query-input":{"@type":"PropertyValueSpecification","valueRequired":true,"valueName":"search_term_string"}}],"inLanguage":"en-US"},{"@type":"Organization","@id":"https:\/\/operakrolewska.pl\/#organization","name":"Polska Opera Kr\u00f3lewska","url":"https:\/\/operakrolewska.pl\/","logo":{"@type":"ImageObject","inLanguage":"en-US","@id":"https:\/\/operakrolewska.pl\/#\/schema\/logo\/image\/","url":"https:\/\/operakrolewska.pl\/wp-content\/uploads\/2017\/12\/logo-pok-czerwone_rgb-e1583499221374.jpg","contentUrl":"https:\/\/operakrolewska.pl\/wp-content\/uploads\/2017\/12\/logo-pok-czerwone_rgb-e1583499221374.jpg","width":250,"height":108,"caption":"Polska Opera Kr\u00f3lewska"},"image":{"@id":"https:\/\/operakrolewska.pl\/#\/schema\/logo\/image\/"},"sameAs":["https:\/\/web.facebook.com\/PolskaOperaKrolewska\/"]}]}},"taxonomy_info":[],"featured_image_src_large":["https:\/\/operakrolewska.pl\/wp-content\/uploads\/2018\/04\/noc_muzeow.jpg",640,363,false],"author_info":{"display_name":"malgorzata.wasniewska@operakrolewska.pl","author_link":"https:\/\/operakrolewska.pl\/en\/author\/malgorzata-wasniewskaoperakrolewska-pl\/"},"comment_info":"","_links":{"self":[{"href":"https:\/\/operakrolewska.pl\/en\/wp-json\/wp\/v2\/repetoire\/36817","targetHints":{"allow":["GET"]}}],"collection":[{"href":"https:\/\/operakrolewska.pl\/en\/wp-json\/wp\/v2\/repetoire"}],"about":[{"href":"https:\/\/operakrolewska.pl\/en\/wp-json\/wp\/v2\/types\/repetoire"}],"author":[{"embeddable":true,"href":"https:\/\/operakrolewska.pl\/en\/wp-json\/wp\/v2\/users\/15"}],"version-history":[{"count":5,"href":"https:\/\/operakrolewska.pl\/en\/wp-json\/wp\/v2\/repetoire\/36817\/revisions"}],"predecessor-version":[{"id":37814,"href":"https:\/\/operakrolewska.pl\/en\/wp-json\/wp\/v2\/repetoire\/36817\/revisions\/37814"}],"wp:featuredmedia":[{"embeddable":true,"href":"https:\/\/operakrolewska.pl\/en\/wp-json\/wp\/v2\/media\/5222"}],"wp:attachment":[{"href":"https:\/\/operakrolewska.pl\/en\/wp-json\/wp\/v2\/media?parent=36817"}],"wp:term":[{"taxonomy":"category","embeddable":true,"href":"https:\/\/operakrolewska.pl\/en\/wp-json\/wp\/v2\/categories?post=36817"},{"taxonomy":"cykle","embeddable":true,"href":"https:\/\/operakrolewska.pl\/en\/wp-json\/wp\/v2\/cykle?post=36817"},{"taxonomy":"sezon","embeddable":true,"href":"https:\/\/operakrolewska.pl\/en\/wp-json\/wp\/v2\/sezon?post=36817"}],"curies":[{"name":"wp","href":"https:\/\/api.w.org\/{rel}","templated":true}]}}