{"id":31140,"date":"2024-04-19T08:00:00","date_gmt":"2024-04-19T06:00:00","guid":{"rendered":"https:\/\/operakrolewska.pl\/?post_type=repetoire&#038;p=31140"},"modified":"2024-04-25T14:45:30","modified_gmt":"2024-04-25T12:45:30","slug":"moniuszko-gala-of-the-polish-royal-opera","status":"publish","type":"repetoire","link":"https:\/\/operakrolewska.pl\/en\/repetoire\/moniuszko-gala-of-the-polish-royal-opera\/","title":{"rendered":"MONIUSZKO GALA OF THE POLISH ROYAL OPERA \/ CONCERT FOR THE 20TH ANNIVERSARY OF POLAND&#8217;S ACCESSION TO THE EUROPEAN UNION"},"content":{"rendered":"\n<p><strong>FREE ADMISSION<\/strong><\/p>\n\n\n\n<p>Free entry tickets are available on the website of <a href=\"https:\/\/bilety.lazienki-krolewskie.pl\/rezerwacja\/wydarzenie.html?idl=0&amp;idg=0&amp;lang=en\">the Royal \u0141azienki Museum<\/a>.<\/p>\n\n\n\n<div style=\"height:70px\" aria-hidden=\"true\" class=\"wp-block-spacer\"><\/div>\n\n\n\n<p>Among the fully preserved opera works composed by Stanis\u0142aw Moniuszko, two played a special role in shaping Polish national identity &#8211;<em> Halka<\/em> and <em>Straszny dw\u00f3r<\/em>. Their high artistic level is equal to that of the achievements of foreign artists, both in terms of shaping captivating vocal parts and using the expressive possibilities of the orchestra. At the same time, the composer weaves in familiar native elements into the musical narrative &#8211; either by including polonaise and mazurka rhythms, folk songs, and highlander dances or by taking on current (and universal) socio-political issues.<\/p>\n\n\n\n<p>Stanis\u0142aw Moniuszko was born in the Russian partition &#8211; in Ubiel near Minsk, and educated in Berlin. After settling in Vilnius, he engaged in popularizing musical culture among his compatriots. He gave music lessons, and by publishing subsequent issues of the &#8220;Home Songbook&#8221;, he celebrated and popularized outstanding Polish poetry. He wrote songs of varying difficulty, intended for home music making, yet at the same time, he dreamed of opera, which ultimately brought him to Warsaw. There, in 1858, the audience was won over by the four-act <em>Halka<\/em>, and, in 1865, by <em>The Haunted Manor<\/em>, which was banned by Russian censorship after only three performances. The most famous fragments from these two works will fill the concert program, with which the Polish Royal Opera celebrates the 20th anniversary of Poland&#8217;s accession to the European Union, which falls just a few days before the 205th anniversary of the composer&#8217;s birth.<\/p>\n\n\n\n<div style=\"height:70px\" aria-hidden=\"true\" class=\"wp-block-spacer\"><\/div>\n\n\n\n<h4 class=\"wp-block-heading has-text-align-center\">PROGRAM<\/h4>\n\n\n\n<p class=\"has-text-align-center\">The Polish Anthem<\/p>\n\n\n\n<p class=\"has-text-align-center\"><strong>Stanis\u0142aw Moniuszko <\/strong><br><em>Halka<\/em> \u2013 Ouverture<br><em>The Haunted Manor<\/em> \u2013 aria (Cze\u015bnikowa) <em>Z tej strony Powi\u015bla<\/em><br><em>Halka<\/em> \u2013 aria (Jontek) <em>Szumi\u0105 jod\u0142y na g\u00f3r szczycie<\/em><br><em>Halka<\/em> \u2013 recitativo and aria (Halka) <em>Ha, dzieci\u0105tko nam umiera<\/em><br><em>Halka<\/em> \u2013 aria (Jontek) <em>I ty mu wierzysz\u2026<\/em><br><em><em>The Haunted Manor<\/em><\/em> \u2013 recitativo and aria (Stefan) <em>Cisza doko\u0142a\u2026<\/em><br><em>The Haunted Manor<\/em> \u2013 aria (Hanna) <em>Do grobu trwa\u0107 w bez\u017cennym stanie<\/em><br><em>The Haunted Manor<\/em> \u2013 aria (Sko\u0142uba) <em>Ten zegar stary<\/em><br><em><em>The Haunted Manor<\/em><\/em> \u2013 dumka (Jadwiga) <em>Biegnie s\u0142ucha\u0107 w lasy, w knieje<\/em><br><em>Halka<\/em> \u2013 aria (Halka) <em>Gdyby rannym s\u0142onkiem<\/em><br><em>The Haunted Manor<\/em> \u2013 aria (Miecznik) <em>Kto z mych dziewek<\/em><\/p>\n\n\n\n<p class=\"has-text-align-center\">The Anthem of the European Union<\/p>\n\n\n\n<div style=\"height:70px\" aria-hidden=\"true\" class=\"wp-block-spacer\"><\/div>\n\n\n\n<h4 class=\"wp-block-heading has-text-align-center\">PERFORMERS<\/h4>\n\n\n\n<p class=\"has-text-align-center\"><strong><a href=\"https:\/\/operakrolewska.pl\/en\/artysci\/gabriela-kaminska\/\">GABRIELA KAMI\u0143SKA<\/a><\/strong> SOPRANO (HANNA, HALKA)<br><strong><a href=\"https:\/\/operakrolewska.pl\/en\/artysci\/aneta-lukaszewicz\/\">ANETA \u0141UKASZEWICZ<\/a><\/strong> MEZZOSOPRANO (CZE\u015aNIKOWA, JADWIGA)<br><strong><a href=\"https:\/\/operakrolewska.pl\/en\/artysci\/mateusz-zajdel\/\">MATEUSZ ZAJDEL<\/a><\/strong> TENOR (STEFAN, JONTEK)<br><strong><a href=\"https:\/\/operakrolewska.pl\/en\/artysci\/witold-zoladkiewicz\/\">WITOLD \u017bO\u0141\u0104DKIEWICZ<\/a><\/strong> BARITONE (MIECZNIK, JONTEK)<br><strong><a href=\"https:\/\/operakrolewska.pl\/en\/artysci\/slawomir-jurczak\/\">S\u0141AWOMIR JURCZAK<\/a><\/strong> BASS (SKO\u0141UBA)<\/p>\n\n\n\n<p class=\"has-text-align-center\"><a href=\"https:\/\/operakrolewska.pl\/en\/the-orchestra-of-the-polish-royal-opera\/\"><strong>THE ORCHESTRA OF THE POLISH ROYAL OPERA<\/strong><\/a><\/p>\n\n\n\n<p class=\"has-text-align-center\"><strong><a href=\"https:\/\/operakrolewska.pl\/en\/artysci\/karol-szwech\/\">KAROL SZWECH<\/a><\/strong> CONDUCTOR<\/p>\n\n\n\n<div style=\"height:70px\" aria-hidden=\"true\" class=\"wp-block-spacer\"><\/div>\n\n\n\n<hr class=\"wp-block-separator has-alpha-channel-opacity\"\/>\n\n\n\n<h5 class=\"wp-block-heading\">The concert is part of the event &#8220;May Holiday in the Royal \u0141azienki Park&#8221;.<\/h5>\n\n\n\n<h5 class=\"wp-block-heading\">Duration: approx. 60 min<\/h5>\n\n\n\n<h5 class=\"wp-block-heading\">The seats in the auditorium are not numbered.<\/h5>\n\n\n\n<h5 class=\"wp-block-heading\"><strong>NOTE: <\/strong>The entrance to the Royal Theatre is located in Agrykola street<strong>.<\/strong><\/h5>\n","protected":false},"excerpt":{"rendered":"<p>FREE ADMISSION Free entry tickets are available on the website of the Royal \u0141azienki Museum. Among the fully preserved opera works composed by Stanis\u0142aw Moniuszko, two played a special role in shaping Polish national identity &#8211; Halka and Straszny dw\u00f3r. Their high artistic level is equal to that of the achievements of foreign artists, both [&hellip;]<\/p>\n","protected":false},"author":15,"featured_media":31097,"template":"","meta":{"_acf_changed":false,"_kad_blocks_custom_css":"","_kad_blocks_head_custom_js":"","_kad_blocks_body_custom_js":"","_kad_blocks_footer_custom_js":"","footnotes":""},"categories":[1],"cykle":[],"sezon":[64],"class_list":["post-31140","repetoire","type-repetoire","status-publish","has-post-thumbnail","hentry","category-bez-kategorii","sezon-2023-2024-en"],"acf":[],"yoast_head":"<!-- This site is optimized with the Yoast SEO plugin v26.2 - https:\/\/yoast.com\/wordpress\/plugins\/seo\/ -->\n<title>MONIUSZKO GALA OF THE POLISH ROYAL OPERA \/ CONCERT FOR THE 20TH ANNIVERSARY OF POLAND&#039;S ACCESSION TO THE EUROPEAN UNION - Polska Opera Kr&oacute;lewska<\/title>\n<meta name=\"robots\" content=\"index, follow, max-snippet:-1, max-image-preview:large, max-video-preview:-1\" \/>\n<link rel=\"canonical\" href=\"https:\/\/operakrolewska.pl\/en\/repetoire\/moniuszko-gala-of-the-polish-royal-opera\/\" \/>\n<meta property=\"og:locale\" content=\"en_US\" \/>\n<meta property=\"og:type\" content=\"article\" \/>\n<meta property=\"og:title\" content=\"MONIUSZKO GALA OF THE POLISH ROYAL OPERA \/ CONCERT FOR THE 20TH ANNIVERSARY OF POLAND&#039;S ACCESSION TO THE EUROPEAN UNION - Polska Opera Kr&oacute;lewska\" \/>\n<meta property=\"og:description\" content=\"FREE ADMISSION Free entry tickets are available on the website of the Royal \u0141azienki Museum. Among the fully preserved opera works composed by Stanis\u0142aw Moniuszko, two played a special role in shaping Polish national identity &#8211; Halka and Straszny dw\u00f3r. Their high artistic level is equal to that of the achievements of foreign artists, both [&hellip;]\" \/>\n<meta property=\"og:url\" content=\"https:\/\/operakrolewska.pl\/en\/repetoire\/moniuszko-gala-of-the-polish-royal-opera\/\" \/>\n<meta property=\"og:site_name\" content=\"Polska Opera Kr&oacute;lewska\" \/>\n<meta property=\"article:publisher\" content=\"https:\/\/web.facebook.com\/PolskaOperaKrolewska\/\" \/>\n<meta property=\"article:modified_time\" content=\"2024-04-25T12:45:30+00:00\" \/>\n<meta property=\"og:image\" content=\"https:\/\/operakrolewska.pl\/wp-content\/uploads\/2024\/03\/gala-moniuszkowska.jpg\" \/>\n\t<meta property=\"og:image:width\" content=\"860\" \/>\n\t<meta property=\"og:image:height\" content=\"485\" \/>\n\t<meta property=\"og:image:type\" content=\"image\/jpeg\" \/>\n<meta name=\"twitter:card\" content=\"summary_large_image\" \/>\n<meta name=\"twitter:label1\" content=\"Est. reading time\" \/>\n\t<meta name=\"twitter:data1\" content=\"3 minutes\" \/>\n<script type=\"application\/ld+json\" class=\"yoast-schema-graph\">{\"@context\":\"https:\/\/schema.org\",\"@graph\":[{\"@type\":\"WebPage\",\"@id\":\"https:\/\/operakrolewska.pl\/en\/repetoire\/moniuszko-gala-of-the-polish-royal-opera\/\",\"url\":\"https:\/\/operakrolewska.pl\/en\/repetoire\/moniuszko-gala-of-the-polish-royal-opera\/\",\"name\":\"MONIUSZKO GALA OF THE POLISH ROYAL OPERA \/ CONCERT FOR THE 20TH ANNIVERSARY OF POLAND'S ACCESSION TO THE EUROPEAN UNION - Polska Opera Kr&oacute;lewska\",\"isPartOf\":{\"@id\":\"https:\/\/operakrolewska.pl\/#website\"},\"primaryImageOfPage\":{\"@id\":\"https:\/\/operakrolewska.pl\/en\/repetoire\/moniuszko-gala-of-the-polish-royal-opera\/#primaryimage\"},\"image\":{\"@id\":\"https:\/\/operakrolewska.pl\/en\/repetoire\/moniuszko-gala-of-the-polish-royal-opera\/#primaryimage\"},\"thumbnailUrl\":\"https:\/\/operakrolewska.pl\/wp-content\/uploads\/2024\/03\/gala-moniuszkowska.jpg\",\"datePublished\":\"2024-04-19T06:00:00+00:00\",\"dateModified\":\"2024-04-25T12:45:30+00:00\",\"breadcrumb\":{\"@id\":\"https:\/\/operakrolewska.pl\/en\/repetoire\/moniuszko-gala-of-the-polish-royal-opera\/#breadcrumb\"},\"inLanguage\":\"en-US\",\"potentialAction\":[{\"@type\":\"ReadAction\",\"target\":[\"https:\/\/operakrolewska.pl\/en\/repetoire\/moniuszko-gala-of-the-polish-royal-opera\/\"]}]},{\"@type\":\"ImageObject\",\"inLanguage\":\"en-US\",\"@id\":\"https:\/\/operakrolewska.pl\/en\/repetoire\/moniuszko-gala-of-the-polish-royal-opera\/#primaryimage\",\"url\":\"https:\/\/operakrolewska.pl\/wp-content\/uploads\/2024\/03\/gala-moniuszkowska.jpg\",\"contentUrl\":\"https:\/\/operakrolewska.pl\/wp-content\/uploads\/2024\/03\/gala-moniuszkowska.jpg\",\"width\":860,\"height\":485},{\"@type\":\"BreadcrumbList\",\"@id\":\"https:\/\/operakrolewska.pl\/en\/repetoire\/moniuszko-gala-of-the-polish-royal-opera\/#breadcrumb\",\"itemListElement\":[{\"@type\":\"ListItem\",\"position\":1,\"name\":\"Strona g\u0142\u00f3wna\",\"item\":\"https:\/\/operakrolewska.pl\/en\/\"},{\"@type\":\"ListItem\",\"position\":2,\"name\":\"Repetoire\",\"item\":\"https:\/\/operakrolewska.pl\/repetoire\/\"},{\"@type\":\"ListItem\",\"position\":3,\"name\":\"MONIUSZKO GALA OF THE POLISH ROYAL OPERA \/ CONCERT FOR THE 20TH ANNIVERSARY OF POLAND&#8217;S ACCESSION TO THE EUROPEAN UNION\"}]},{\"@type\":\"WebSite\",\"@id\":\"https:\/\/operakrolewska.pl\/#website\",\"url\":\"https:\/\/operakrolewska.pl\/\",\"name\":\"Polska Opera Kr&oacute;lewska\",\"description\":\"Polska Opera Kr&oacute;lewska\",\"publisher\":{\"@id\":\"https:\/\/operakrolewska.pl\/#organization\"},\"potentialAction\":[{\"@type\":\"SearchAction\",\"target\":{\"@type\":\"EntryPoint\",\"urlTemplate\":\"https:\/\/operakrolewska.pl\/?s={search_term_string}\"},\"query-input\":{\"@type\":\"PropertyValueSpecification\",\"valueRequired\":true,\"valueName\":\"search_term_string\"}}],\"inLanguage\":\"en-US\"},{\"@type\":\"Organization\",\"@id\":\"https:\/\/operakrolewska.pl\/#organization\",\"name\":\"Polska Opera Kr\u00f3lewska\",\"url\":\"https:\/\/operakrolewska.pl\/\",\"logo\":{\"@type\":\"ImageObject\",\"inLanguage\":\"en-US\",\"@id\":\"https:\/\/operakrolewska.pl\/#\/schema\/logo\/image\/\",\"url\":\"https:\/\/operakrolewska.pl\/wp-content\/uploads\/2017\/12\/logo-pok-czerwone_rgb-e1583499221374.jpg\",\"contentUrl\":\"https:\/\/operakrolewska.pl\/wp-content\/uploads\/2017\/12\/logo-pok-czerwone_rgb-e1583499221374.jpg\",\"width\":250,\"height\":108,\"caption\":\"Polska Opera Kr\u00f3lewska\"},\"image\":{\"@id\":\"https:\/\/operakrolewska.pl\/#\/schema\/logo\/image\/\"},\"sameAs\":[\"https:\/\/web.facebook.com\/PolskaOperaKrolewska\/\"]}]}<\/script>\n<!-- \/ Yoast SEO plugin. -->","yoast_head_json":{"title":"MONIUSZKO GALA OF THE POLISH ROYAL OPERA \/ CONCERT FOR THE 20TH ANNIVERSARY OF POLAND'S ACCESSION TO THE EUROPEAN UNION - Polska Opera Kr&oacute;lewska","robots":{"index":"index","follow":"follow","max-snippet":"max-snippet:-1","max-image-preview":"max-image-preview:large","max-video-preview":"max-video-preview:-1"},"canonical":"https:\/\/operakrolewska.pl\/en\/repetoire\/moniuszko-gala-of-the-polish-royal-opera\/","og_locale":"en_US","og_type":"article","og_title":"MONIUSZKO GALA OF THE POLISH ROYAL OPERA \/ CONCERT FOR THE 20TH ANNIVERSARY OF POLAND'S ACCESSION TO THE EUROPEAN UNION - Polska Opera Kr&oacute;lewska","og_description":"FREE ADMISSION Free entry tickets are available on the website of the Royal \u0141azienki Museum. Among the fully preserved opera works composed by Stanis\u0142aw Moniuszko, two played a special role in shaping Polish national identity &#8211; Halka and Straszny dw\u00f3r. Their high artistic level is equal to that of the achievements of foreign artists, both [&hellip;]","og_url":"https:\/\/operakrolewska.pl\/en\/repetoire\/moniuszko-gala-of-the-polish-royal-opera\/","og_site_name":"Polska Opera Kr&oacute;lewska","article_publisher":"https:\/\/web.facebook.com\/PolskaOperaKrolewska\/","article_modified_time":"2024-04-25T12:45:30+00:00","og_image":[{"width":860,"height":485,"url":"https:\/\/operakrolewska.pl\/wp-content\/uploads\/2024\/03\/gala-moniuszkowska.jpg","type":"image\/jpeg"}],"twitter_card":"summary_large_image","twitter_misc":{"Est. reading time":"3 minutes"},"schema":{"@context":"https:\/\/schema.org","@graph":[{"@type":"WebPage","@id":"https:\/\/operakrolewska.pl\/en\/repetoire\/moniuszko-gala-of-the-polish-royal-opera\/","url":"https:\/\/operakrolewska.pl\/en\/repetoire\/moniuszko-gala-of-the-polish-royal-opera\/","name":"MONIUSZKO GALA OF THE POLISH ROYAL OPERA \/ CONCERT FOR THE 20TH ANNIVERSARY OF POLAND'S ACCESSION TO THE EUROPEAN UNION - Polska Opera Kr&oacute;lewska","isPartOf":{"@id":"https:\/\/operakrolewska.pl\/#website"},"primaryImageOfPage":{"@id":"https:\/\/operakrolewska.pl\/en\/repetoire\/moniuszko-gala-of-the-polish-royal-opera\/#primaryimage"},"image":{"@id":"https:\/\/operakrolewska.pl\/en\/repetoire\/moniuszko-gala-of-the-polish-royal-opera\/#primaryimage"},"thumbnailUrl":"https:\/\/operakrolewska.pl\/wp-content\/uploads\/2024\/03\/gala-moniuszkowska.jpg","datePublished":"2024-04-19T06:00:00+00:00","dateModified":"2024-04-25T12:45:30+00:00","breadcrumb":{"@id":"https:\/\/operakrolewska.pl\/en\/repetoire\/moniuszko-gala-of-the-polish-royal-opera\/#breadcrumb"},"inLanguage":"en-US","potentialAction":[{"@type":"ReadAction","target":["https:\/\/operakrolewska.pl\/en\/repetoire\/moniuszko-gala-of-the-polish-royal-opera\/"]}]},{"@type":"ImageObject","inLanguage":"en-US","@id":"https:\/\/operakrolewska.pl\/en\/repetoire\/moniuszko-gala-of-the-polish-royal-opera\/#primaryimage","url":"https:\/\/operakrolewska.pl\/wp-content\/uploads\/2024\/03\/gala-moniuszkowska.jpg","contentUrl":"https:\/\/operakrolewska.pl\/wp-content\/uploads\/2024\/03\/gala-moniuszkowska.jpg","width":860,"height":485},{"@type":"BreadcrumbList","@id":"https:\/\/operakrolewska.pl\/en\/repetoire\/moniuszko-gala-of-the-polish-royal-opera\/#breadcrumb","itemListElement":[{"@type":"ListItem","position":1,"name":"Strona g\u0142\u00f3wna","item":"https:\/\/operakrolewska.pl\/en\/"},{"@type":"ListItem","position":2,"name":"Repetoire","item":"https:\/\/operakrolewska.pl\/repetoire\/"},{"@type":"ListItem","position":3,"name":"MONIUSZKO GALA OF THE POLISH ROYAL OPERA \/ CONCERT FOR THE 20TH ANNIVERSARY OF POLAND&#8217;S ACCESSION TO THE EUROPEAN UNION"}]},{"@type":"WebSite","@id":"https:\/\/operakrolewska.pl\/#website","url":"https:\/\/operakrolewska.pl\/","name":"Polska Opera Kr&oacute;lewska","description":"Polska Opera Kr&oacute;lewska","publisher":{"@id":"https:\/\/operakrolewska.pl\/#organization"},"potentialAction":[{"@type":"SearchAction","target":{"@type":"EntryPoint","urlTemplate":"https:\/\/operakrolewska.pl\/?s={search_term_string}"},"query-input":{"@type":"PropertyValueSpecification","valueRequired":true,"valueName":"search_term_string"}}],"inLanguage":"en-US"},{"@type":"Organization","@id":"https:\/\/operakrolewska.pl\/#organization","name":"Polska Opera Kr\u00f3lewska","url":"https:\/\/operakrolewska.pl\/","logo":{"@type":"ImageObject","inLanguage":"en-US","@id":"https:\/\/operakrolewska.pl\/#\/schema\/logo\/image\/","url":"https:\/\/operakrolewska.pl\/wp-content\/uploads\/2017\/12\/logo-pok-czerwone_rgb-e1583499221374.jpg","contentUrl":"https:\/\/operakrolewska.pl\/wp-content\/uploads\/2017\/12\/logo-pok-czerwone_rgb-e1583499221374.jpg","width":250,"height":108,"caption":"Polska Opera Kr\u00f3lewska"},"image":{"@id":"https:\/\/operakrolewska.pl\/#\/schema\/logo\/image\/"},"sameAs":["https:\/\/web.facebook.com\/PolskaOperaKrolewska\/"]}]}},"taxonomy_info":{"category":[{"value":1,"label":"Bez kategorii"}],"sezon":[{"value":64,"label":"2023\/2024"}]},"featured_image_src_large":["https:\/\/operakrolewska.pl\/wp-content\/uploads\/2024\/03\/gala-moniuszkowska.jpg",640,361,false],"author_info":{"display_name":"malgorzata.wasniewska@operakrolewska.pl","author_link":"https:\/\/operakrolewska.pl\/en\/author\/malgorzata-wasniewskaoperakrolewska-pl\/"},"comment_info":"","_links":{"self":[{"href":"https:\/\/operakrolewska.pl\/en\/wp-json\/wp\/v2\/repetoire\/31140","targetHints":{"allow":["GET"]}}],"collection":[{"href":"https:\/\/operakrolewska.pl\/en\/wp-json\/wp\/v2\/repetoire"}],"about":[{"href":"https:\/\/operakrolewska.pl\/en\/wp-json\/wp\/v2\/types\/repetoire"}],"author":[{"embeddable":true,"href":"https:\/\/operakrolewska.pl\/en\/wp-json\/wp\/v2\/users\/15"}],"version-history":[{"count":6,"href":"https:\/\/operakrolewska.pl\/en\/wp-json\/wp\/v2\/repetoire\/31140\/revisions"}],"predecessor-version":[{"id":31846,"href":"https:\/\/operakrolewska.pl\/en\/wp-json\/wp\/v2\/repetoire\/31140\/revisions\/31846"}],"wp:featuredmedia":[{"embeddable":true,"href":"https:\/\/operakrolewska.pl\/en\/wp-json\/wp\/v2\/media\/31097"}],"wp:attachment":[{"href":"https:\/\/operakrolewska.pl\/en\/wp-json\/wp\/v2\/media?parent=31140"}],"wp:term":[{"taxonomy":"category","embeddable":true,"href":"https:\/\/operakrolewska.pl\/en\/wp-json\/wp\/v2\/categories?post=31140"},{"taxonomy":"cykle","embeddable":true,"href":"https:\/\/operakrolewska.pl\/en\/wp-json\/wp\/v2\/cykle?post=31140"},{"taxonomy":"sezon","embeddable":true,"href":"https:\/\/operakrolewska.pl\/en\/wp-json\/wp\/v2\/sezon?post=31140"}],"curies":[{"name":"wp","href":"https:\/\/api.w.org\/{rel}","templated":true}]}}