{"id":20428,"date":"2021-09-27T11:28:10","date_gmt":"2021-09-27T09:28:10","guid":{"rendered":"https:\/\/operakrolewska.pl\/?post_type=repetoire&#038;p=20428"},"modified":"2021-10-22T12:12:13","modified_gmt":"2021-10-22T10:12:13","slug":"karol-mikuli-monographic-concert","status":"publish","type":"repetoire","link":"https:\/\/operakrolewska.pl\/en\/repetoire\/karol-mikuli-monographic-concert\/","title":{"rendered":"KAROL MIKULI \/ MONOGRAPHIC CONCERT"},"content":{"rendered":"<p><strong>A concert celebrating the bicentenary of the birth of Karol Mikuli.<\/strong><\/p>\n<p>&nbsp;<\/p>\n<p style=\"text-align: justify;\">The wide range of interests and professional activities of Karol Mikuli (1821-1897) distinguish this prominent figure among the nineteenth-century creators of Polish musical culture. Coming from an Armenian family, the hero of the concert gained fame and recognition not only as a pianist and composer but also as an excellent teacher and a tireless organizer of musical life in Lviv.<\/p>\n<p style=\"text-align: justify;\">In his vocal work &#8211; unlike, for example, in the work of Stanis\u0142aw Moniuszko, who was active in the same period &#8211; one will not find characteristic &#8220;Polish&#8221; elements, allusions to folk music or the use of texts by national poets. Mikuli models his compositions on the German singing tradition, inspired by the masters of romantic poetry &#8211; the works of Franz Schubert and Robert Schumann, Felix Mendelssohn, and Johannes Brahms, imitating the delightful sounds of nature on the one hand, and on the other hand sorrowfully reflecting on personal experiences. These themes are perfectly reflected in the concert program &#8211; songs from Op. 16 and 17 and the cycle op. 27 with a much more individual character. The whole will end with the thought-provoking cantata <em>Die Reue<\/em> (&#8216;Sorrow&#8217;) from 1880 in its original version for baritone and string orchestra, which until recently was considered lost.<\/p>\n<p style=\"text-align: justify;\">Although during Karol Mikuli&#8217;s lifetime his works were printed by the most eminent publishers in Paris, Leipzig, and Kyiv, today they are not widely known. The 200<sup>th<\/sup> anniversary of the composer&#8217;s birth is an excellent occasion to recall his interesting and unjustly forgotten works for solo voice with instrumental accompaniment, which will be performed by the artists of the Polish Royal Opera.<\/p>\n<p>&nbsp;<\/p>\n<h4 style=\"text-align: center;\"><strong>PROGRAM<\/strong><\/h4>\n<p style=\"text-align: center;\"><strong>Karol Mikuli (1821-1897)<\/strong><\/p>\n<p style=\"text-align: center;\">Six songs op. 16<br \/>\n<span style=\"font-size: 10pt;\">1. <em>Mondnacht<\/em> (text Joseph von Eichendorff)<\/span><br \/>\n<span style=\"font-size: 10pt;\">2. <em>Abschied<\/em> (text Joseph Christian von Zedlitz)<\/span><br \/>\n<span style=\"font-size: 10pt;\">3. <em>Metamorphosen<\/em> (text Robert Burns)<\/span><br \/>\n<span style=\"font-size: 10pt;\">4. <em>Elfenreigen<\/em> (text Friedrich von Mathisson)<\/span><br \/>\n<span style=\"font-size: 10pt;\">5. <em>O Tannenbaum<\/em> (text Ludwig Uhland)<\/span><br \/>\n<span style=\"font-size: 10pt;\">6. <em>Der Pilger<\/em> (text Joseph Eichendorf)<\/span><\/p>\n<p style=\"text-align: center;\">Seven songs op. 27<br \/>\n<span style=\"font-size: 10pt;\">1. <em>Es muss was Wunderbares sein<\/em> (text Oscar von Redwitz-Schm\u00f6lz)<\/span><br \/>\n<span style=\"font-size: 10pt;\">2. <em>Ich wollt\u2019 meine Schmerzen erg\u00f6ssen sich<\/em> (text Heinrich Heine)<\/span><br \/>\n<span style=\"font-size: 10pt;\">3. <em>Das Veilchen<\/em> (text Hoffmann von Fallersleben)<\/span><br \/>\n<span style=\"font-size: 10pt;\">4. <em>Wandrer\u2019s Nachtlied<\/em> (text Johann Wolfgang von Goethe)<\/span><br \/>\n<span style=\"font-size: 10pt;\">5. <em>Du bist mein Fr\u00fchling<\/em> (text Hoffmann von Fallersleben)<\/span><br \/>\n<span style=\"font-size: 10pt;\">6. <em>Sehnsucht<\/em> (text Joseph Christian von Zedlitz)<\/span><br \/>\n<span style=\"font-size: 10pt;\">7. <em>Barcarole<\/em> (text Joseph Christian von Zedlitz)<\/span><\/p>\n<p style=\"text-align: center;\">Six songs op. 17<br \/>\n<span style=\"font-size: 10pt;\">1. <em>Zur Freude will sich nicht gestalten<\/em> (text Hoffmann von Fallersleben)<\/span><br \/>\n<span style=\"font-size: 10pt;\">2. <em>Der Fichtenbaum<\/em> (text Heinrich Heine)<\/span><br \/>\n<span style=\"font-size: 10pt;\">3. <em>Eine Blum\u2019 ist mir entsprungen<\/em> (text Hoffmann von Fallersleben)<\/span><br \/>\n<span style=\"font-size: 10pt;\">4. <em>Die Wasserrose<\/em> (text Emanuel Geibel)<\/span><br \/>\n<span style=\"font-size: 10pt;\">5. <em>Mir ist so ernst und feierlich<\/em> (text Hoffmann von Fallersleben)<\/span><br \/>\n<span style=\"font-size: 10pt;\">6. <em>Rastlose Liebe<\/em> (text Johann Wolfgang von Goethe)<\/span><\/p>\n<p style=\"text-align: center;\"><em>Die Reue<\/em> \u2013 cantata for baritone and string orchestra op. 30 (text Emanuel Geibel)<\/p>\n<p>&nbsp;<\/p>\n<h4 style=\"text-align: center;\"><strong>PERFORMERS<\/strong><\/h4>\n<p style=\"text-align: center;\"><a href=\"https:\/\/operakrolewska.pl\/en\/artysci\/dorota-lachowicz\/\"><strong>DOROTA LACHOWICZ<\/strong><\/a> MEZZOSOPRANO<br \/>\n<a href=\"https:\/\/operakrolewska.pl\/en\/artysci\/witold-zoladkiewicz\/\"><strong>WITOLD \u017bO\u0141\u0104DKIEWICZ<\/strong><\/a> BARITONE<br \/>\n<strong>GABRIELA MACHOWSKA<\/strong> GRAND PIANO<\/p>\n<p style=\"text-align: center;\"><strong>STRING QUINTET OF THE POLISH ROYAL OPERA<\/strong><\/p>\n<p>&nbsp;<\/p>\n<p>&nbsp;<\/p>\n<hr \/>\n<h5>Duration: approx. 1 h<\/h5>\n<h5>The seats in the auditorium are not numbered.<\/h5>\n<hr \/>\n<p>We kindly encourage you to read the rules of participation in cultural events organized by the Polish Royal Opera:<\/p>\n<ul>\n<li>If you are not feeling well, are ill, or had contact with an infected person \u2013 stay at home.<\/li>\n<li><b>Please, take a\u00a0face mask with you.<\/b>\u00a0On entering the Theatre building, you are obliged to wear a\u00a0mask covering your mouth and nose.<\/li>\n<li>At the entrance to the building, please have your temperature taken.<\/li>\n<li>Disinfect your hands after entering the Theatre building.<\/li>\n<li>Please remember to sign the\u00a0<a href=\"https:\/\/operakrolewska.pl\/wp-content\/uploads\/2020\/06\/regulations.pdf\"><b>Participant Declaration<\/b><\/a>. If possible, please bring the printed and signed declaration with you, if not \u2013 fill it in in the Theatre, in the area shown by the staff.<\/li>\n<li>Take the seat assigned to you by the staff.<\/li>\n<li>Please come earlier \u2013 latecomers will not be allowed into the auditorium.<\/li>\n<\/ul>\n<p>We care about the safety of our Guests!<\/p>\n<ul>\n<li style=\"text-align: justify;\">Disinfectants are available at the entrance to the building.<\/li>\n<li style=\"text-align: justify;\">At the entrance to the building, staff may take your temperature.<\/li>\n<li style=\"text-align: justify;\">The common spaces and sanitary rooms are disinfected regularly.<\/li>\n<li style=\"text-align: justify;\">Only 75% of the seats in the auditorium will be available. Persons vaccinated against SARS-CoV-2 who voluntarily show a QR code confirming their vaccination with a double dose of the vaccine on the day of the event do not count towards the limit.<\/li>\n<\/ul>\n<p>Should you have any questions, we are at your disposal on site of the event or at the phone number +48 500 309 424.<\/p>\n<p>&nbsp;<\/p>\n<p><a href=\"https:\/\/operakrolewska.pl\/wp-content\/uploads\/2021\/09\/regulations-09-2021.pdf\"><b>The Regulations of Ticket Sale and Participation in Artistic Events Organized by the Polish Royal Opera<\/b><\/a>.<\/p>\n<p><a href=\"https:\/\/operakrolewska.pl\/wp-content\/uploads\/2021\/02\/regulamin-eng-nowy-02-2021.pdf\"><b>The Declaration of the Participant of an Artistic Event Organized by the Polish Royal Opera in Warsaw<\/b><\/a><\/p>\n","protected":false},"excerpt":{"rendered":"<p>A concert celebrating the bicentenary of the birth of Karol Mikuli. &nbsp; The wide range of interests and professional activities of Karol Mikuli (1821-1897) distinguish this prominent figure among the nineteenth-century creators of Polish musical culture. Coming from an Armenian family, the hero of the concert gained fame and recognition not only as a pianist [&hellip;]<\/p>\n","protected":false},"author":15,"featured_media":10082,"template":"","meta":{"_acf_changed":false,"_kad_blocks_custom_css":"","_kad_blocks_head_custom_js":"","_kad_blocks_body_custom_js":"","_kad_blocks_footer_custom_js":"","footnotes":""},"categories":[],"cykle":[],"sezon":[62],"class_list":["post-20428","repetoire","type-repetoire","status-publish","has-post-thumbnail","hentry","sezon-2021-2022-en"],"acf":[],"yoast_head":"<!-- This site is optimized with the Yoast SEO plugin v26.2 - https:\/\/yoast.com\/wordpress\/plugins\/seo\/ -->\n<title>KAROL MIKULI \/ MONOGRAPHIC CONCERT - Polska Opera Kr&oacute;lewska<\/title>\n<meta name=\"robots\" content=\"index, follow, max-snippet:-1, max-image-preview:large, max-video-preview:-1\" \/>\n<link rel=\"canonical\" href=\"https:\/\/operakrolewska.pl\/en\/repetoire\/karol-mikuli-monographic-concert\/\" \/>\n<meta property=\"og:locale\" content=\"en_US\" \/>\n<meta property=\"og:type\" content=\"article\" \/>\n<meta property=\"og:title\" content=\"KAROL MIKULI \/ MONOGRAPHIC CONCERT - Polska Opera Kr&oacute;lewska\" \/>\n<meta property=\"og:description\" content=\"A concert celebrating the bicentenary of the birth of Karol Mikuli. &nbsp; The wide range of interests and professional activities of Karol Mikuli (1821-1897) distinguish this prominent figure among the nineteenth-century creators of Polish musical culture. Coming from an Armenian family, the hero of the concert gained fame and recognition not only as a pianist [&hellip;]\" \/>\n<meta property=\"og:url\" content=\"https:\/\/operakrolewska.pl\/en\/repetoire\/karol-mikuli-monographic-concert\/\" \/>\n<meta property=\"og:site_name\" content=\"Polska Opera Kr&oacute;lewska\" \/>\n<meta property=\"article:publisher\" content=\"https:\/\/web.facebook.com\/PolskaOperaKrolewska\/\" \/>\n<meta property=\"article:modified_time\" content=\"2021-10-22T10:12:13+00:00\" \/>\n<meta property=\"og:image\" content=\"https:\/\/operakrolewska.pl\/wp-content\/uploads\/2019\/04\/muzyka_kameralna.jpg\" \/>\n\t<meta property=\"og:image:width\" content=\"864\" \/>\n\t<meta property=\"og:image:height\" content=\"490\" \/>\n\t<meta property=\"og:image:type\" content=\"image\/jpeg\" \/>\n<meta name=\"twitter:card\" content=\"summary_large_image\" \/>\n<meta name=\"twitter:label1\" content=\"Est. reading time\" \/>\n\t<meta name=\"twitter:data1\" content=\"4 minutes\" \/>\n<script type=\"application\/ld+json\" class=\"yoast-schema-graph\">{\"@context\":\"https:\/\/schema.org\",\"@graph\":[{\"@type\":\"WebPage\",\"@id\":\"https:\/\/operakrolewska.pl\/en\/repetoire\/karol-mikuli-monographic-concert\/\",\"url\":\"https:\/\/operakrolewska.pl\/en\/repetoire\/karol-mikuli-monographic-concert\/\",\"name\":\"KAROL MIKULI \/ MONOGRAPHIC CONCERT - Polska Opera Kr&oacute;lewska\",\"isPartOf\":{\"@id\":\"https:\/\/operakrolewska.pl\/#website\"},\"primaryImageOfPage\":{\"@id\":\"https:\/\/operakrolewska.pl\/en\/repetoire\/karol-mikuli-monographic-concert\/#primaryimage\"},\"image\":{\"@id\":\"https:\/\/operakrolewska.pl\/en\/repetoire\/karol-mikuli-monographic-concert\/#primaryimage\"},\"thumbnailUrl\":\"https:\/\/operakrolewska.pl\/wp-content\/uploads\/2019\/04\/muzyka_kameralna.jpg\",\"datePublished\":\"2021-09-27T09:28:10+00:00\",\"dateModified\":\"2021-10-22T10:12:13+00:00\",\"breadcrumb\":{\"@id\":\"https:\/\/operakrolewska.pl\/en\/repetoire\/karol-mikuli-monographic-concert\/#breadcrumb\"},\"inLanguage\":\"en-US\",\"potentialAction\":[{\"@type\":\"ReadAction\",\"target\":[\"https:\/\/operakrolewska.pl\/en\/repetoire\/karol-mikuli-monographic-concert\/\"]}]},{\"@type\":\"ImageObject\",\"inLanguage\":\"en-US\",\"@id\":\"https:\/\/operakrolewska.pl\/en\/repetoire\/karol-mikuli-monographic-concert\/#primaryimage\",\"url\":\"https:\/\/operakrolewska.pl\/wp-content\/uploads\/2019\/04\/muzyka_kameralna.jpg\",\"contentUrl\":\"https:\/\/operakrolewska.pl\/wp-content\/uploads\/2019\/04\/muzyka_kameralna.jpg\",\"width\":864,\"height\":490},{\"@type\":\"BreadcrumbList\",\"@id\":\"https:\/\/operakrolewska.pl\/en\/repetoire\/karol-mikuli-monographic-concert\/#breadcrumb\",\"itemListElement\":[{\"@type\":\"ListItem\",\"position\":1,\"name\":\"Strona g\u0142\u00f3wna\",\"item\":\"https:\/\/operakrolewska.pl\/en\/\"},{\"@type\":\"ListItem\",\"position\":2,\"name\":\"Repetoire\",\"item\":\"https:\/\/operakrolewska.pl\/repetoire\/\"},{\"@type\":\"ListItem\",\"position\":3,\"name\":\"KAROL MIKULI \/ MONOGRAPHIC CONCERT\"}]},{\"@type\":\"WebSite\",\"@id\":\"https:\/\/operakrolewska.pl\/#website\",\"url\":\"https:\/\/operakrolewska.pl\/\",\"name\":\"Polska Opera Kr&oacute;lewska\",\"description\":\"Polska Opera Kr&oacute;lewska\",\"publisher\":{\"@id\":\"https:\/\/operakrolewska.pl\/#organization\"},\"potentialAction\":[{\"@type\":\"SearchAction\",\"target\":{\"@type\":\"EntryPoint\",\"urlTemplate\":\"https:\/\/operakrolewska.pl\/?s={search_term_string}\"},\"query-input\":{\"@type\":\"PropertyValueSpecification\",\"valueRequired\":true,\"valueName\":\"search_term_string\"}}],\"inLanguage\":\"en-US\"},{\"@type\":\"Organization\",\"@id\":\"https:\/\/operakrolewska.pl\/#organization\",\"name\":\"Polska Opera Kr\u00f3lewska\",\"url\":\"https:\/\/operakrolewska.pl\/\",\"logo\":{\"@type\":\"ImageObject\",\"inLanguage\":\"en-US\",\"@id\":\"https:\/\/operakrolewska.pl\/#\/schema\/logo\/image\/\",\"url\":\"https:\/\/operakrolewska.pl\/wp-content\/uploads\/2017\/12\/logo-pok-czerwone_rgb-e1583499221374.jpg\",\"contentUrl\":\"https:\/\/operakrolewska.pl\/wp-content\/uploads\/2017\/12\/logo-pok-czerwone_rgb-e1583499221374.jpg\",\"width\":250,\"height\":108,\"caption\":\"Polska Opera Kr\u00f3lewska\"},\"image\":{\"@id\":\"https:\/\/operakrolewska.pl\/#\/schema\/logo\/image\/\"},\"sameAs\":[\"https:\/\/web.facebook.com\/PolskaOperaKrolewska\/\"]}]}<\/script>\n<!-- \/ Yoast SEO plugin. -->","yoast_head_json":{"title":"KAROL MIKULI \/ MONOGRAPHIC CONCERT - Polska Opera Kr&oacute;lewska","robots":{"index":"index","follow":"follow","max-snippet":"max-snippet:-1","max-image-preview":"max-image-preview:large","max-video-preview":"max-video-preview:-1"},"canonical":"https:\/\/operakrolewska.pl\/en\/repetoire\/karol-mikuli-monographic-concert\/","og_locale":"en_US","og_type":"article","og_title":"KAROL MIKULI \/ MONOGRAPHIC CONCERT - Polska Opera Kr&oacute;lewska","og_description":"A concert celebrating the bicentenary of the birth of Karol Mikuli. &nbsp; The wide range of interests and professional activities of Karol Mikuli (1821-1897) distinguish this prominent figure among the nineteenth-century creators of Polish musical culture. Coming from an Armenian family, the hero of the concert gained fame and recognition not only as a pianist [&hellip;]","og_url":"https:\/\/operakrolewska.pl\/en\/repetoire\/karol-mikuli-monographic-concert\/","og_site_name":"Polska Opera Kr&oacute;lewska","article_publisher":"https:\/\/web.facebook.com\/PolskaOperaKrolewska\/","article_modified_time":"2021-10-22T10:12:13+00:00","og_image":[{"width":864,"height":490,"url":"https:\/\/operakrolewska.pl\/wp-content\/uploads\/2019\/04\/muzyka_kameralna.jpg","type":"image\/jpeg"}],"twitter_card":"summary_large_image","twitter_misc":{"Est. reading time":"4 minutes"},"schema":{"@context":"https:\/\/schema.org","@graph":[{"@type":"WebPage","@id":"https:\/\/operakrolewska.pl\/en\/repetoire\/karol-mikuli-monographic-concert\/","url":"https:\/\/operakrolewska.pl\/en\/repetoire\/karol-mikuli-monographic-concert\/","name":"KAROL MIKULI \/ MONOGRAPHIC CONCERT - Polska Opera Kr&oacute;lewska","isPartOf":{"@id":"https:\/\/operakrolewska.pl\/#website"},"primaryImageOfPage":{"@id":"https:\/\/operakrolewska.pl\/en\/repetoire\/karol-mikuli-monographic-concert\/#primaryimage"},"image":{"@id":"https:\/\/operakrolewska.pl\/en\/repetoire\/karol-mikuli-monographic-concert\/#primaryimage"},"thumbnailUrl":"https:\/\/operakrolewska.pl\/wp-content\/uploads\/2019\/04\/muzyka_kameralna.jpg","datePublished":"2021-09-27T09:28:10+00:00","dateModified":"2021-10-22T10:12:13+00:00","breadcrumb":{"@id":"https:\/\/operakrolewska.pl\/en\/repetoire\/karol-mikuli-monographic-concert\/#breadcrumb"},"inLanguage":"en-US","potentialAction":[{"@type":"ReadAction","target":["https:\/\/operakrolewska.pl\/en\/repetoire\/karol-mikuli-monographic-concert\/"]}]},{"@type":"ImageObject","inLanguage":"en-US","@id":"https:\/\/operakrolewska.pl\/en\/repetoire\/karol-mikuli-monographic-concert\/#primaryimage","url":"https:\/\/operakrolewska.pl\/wp-content\/uploads\/2019\/04\/muzyka_kameralna.jpg","contentUrl":"https:\/\/operakrolewska.pl\/wp-content\/uploads\/2019\/04\/muzyka_kameralna.jpg","width":864,"height":490},{"@type":"BreadcrumbList","@id":"https:\/\/operakrolewska.pl\/en\/repetoire\/karol-mikuli-monographic-concert\/#breadcrumb","itemListElement":[{"@type":"ListItem","position":1,"name":"Strona g\u0142\u00f3wna","item":"https:\/\/operakrolewska.pl\/en\/"},{"@type":"ListItem","position":2,"name":"Repetoire","item":"https:\/\/operakrolewska.pl\/repetoire\/"},{"@type":"ListItem","position":3,"name":"KAROL MIKULI \/ MONOGRAPHIC CONCERT"}]},{"@type":"WebSite","@id":"https:\/\/operakrolewska.pl\/#website","url":"https:\/\/operakrolewska.pl\/","name":"Polska Opera Kr&oacute;lewska","description":"Polska Opera Kr&oacute;lewska","publisher":{"@id":"https:\/\/operakrolewska.pl\/#organization"},"potentialAction":[{"@type":"SearchAction","target":{"@type":"EntryPoint","urlTemplate":"https:\/\/operakrolewska.pl\/?s={search_term_string}"},"query-input":{"@type":"PropertyValueSpecification","valueRequired":true,"valueName":"search_term_string"}}],"inLanguage":"en-US"},{"@type":"Organization","@id":"https:\/\/operakrolewska.pl\/#organization","name":"Polska Opera Kr\u00f3lewska","url":"https:\/\/operakrolewska.pl\/","logo":{"@type":"ImageObject","inLanguage":"en-US","@id":"https:\/\/operakrolewska.pl\/#\/schema\/logo\/image\/","url":"https:\/\/operakrolewska.pl\/wp-content\/uploads\/2017\/12\/logo-pok-czerwone_rgb-e1583499221374.jpg","contentUrl":"https:\/\/operakrolewska.pl\/wp-content\/uploads\/2017\/12\/logo-pok-czerwone_rgb-e1583499221374.jpg","width":250,"height":108,"caption":"Polska Opera Kr\u00f3lewska"},"image":{"@id":"https:\/\/operakrolewska.pl\/#\/schema\/logo\/image\/"},"sameAs":["https:\/\/web.facebook.com\/PolskaOperaKrolewska\/"]}]}},"taxonomy_info":{"sezon":[{"value":62,"label":"2021\/2022"}]},"featured_image_src_large":["https:\/\/operakrolewska.pl\/wp-content\/uploads\/2019\/04\/muzyka_kameralna.jpg",640,363,false],"author_info":{"display_name":"malgorzata.wasniewska@operakrolewska.pl","author_link":"https:\/\/operakrolewska.pl\/en\/author\/malgorzata-wasniewskaoperakrolewska-pl\/"},"comment_info":"","_links":{"self":[{"href":"https:\/\/operakrolewska.pl\/en\/wp-json\/wp\/v2\/repetoire\/20428","targetHints":{"allow":["GET"]}}],"collection":[{"href":"https:\/\/operakrolewska.pl\/en\/wp-json\/wp\/v2\/repetoire"}],"about":[{"href":"https:\/\/operakrolewska.pl\/en\/wp-json\/wp\/v2\/types\/repetoire"}],"author":[{"embeddable":true,"href":"https:\/\/operakrolewska.pl\/en\/wp-json\/wp\/v2\/users\/15"}],"version-history":[{"count":6,"href":"https:\/\/operakrolewska.pl\/en\/wp-json\/wp\/v2\/repetoire\/20428\/revisions"}],"predecessor-version":[{"id":20849,"href":"https:\/\/operakrolewska.pl\/en\/wp-json\/wp\/v2\/repetoire\/20428\/revisions\/20849"}],"wp:featuredmedia":[{"embeddable":true,"href":"https:\/\/operakrolewska.pl\/en\/wp-json\/wp\/v2\/media\/10082"}],"wp:attachment":[{"href":"https:\/\/operakrolewska.pl\/en\/wp-json\/wp\/v2\/media?parent=20428"}],"wp:term":[{"taxonomy":"category","embeddable":true,"href":"https:\/\/operakrolewska.pl\/en\/wp-json\/wp\/v2\/categories?post=20428"},{"taxonomy":"cykle","embeddable":true,"href":"https:\/\/operakrolewska.pl\/en\/wp-json\/wp\/v2\/cykle?post=20428"},{"taxonomy":"sezon","embeddable":true,"href":"https:\/\/operakrolewska.pl\/en\/wp-json\/wp\/v2\/sezon?post=20428"}],"curies":[{"name":"wp","href":"https:\/\/api.w.org\/{rel}","templated":true}]}}