{"id":18132,"date":"2019-02-17T21:51:43","date_gmt":"2019-02-17T20:51:43","guid":{"rendered":"https:\/\/operakrolewska.pl\/?post_type=artysci&#038;p=18132"},"modified":"2021-02-06T14:32:07","modified_gmt":"2021-02-06T13:32:07","slug":"justyna-stepien","status":"publish","type":"artysci","link":"https:\/\/operakrolewska.pl\/en\/artysci\/justyna-stepien\/","title":{"rendered":"JUSTYNA ST\u0118PIE\u0143"},"content":{"rendered":"<p>Soprano. In 1998, she graduated from the Fryderyk Chopin Academy of Music in Warsaw majoring in solo singing. That same year she became a soloist at the Warsaw Chamber Opera (1998-2017).<\/p>\n<p>She first appeared on opera stage at the age of 9, in the Opera and Operetta in Bydgoszcz, under the baton of Enric de Mori, a La Scala conductor (the M\u00e4dchen duet in <i>The Marriage of Figaro<\/i> by W. A. Mozart). During her vocal studies she made her debut at the Polish National Opera in Warsaw as Stella in G. Orefice\u2019s <i>Chopin<\/i> (1997). As a singer and actress she\u2019s frequently appeared on stage at the National Theatre in Warsaw (e.g <i>Noc listopadowa,\u00a0<\/i> (\u201cNovember Night\u201d) directed by J. Grzegorzewski;\u00a0<i>Saragossa<\/i>, directed by T. Bradecki;<i>\u00a0Umowa, czyli\u00a0\u0142ajdak ukarany\u00a0<\/i> (\u201cLa Fausse Suivante ou le fourbe puni\u201d) directed by J. Lassalle).<\/p>\n<p>Since 1992 she\u2019s been performing on the most important music and opera stages in Poland (e.g. the Polish National Opera in Warsaw, the Warsaw Chamber Opera, the National Philharmonic, the Witold Lutos\u0142awski Concert Studio of the Polish Radio, the Warsaw Royal Castle) and at many important festivals (e.g. the Mozart Festival, the Claudio Monteverdi Festival, the Baroque Opera Festival, the Old Polish Opera Festival, the Modern Polish Opera Festival, the Festival of Ancient Music at the Royal Castle, the Chopin in the Colours of Autumn &#8211; International Festival, Wawel Castle Evenings, the Summer Song Festival of Polish Composers, Mazovia in the Crown, the Music in the Historical Sites of Warsaw, and the Sacral Music Festival in Gdynia). Her tours have taken her to the most prominent opera houses in the world, e.g. in Japan, Korea, Germany, Belgium, Spain, the Netherlands, Lebanon, France, Russia, Lithuania, and Hungary.<\/p>\n<p>St\u0119pie\u0144 feels comfortable in repertoire from the Baroque to the contemporary period, performing accompanied by instrumental ensembles and orchestras \u2013 in front of an audience of thousands (like during plein air performances of Mozart\u2019s <i>Don Giovanni<\/i> and <i>The Magic Flute<\/i>, or at the international festival in Peterchof) and chamber concerts alike. Her artistic output includes most of the operas and oratorios by Mozart, oratorios and cantatas by J. S. Bach, G. Handel, G. B. Pergolesi, A. Vivaldi, and songs by P. Tchaikovsky, S. Rachmaninoff, F. Liszt, R. Schumann, F. Schubert, F. Chopin, S. Moniuszko, or K. Szymanowski. She also performs pieces by contemporary composers: R. Palester, Z. Rudzi\u0144ski, P. \u0141ukaszewski, S. Moryto, J. Rutter, A. P\u00e4rt, L. Mo\u017cd\u017cer. She\u2019s collaborated with many esteemed conductors and directors.<\/p>\n<p>As a soloist, together with the artists from the Warsaw Chamber Opera she&#8217;s collaborated on several music albums conducted by W\u0142adys\u0142aw K\u0142osiewicz:\u00a0J. Peri\u2019s <i>L\u2019Euridice<\/i> and <i>Cud mniemany czyli krakowiacy i g\u00f3rale<\/i> (\u201cCracovians and Highlanders\u201d) by J. Stefani. She made guest appearances in a recording of J. Stok\u0142osa\u2019s musical <i>Romeo and Juliet<\/i> by Teatr Studio Buffo and in the project <i>Etnofonie Kurpiowskie<\/i>.<i> Tribute to Szymanowski and Skierkowski<\/i>\u00a0under the supervision of W. Grozdew-Ko\u0142aci\u0144ska (nominated to the Coryphaeus of Polish Music award). She participated in the following concert recordings:\u00a0<i>Miserere <\/i>by J. A. Hasse conducted by Andrzej Borzym and <i>Requiem<\/i> by J. Rutter conducted by Jan Mi\u0142osz Zarzycki (nominated to the Fryderyk award). In 2016, she was awarded the Orphee d\u2019Or for the best recording of an religious work <i>Missa solemnis in B minor<\/i> by I. R. von Seyfried.<\/p>\n<p>Since 2017 she\u2019s been a soloist at the Polish Royal Opera.<\/p>\n<p>&nbsp;<\/p>\n<p><b>Photo by W. Olszanka<\/b><\/p>\n","protected":false},"featured_media":14688,"parent":0,"template":"","class_list":["post-18132","artysci","type-artysci","status-publish","has-post-thumbnail","hentry"],"acf":[],"yoast_head":"<!-- This site is optimized with the Yoast SEO plugin v26.2 - https:\/\/yoast.com\/wordpress\/plugins\/seo\/ -->\n<title>JUSTYNA ST\u0118PIE\u0143 - Polska Opera Kr&oacute;lewska<\/title>\n<meta name=\"robots\" content=\"index, follow, max-snippet:-1, max-image-preview:large, max-video-preview:-1\" \/>\n<link rel=\"canonical\" href=\"https:\/\/operakrolewska.pl\/en\/artysci\/justyna-stepien\/\" \/>\n<meta property=\"og:locale\" content=\"en_US\" \/>\n<meta property=\"og:type\" content=\"article\" \/>\n<meta property=\"og:title\" content=\"JUSTYNA ST\u0118PIE\u0143 - Polska Opera Kr&oacute;lewska\" \/>\n<meta property=\"og:description\" content=\"Soprano. In 1998, she graduated from the Fryderyk Chopin Academy of Music in Warsaw majoring in solo singing. That same year she became a soloist at the Warsaw Chamber Opera (1998-2017). She first appeared on opera stage at the age of 9, in the Opera and Operetta in Bydgoszcz, under the baton of Enric de [&hellip;]\" \/>\n<meta property=\"og:url\" content=\"https:\/\/operakrolewska.pl\/en\/artysci\/justyna-stepien\/\" \/>\n<meta property=\"og:site_name\" content=\"Polska Opera Kr&oacute;lewska\" \/>\n<meta property=\"article:publisher\" content=\"https:\/\/web.facebook.com\/PolskaOperaKrolewska\/\" \/>\n<meta property=\"article:modified_time\" content=\"2021-02-06T13:32:07+00:00\" \/>\n<meta property=\"og:image\" content=\"https:\/\/operakrolewska.pl\/wp-content\/uploads\/2019\/02\/j.stepien-3-fot.-w.olszanka.jpg\" \/>\n\t<meta property=\"og:image:width\" content=\"1340\" \/>\n\t<meta property=\"og:image:height\" content=\"894\" \/>\n\t<meta property=\"og:image:type\" content=\"image\/jpeg\" \/>\n<meta name=\"twitter:card\" content=\"summary_large_image\" \/>\n<meta name=\"twitter:label1\" content=\"Est. reading time\" \/>\n\t<meta name=\"twitter:data1\" content=\"3 minutes\" \/>\n<script type=\"application\/ld+json\" class=\"yoast-schema-graph\">{\"@context\":\"https:\/\/schema.org\",\"@graph\":[{\"@type\":\"WebPage\",\"@id\":\"https:\/\/operakrolewska.pl\/en\/artysci\/justyna-stepien\/\",\"url\":\"https:\/\/operakrolewska.pl\/en\/artysci\/justyna-stepien\/\",\"name\":\"JUSTYNA ST\u0118PIE\u0143 - Polska Opera Kr&oacute;lewska\",\"isPartOf\":{\"@id\":\"https:\/\/operakrolewska.pl\/#website\"},\"primaryImageOfPage\":{\"@id\":\"https:\/\/operakrolewska.pl\/en\/artysci\/justyna-stepien\/#primaryimage\"},\"image\":{\"@id\":\"https:\/\/operakrolewska.pl\/en\/artysci\/justyna-stepien\/#primaryimage\"},\"thumbnailUrl\":\"https:\/\/operakrolewska.pl\/wp-content\/uploads\/2019\/02\/j.stepien-3-fot.-w.olszanka.jpg\",\"datePublished\":\"2019-02-17T20:51:43+00:00\",\"dateModified\":\"2021-02-06T13:32:07+00:00\",\"breadcrumb\":{\"@id\":\"https:\/\/operakrolewska.pl\/en\/artysci\/justyna-stepien\/#breadcrumb\"},\"inLanguage\":\"en-US\",\"potentialAction\":[{\"@type\":\"ReadAction\",\"target\":[\"https:\/\/operakrolewska.pl\/en\/artysci\/justyna-stepien\/\"]}]},{\"@type\":\"ImageObject\",\"inLanguage\":\"en-US\",\"@id\":\"https:\/\/operakrolewska.pl\/en\/artysci\/justyna-stepien\/#primaryimage\",\"url\":\"https:\/\/operakrolewska.pl\/wp-content\/uploads\/2019\/02\/j.stepien-3-fot.-w.olszanka.jpg\",\"contentUrl\":\"https:\/\/operakrolewska.pl\/wp-content\/uploads\/2019\/02\/j.stepien-3-fot.-w.olszanka.jpg\",\"width\":1340,\"height\":894,\"caption\":\"Justyna St\u0119pie\u0144. Fot. W. Olszanka\"},{\"@type\":\"BreadcrumbList\",\"@id\":\"https:\/\/operakrolewska.pl\/en\/artysci\/justyna-stepien\/#breadcrumb\",\"itemListElement\":[{\"@type\":\"ListItem\",\"position\":1,\"name\":\"Strona g\u0142\u00f3wna\",\"item\":\"https:\/\/operakrolewska.pl\/en\/\"},{\"@type\":\"ListItem\",\"position\":2,\"name\":\"artysci\",\"item\":\"https:\/\/operakrolewska.pl\/en\/artysci\/\"},{\"@type\":\"ListItem\",\"position\":3,\"name\":\"JUSTYNA ST\u0118PIE\u0143\"}]},{\"@type\":\"WebSite\",\"@id\":\"https:\/\/operakrolewska.pl\/#website\",\"url\":\"https:\/\/operakrolewska.pl\/\",\"name\":\"Polska Opera Kr&oacute;lewska\",\"description\":\"Polska Opera Kr&oacute;lewska\",\"publisher\":{\"@id\":\"https:\/\/operakrolewska.pl\/#organization\"},\"potentialAction\":[{\"@type\":\"SearchAction\",\"target\":{\"@type\":\"EntryPoint\",\"urlTemplate\":\"https:\/\/operakrolewska.pl\/?s={search_term_string}\"},\"query-input\":{\"@type\":\"PropertyValueSpecification\",\"valueRequired\":true,\"valueName\":\"search_term_string\"}}],\"inLanguage\":\"en-US\"},{\"@type\":\"Organization\",\"@id\":\"https:\/\/operakrolewska.pl\/#organization\",\"name\":\"Polska Opera Kr\u00f3lewska\",\"url\":\"https:\/\/operakrolewska.pl\/\",\"logo\":{\"@type\":\"ImageObject\",\"inLanguage\":\"en-US\",\"@id\":\"https:\/\/operakrolewska.pl\/#\/schema\/logo\/image\/\",\"url\":\"https:\/\/operakrolewska.pl\/wp-content\/uploads\/2017\/12\/logo-pok-czerwone_rgb-e1583499221374.jpg\",\"contentUrl\":\"https:\/\/operakrolewska.pl\/wp-content\/uploads\/2017\/12\/logo-pok-czerwone_rgb-e1583499221374.jpg\",\"width\":250,\"height\":108,\"caption\":\"Polska Opera Kr\u00f3lewska\"},\"image\":{\"@id\":\"https:\/\/operakrolewska.pl\/#\/schema\/logo\/image\/\"},\"sameAs\":[\"https:\/\/web.facebook.com\/PolskaOperaKrolewska\/\"]}]}<\/script>\n<!-- \/ Yoast SEO plugin. -->","yoast_head_json":{"title":"JUSTYNA ST\u0118PIE\u0143 - Polska Opera Kr&oacute;lewska","robots":{"index":"index","follow":"follow","max-snippet":"max-snippet:-1","max-image-preview":"max-image-preview:large","max-video-preview":"max-video-preview:-1"},"canonical":"https:\/\/operakrolewska.pl\/en\/artysci\/justyna-stepien\/","og_locale":"en_US","og_type":"article","og_title":"JUSTYNA ST\u0118PIE\u0143 - Polska Opera Kr&oacute;lewska","og_description":"Soprano. In 1998, she graduated from the Fryderyk Chopin Academy of Music in Warsaw majoring in solo singing. That same year she became a soloist at the Warsaw Chamber Opera (1998-2017). She first appeared on opera stage at the age of 9, in the Opera and Operetta in Bydgoszcz, under the baton of Enric de [&hellip;]","og_url":"https:\/\/operakrolewska.pl\/en\/artysci\/justyna-stepien\/","og_site_name":"Polska Opera Kr&oacute;lewska","article_publisher":"https:\/\/web.facebook.com\/PolskaOperaKrolewska\/","article_modified_time":"2021-02-06T13:32:07+00:00","og_image":[{"width":1340,"height":894,"url":"https:\/\/operakrolewska.pl\/wp-content\/uploads\/2019\/02\/j.stepien-3-fot.-w.olszanka.jpg","type":"image\/jpeg"}],"twitter_card":"summary_large_image","twitter_misc":{"Est. reading time":"3 minutes"},"schema":{"@context":"https:\/\/schema.org","@graph":[{"@type":"WebPage","@id":"https:\/\/operakrolewska.pl\/en\/artysci\/justyna-stepien\/","url":"https:\/\/operakrolewska.pl\/en\/artysci\/justyna-stepien\/","name":"JUSTYNA ST\u0118PIE\u0143 - Polska Opera Kr&oacute;lewska","isPartOf":{"@id":"https:\/\/operakrolewska.pl\/#website"},"primaryImageOfPage":{"@id":"https:\/\/operakrolewska.pl\/en\/artysci\/justyna-stepien\/#primaryimage"},"image":{"@id":"https:\/\/operakrolewska.pl\/en\/artysci\/justyna-stepien\/#primaryimage"},"thumbnailUrl":"https:\/\/operakrolewska.pl\/wp-content\/uploads\/2019\/02\/j.stepien-3-fot.-w.olszanka.jpg","datePublished":"2019-02-17T20:51:43+00:00","dateModified":"2021-02-06T13:32:07+00:00","breadcrumb":{"@id":"https:\/\/operakrolewska.pl\/en\/artysci\/justyna-stepien\/#breadcrumb"},"inLanguage":"en-US","potentialAction":[{"@type":"ReadAction","target":["https:\/\/operakrolewska.pl\/en\/artysci\/justyna-stepien\/"]}]},{"@type":"ImageObject","inLanguage":"en-US","@id":"https:\/\/operakrolewska.pl\/en\/artysci\/justyna-stepien\/#primaryimage","url":"https:\/\/operakrolewska.pl\/wp-content\/uploads\/2019\/02\/j.stepien-3-fot.-w.olszanka.jpg","contentUrl":"https:\/\/operakrolewska.pl\/wp-content\/uploads\/2019\/02\/j.stepien-3-fot.-w.olszanka.jpg","width":1340,"height":894,"caption":"Justyna St\u0119pie\u0144. Fot. W. Olszanka"},{"@type":"BreadcrumbList","@id":"https:\/\/operakrolewska.pl\/en\/artysci\/justyna-stepien\/#breadcrumb","itemListElement":[{"@type":"ListItem","position":1,"name":"Strona g\u0142\u00f3wna","item":"https:\/\/operakrolewska.pl\/en\/"},{"@type":"ListItem","position":2,"name":"artysci","item":"https:\/\/operakrolewska.pl\/en\/artysci\/"},{"@type":"ListItem","position":3,"name":"JUSTYNA ST\u0118PIE\u0143"}]},{"@type":"WebSite","@id":"https:\/\/operakrolewska.pl\/#website","url":"https:\/\/operakrolewska.pl\/","name":"Polska Opera Kr&oacute;lewska","description":"Polska Opera Kr&oacute;lewska","publisher":{"@id":"https:\/\/operakrolewska.pl\/#organization"},"potentialAction":[{"@type":"SearchAction","target":{"@type":"EntryPoint","urlTemplate":"https:\/\/operakrolewska.pl\/?s={search_term_string}"},"query-input":{"@type":"PropertyValueSpecification","valueRequired":true,"valueName":"search_term_string"}}],"inLanguage":"en-US"},{"@type":"Organization","@id":"https:\/\/operakrolewska.pl\/#organization","name":"Polska Opera Kr\u00f3lewska","url":"https:\/\/operakrolewska.pl\/","logo":{"@type":"ImageObject","inLanguage":"en-US","@id":"https:\/\/operakrolewska.pl\/#\/schema\/logo\/image\/","url":"https:\/\/operakrolewska.pl\/wp-content\/uploads\/2017\/12\/logo-pok-czerwone_rgb-e1583499221374.jpg","contentUrl":"https:\/\/operakrolewska.pl\/wp-content\/uploads\/2017\/12\/logo-pok-czerwone_rgb-e1583499221374.jpg","width":250,"height":108,"caption":"Polska Opera Kr\u00f3lewska"},"image":{"@id":"https:\/\/operakrolewska.pl\/#\/schema\/logo\/image\/"},"sameAs":["https:\/\/web.facebook.com\/PolskaOperaKrolewska\/"]}]}},"taxonomy_info":[],"featured_image_src_large":["https:\/\/operakrolewska.pl\/wp-content\/uploads\/2019\/02\/j.stepien-3-fot.-w.olszanka-1024x683.jpg",640,427,true],"author_info":[],"comment_info":"","_links":{"self":[{"href":"https:\/\/operakrolewska.pl\/en\/wp-json\/wp\/v2\/artysci\/18132","targetHints":{"allow":["GET"]}}],"collection":[{"href":"https:\/\/operakrolewska.pl\/en\/wp-json\/wp\/v2\/artysci"}],"about":[{"href":"https:\/\/operakrolewska.pl\/en\/wp-json\/wp\/v2\/types\/artysci"}],"wp:featuredmedia":[{"embeddable":true,"href":"https:\/\/operakrolewska.pl\/en\/wp-json\/wp\/v2\/media\/14688"}],"wp:attachment":[{"href":"https:\/\/operakrolewska.pl\/en\/wp-json\/wp\/v2\/media?parent=18132"}],"curies":[{"name":"wp","href":"https:\/\/api.w.org\/{rel}","templated":true}]}}