{"id":18127,"date":"2019-03-17T22:40:40","date_gmt":"2019-03-17T21:40:40","guid":{"rendered":"https:\/\/operakrolewska.pl\/?post_type=artysci&#038;p=18127"},"modified":"2026-01-09T10:54:15","modified_gmt":"2026-01-09T09:54:15","slug":"gabriela-kaminska","status":"publish","type":"artysci","link":"https:\/\/operakrolewska.pl\/en\/artysci\/gabriela-kaminska\/","title":{"rendered":"GABRIELA KAMI\u0143SKA"},"content":{"rendered":"<p>Soprano. Graduate of the Fryderyk Chopin Academy of Music in Warsaw, class led by Prof.\u00a0Janina Skalik. Kami\u0144ska perfected her skills during master courses taught by Wilma Lipp, Elisabeth Schwarzkopf, Dietrich Fischer-Dieskau, or Jerzy Artysz.<\/p>\n<p>She made her debut on stage in 2006 as Donna Bettina in G. Bizet\u2019s <i>Don Procopio<\/i> at the Warsaw Chamber Opera. She later gave many significant performances at this opera house. She appeared in Mozart\u2019s operas directed by Ryszard Peryt: as the Genie, Lady, and the Queen of the Night in <i>The Magic Flute<\/i> (2006), Contessa in <i>The Marriage of Figaro<\/i> (2008), Donna Anna in <i>Don Giovanni<\/i> (2009), and Elettra in <i>Idomeneo<\/i> (2009). Her other roles include Amenaide in G. Rossini\u2019s <i>Tancredi<\/i> directed by Maciej Prus (2008), the title role in <i>Jen\u016ffa<\/i>\u00a0by L. Janacek directed by Jitka Stokalska (2009), and Halka in the revival of the Vilnius version of Moniuszko\u2019s opera <i>Halka<\/i> directed by Kazimierz Dejmek (2010).<\/p>\n<p>She&#8217;s gone on many tours abroad with the Warsaw Chamber Opera. Kami\u0144ska\u2019s performed in many opera houses in Japan, Germany, France, Spain, the Netherlands, and Austria. Particularly important in this respect are her performances in the Bunka Kaikan Tokyo and the Tokyo City Opera.<\/p>\n<p>In 2013, she made her debut in the Grand Theatre in \u0141\u00f3d\u017a as Abigaille in G. Verdi\u2019s <i>Nabucco<\/i> conducted by Tadeusz Koz\u0142owski. That year she also sang in the Vilnius version of <i>Halka<\/i> by S. Moniuszko in the Opera in Lviv.<\/p>\n<p>Since 2014 she\u2019s been associated with the Opera Nova in Bydgoszcz, where she sings the main parts in:\u00a0<i>Halka<\/i>,\u00a0<i>Nabucco<\/i>\u00a0(Abigaille),\u00a0<i>The Gypsy Baron<\/i>\u00a0(Saffi),\u00a0<i>The Revenge of the Bat<\/i>\u00a0(Rosalinde). In 2016, she played Elisabetha di Valois in the premiere of G. Verdi\u2019s <i>Don Carlos<\/i> directed by W\u0142odzimierz Nurkowski. In 2017, she appeared as Contessa in <i>The Marriage of Figaro<\/i> directed by Wojciech Adamczyk. That year she also made her debut at the Baltic Opera in the premiere performance of <i>Nabucco<\/i> directed by Krzysztof Babicki.<\/p>\n<p>The artist\u2019s repertoire includes other soprano parts as well: the title Aida in G. Verdi\u2019s opera, Cio-cio-san in his <i>Madama Butterfly<\/i>, and Hanna in S. Moniuszko\u2019s <i>Straszny dw\u00f3r <\/i>(\u201cThe Haunted Manor\u201d). She\u2019s collaborated with many outstanding conductors and directors.<\/p>\n<p>Gabriela Kami\u0144ska gives many concerts. Her repertoire includes several dozen parts from many famous works, such as: <i>Requiem<\/i>\u00a0by W. A. Mozart,\u00a0<i>The Creation<\/i> by\u00a0J. Haydn,\u00a0<i>Carmina Burana<\/i> by C. Orff,\u00a0<i>Passio Domini Nostri Jesu Christi<\/i> by\u00a0J. Elsner,\u00a0<i>Missa pro pace\u00a0<\/i>by W. Kilar. During recitals and concerts, both in Poland and abroad, the artist passionately performs songs and opera, oratorio, or operetta arias.<\/p>\n<p>Throughout the years she\u2019s participated in numerous composing projects and phonographic recordings, such as Bizet\u2019s <i>Don Procopio<\/i> (Dynamic Italia publishing house). Currently, the artist is engaged in the project <i>La Voce di Soprano<\/i>, which promotes a humorous approach to vocal music in Polish philharmonics.<\/p>\n<p>Since 2017 she\u2019s been a soloist at the Polish Royal Opera, where she acts in <i>The Marriage of Figaro<\/i> and <i>Don Giovanni<\/i> by W. A. Mozart, and S. Moniuszko\u2019s <i>Straszny dw\u00f3r<\/i>, directed by Ryszard Peryt.<\/p>\n","protected":false},"featured_media":9631,"parent":0,"template":"","class_list":["post-18127","artysci","type-artysci","status-publish","has-post-thumbnail","hentry"],"acf":[],"yoast_head":"<!-- This site is optimized with the Yoast SEO plugin v26.2 - https:\/\/yoast.com\/wordpress\/plugins\/seo\/ -->\n<title>GABRIELA KAMI\u0143SKA - Polska Opera Kr&oacute;lewska<\/title>\n<meta name=\"robots\" content=\"index, follow, max-snippet:-1, max-image-preview:large, max-video-preview:-1\" \/>\n<link rel=\"canonical\" href=\"https:\/\/operakrolewska.pl\/en\/artysci\/gabriela-kaminska\/\" \/>\n<meta property=\"og:locale\" content=\"en_US\" \/>\n<meta property=\"og:type\" content=\"article\" \/>\n<meta property=\"og:title\" content=\"GABRIELA KAMI\u0143SKA - Polska Opera Kr&oacute;lewska\" \/>\n<meta property=\"og:description\" content=\"Soprano. Graduate of the Fryderyk Chopin Academy of Music in Warsaw, class led by Prof.\u00a0Janina Skalik. Kami\u0144ska perfected her skills during master courses taught by Wilma Lipp, Elisabeth Schwarzkopf, Dietrich Fischer-Dieskau, or Jerzy Artysz. She made her debut on stage in 2006 as Donna Bettina in G. Bizet\u2019s Don Procopio at the Warsaw Chamber Opera. [&hellip;]\" \/>\n<meta property=\"og:url\" content=\"https:\/\/operakrolewska.pl\/en\/artysci\/gabriela-kaminska\/\" \/>\n<meta property=\"og:site_name\" content=\"Polska Opera Kr&oacute;lewska\" \/>\n<meta property=\"article:publisher\" content=\"https:\/\/web.facebook.com\/PolskaOperaKrolewska\/\" \/>\n<meta property=\"article:modified_time\" content=\"2026-01-09T09:54:15+00:00\" \/>\n<meta property=\"og:image\" content=\"https:\/\/operakrolewska.pl\/wp-content\/uploads\/2019\/03\/kaminska-gabriela.jpg\" \/>\n\t<meta property=\"og:image:width\" content=\"1254\" \/>\n\t<meta property=\"og:image:height\" content=\"1660\" \/>\n\t<meta property=\"og:image:type\" content=\"image\/jpeg\" \/>\n<meta name=\"twitter:card\" content=\"summary_large_image\" \/>\n<meta name=\"twitter:label1\" content=\"Est. reading time\" \/>\n\t<meta name=\"twitter:data1\" content=\"4 minutes\" \/>\n<script type=\"application\/ld+json\" class=\"yoast-schema-graph\">{\"@context\":\"https:\/\/schema.org\",\"@graph\":[{\"@type\":\"WebPage\",\"@id\":\"https:\/\/operakrolewska.pl\/en\/artysci\/gabriela-kaminska\/\",\"url\":\"https:\/\/operakrolewska.pl\/en\/artysci\/gabriela-kaminska\/\",\"name\":\"GABRIELA KAMI\u0143SKA - Polska Opera Kr&oacute;lewska\",\"isPartOf\":{\"@id\":\"https:\/\/operakrolewska.pl\/#website\"},\"primaryImageOfPage\":{\"@id\":\"https:\/\/operakrolewska.pl\/en\/artysci\/gabriela-kaminska\/#primaryimage\"},\"image\":{\"@id\":\"https:\/\/operakrolewska.pl\/en\/artysci\/gabriela-kaminska\/#primaryimage\"},\"thumbnailUrl\":\"https:\/\/operakrolewska.pl\/wp-content\/uploads\/2019\/03\/kaminska-gabriela.jpg\",\"datePublished\":\"2019-03-17T21:40:40+00:00\",\"dateModified\":\"2026-01-09T09:54:15+00:00\",\"breadcrumb\":{\"@id\":\"https:\/\/operakrolewska.pl\/en\/artysci\/gabriela-kaminska\/#breadcrumb\"},\"inLanguage\":\"en-US\",\"potentialAction\":[{\"@type\":\"ReadAction\",\"target\":[\"https:\/\/operakrolewska.pl\/en\/artysci\/gabriela-kaminska\/\"]}]},{\"@type\":\"ImageObject\",\"inLanguage\":\"en-US\",\"@id\":\"https:\/\/operakrolewska.pl\/en\/artysci\/gabriela-kaminska\/#primaryimage\",\"url\":\"https:\/\/operakrolewska.pl\/wp-content\/uploads\/2019\/03\/kaminska-gabriela.jpg\",\"contentUrl\":\"https:\/\/operakrolewska.pl\/wp-content\/uploads\/2019\/03\/kaminska-gabriela.jpg\",\"width\":1254,\"height\":1660,\"caption\":\"Gabriela Kami\u0144ska\"},{\"@type\":\"BreadcrumbList\",\"@id\":\"https:\/\/operakrolewska.pl\/en\/artysci\/gabriela-kaminska\/#breadcrumb\",\"itemListElement\":[{\"@type\":\"ListItem\",\"position\":1,\"name\":\"Strona g\u0142\u00f3wna\",\"item\":\"https:\/\/operakrolewska.pl\/en\/\"},{\"@type\":\"ListItem\",\"position\":2,\"name\":\"artysci\",\"item\":\"https:\/\/operakrolewska.pl\/en\/artysci\/\"},{\"@type\":\"ListItem\",\"position\":3,\"name\":\"GABRIELA KAMI\u0143SKA\"}]},{\"@type\":\"WebSite\",\"@id\":\"https:\/\/operakrolewska.pl\/#website\",\"url\":\"https:\/\/operakrolewska.pl\/\",\"name\":\"Polska Opera Kr&oacute;lewska\",\"description\":\"Polska Opera Kr&oacute;lewska\",\"publisher\":{\"@id\":\"https:\/\/operakrolewska.pl\/#organization\"},\"potentialAction\":[{\"@type\":\"SearchAction\",\"target\":{\"@type\":\"EntryPoint\",\"urlTemplate\":\"https:\/\/operakrolewska.pl\/?s={search_term_string}\"},\"query-input\":{\"@type\":\"PropertyValueSpecification\",\"valueRequired\":true,\"valueName\":\"search_term_string\"}}],\"inLanguage\":\"en-US\"},{\"@type\":\"Organization\",\"@id\":\"https:\/\/operakrolewska.pl\/#organization\",\"name\":\"Polska Opera Kr\u00f3lewska\",\"url\":\"https:\/\/operakrolewska.pl\/\",\"logo\":{\"@type\":\"ImageObject\",\"inLanguage\":\"en-US\",\"@id\":\"https:\/\/operakrolewska.pl\/#\/schema\/logo\/image\/\",\"url\":\"https:\/\/operakrolewska.pl\/wp-content\/uploads\/2017\/12\/logo-pok-czerwone_rgb-e1583499221374.jpg\",\"contentUrl\":\"https:\/\/operakrolewska.pl\/wp-content\/uploads\/2017\/12\/logo-pok-czerwone_rgb-e1583499221374.jpg\",\"width\":250,\"height\":108,\"caption\":\"Polska Opera Kr\u00f3lewska\"},\"image\":{\"@id\":\"https:\/\/operakrolewska.pl\/#\/schema\/logo\/image\/\"},\"sameAs\":[\"https:\/\/web.facebook.com\/PolskaOperaKrolewska\/\"]}]}<\/script>\n<!-- \/ Yoast SEO plugin. -->","yoast_head_json":{"title":"GABRIELA KAMI\u0143SKA - Polska Opera Kr&oacute;lewska","robots":{"index":"index","follow":"follow","max-snippet":"max-snippet:-1","max-image-preview":"max-image-preview:large","max-video-preview":"max-video-preview:-1"},"canonical":"https:\/\/operakrolewska.pl\/en\/artysci\/gabriela-kaminska\/","og_locale":"en_US","og_type":"article","og_title":"GABRIELA KAMI\u0143SKA - Polska Opera Kr&oacute;lewska","og_description":"Soprano. Graduate of the Fryderyk Chopin Academy of Music in Warsaw, class led by Prof.\u00a0Janina Skalik. Kami\u0144ska perfected her skills during master courses taught by Wilma Lipp, Elisabeth Schwarzkopf, Dietrich Fischer-Dieskau, or Jerzy Artysz. She made her debut on stage in 2006 as Donna Bettina in G. Bizet\u2019s Don Procopio at the Warsaw Chamber Opera. [&hellip;]","og_url":"https:\/\/operakrolewska.pl\/en\/artysci\/gabriela-kaminska\/","og_site_name":"Polska Opera Kr&oacute;lewska","article_publisher":"https:\/\/web.facebook.com\/PolskaOperaKrolewska\/","article_modified_time":"2026-01-09T09:54:15+00:00","og_image":[{"width":1254,"height":1660,"url":"https:\/\/operakrolewska.pl\/wp-content\/uploads\/2019\/03\/kaminska-gabriela.jpg","type":"image\/jpeg"}],"twitter_card":"summary_large_image","twitter_misc":{"Est. reading time":"4 minutes"},"schema":{"@context":"https:\/\/schema.org","@graph":[{"@type":"WebPage","@id":"https:\/\/operakrolewska.pl\/en\/artysci\/gabriela-kaminska\/","url":"https:\/\/operakrolewska.pl\/en\/artysci\/gabriela-kaminska\/","name":"GABRIELA KAMI\u0143SKA - Polska Opera Kr&oacute;lewska","isPartOf":{"@id":"https:\/\/operakrolewska.pl\/#website"},"primaryImageOfPage":{"@id":"https:\/\/operakrolewska.pl\/en\/artysci\/gabriela-kaminska\/#primaryimage"},"image":{"@id":"https:\/\/operakrolewska.pl\/en\/artysci\/gabriela-kaminska\/#primaryimage"},"thumbnailUrl":"https:\/\/operakrolewska.pl\/wp-content\/uploads\/2019\/03\/kaminska-gabriela.jpg","datePublished":"2019-03-17T21:40:40+00:00","dateModified":"2026-01-09T09:54:15+00:00","breadcrumb":{"@id":"https:\/\/operakrolewska.pl\/en\/artysci\/gabriela-kaminska\/#breadcrumb"},"inLanguage":"en-US","potentialAction":[{"@type":"ReadAction","target":["https:\/\/operakrolewska.pl\/en\/artysci\/gabriela-kaminska\/"]}]},{"@type":"ImageObject","inLanguage":"en-US","@id":"https:\/\/operakrolewska.pl\/en\/artysci\/gabriela-kaminska\/#primaryimage","url":"https:\/\/operakrolewska.pl\/wp-content\/uploads\/2019\/03\/kaminska-gabriela.jpg","contentUrl":"https:\/\/operakrolewska.pl\/wp-content\/uploads\/2019\/03\/kaminska-gabriela.jpg","width":1254,"height":1660,"caption":"Gabriela Kami\u0144ska"},{"@type":"BreadcrumbList","@id":"https:\/\/operakrolewska.pl\/en\/artysci\/gabriela-kaminska\/#breadcrumb","itemListElement":[{"@type":"ListItem","position":1,"name":"Strona g\u0142\u00f3wna","item":"https:\/\/operakrolewska.pl\/en\/"},{"@type":"ListItem","position":2,"name":"artysci","item":"https:\/\/operakrolewska.pl\/en\/artysci\/"},{"@type":"ListItem","position":3,"name":"GABRIELA KAMI\u0143SKA"}]},{"@type":"WebSite","@id":"https:\/\/operakrolewska.pl\/#website","url":"https:\/\/operakrolewska.pl\/","name":"Polska Opera Kr&oacute;lewska","description":"Polska Opera Kr&oacute;lewska","publisher":{"@id":"https:\/\/operakrolewska.pl\/#organization"},"potentialAction":[{"@type":"SearchAction","target":{"@type":"EntryPoint","urlTemplate":"https:\/\/operakrolewska.pl\/?s={search_term_string}"},"query-input":{"@type":"PropertyValueSpecification","valueRequired":true,"valueName":"search_term_string"}}],"inLanguage":"en-US"},{"@type":"Organization","@id":"https:\/\/operakrolewska.pl\/#organization","name":"Polska Opera Kr\u00f3lewska","url":"https:\/\/operakrolewska.pl\/","logo":{"@type":"ImageObject","inLanguage":"en-US","@id":"https:\/\/operakrolewska.pl\/#\/schema\/logo\/image\/","url":"https:\/\/operakrolewska.pl\/wp-content\/uploads\/2017\/12\/logo-pok-czerwone_rgb-e1583499221374.jpg","contentUrl":"https:\/\/operakrolewska.pl\/wp-content\/uploads\/2017\/12\/logo-pok-czerwone_rgb-e1583499221374.jpg","width":250,"height":108,"caption":"Polska Opera Kr\u00f3lewska"},"image":{"@id":"https:\/\/operakrolewska.pl\/#\/schema\/logo\/image\/"},"sameAs":["https:\/\/web.facebook.com\/PolskaOperaKrolewska\/"]}]}},"taxonomy_info":[],"featured_image_src_large":["https:\/\/operakrolewska.pl\/wp-content\/uploads\/2019\/03\/kaminska-gabriela-774x1024.jpg",640,847,true],"author_info":[],"comment_info":"","_links":{"self":[{"href":"https:\/\/operakrolewska.pl\/en\/wp-json\/wp\/v2\/artysci\/18127","targetHints":{"allow":["GET"]}}],"collection":[{"href":"https:\/\/operakrolewska.pl\/en\/wp-json\/wp\/v2\/artysci"}],"about":[{"href":"https:\/\/operakrolewska.pl\/en\/wp-json\/wp\/v2\/types\/artysci"}],"wp:featuredmedia":[{"embeddable":true,"href":"https:\/\/operakrolewska.pl\/en\/wp-json\/wp\/v2\/media\/9631"}],"wp:attachment":[{"href":"https:\/\/operakrolewska.pl\/en\/wp-json\/wp\/v2\/media?parent=18127"}],"curies":[{"name":"wp","href":"https:\/\/api.w.org\/{rel}","templated":true}]}}