{"id":18122,"date":"2019-02-17T22:04:01","date_gmt":"2019-02-17T21:04:01","guid":{"rendered":"https:\/\/operakrolewska.pl\/?post_type=artysci&#038;p=18122"},"modified":"2021-02-06T12:19:10","modified_gmt":"2021-02-06T11:19:10","slug":"anna-wierzbicka","status":"publish","type":"artysci","link":"https:\/\/operakrolewska.pl\/en\/artysci\/anna-wierzbicka\/","title":{"rendered":"ANNA WIERZBICKA"},"content":{"rendered":"<p><span style=\"font-weight: 400;\">Soprano. Graduate of\u00a0the Karol Lipi\u0144ski Academy of Music in Wroc\u0142aw, where she studied at the Vocal Faculty under the tutelage of Prof. Christian Elssner. She further perfected her vocal skills during master courses taught by Prof. Eva Blahova, Renata Scotto, and Claudio Desderi.<\/span><\/p>\n<p><span style=\"font-weight: 400;\">Between 2005 and 2017 she was associated with the Warsaw Chamber Opera. She&#8217;s also appeared on stage at the Cracow Opera, the Baltic Opera, the Grand Theatre in Pozna\u0144, the Opera Nova in Bydgoszcz, the Latvian National Opera in Riga, the National Theatre in Brno, and the Royal Opera House Muscat in Oman.<\/span><\/p>\n<p><span style=\"font-weight: 400;\">Her repertoire includes leading parts in operas by W. A Mozart, such as: Countess Almaviva in\u00a0<\/span><i><span style=\"font-weight: 400;\">The Marriage of Figaro<\/span><\/i><span style=\"font-weight: 400;\">, Donna Elvira in\u00a0<\/span><i><span style=\"font-weight: 400;\">Don Giovanni<\/span><\/i><span style=\"font-weight: 400;\">, Fiordiligi in\u00a0<\/span><i><span style=\"font-weight: 400;\">Cos\u00ec fan tutte<\/span><\/i><span style=\"font-weight: 400;\">\u00a0and\u00a0Vitellia in\u00a0<\/span><i><span style=\"font-weight: 400;\">La clemenza di Tito<\/span><\/i><span style=\"font-weight: 400;\">, as well as Cleopatra in Handel\u2019s\u00a0<\/span><i><span style=\"font-weight: 400;\">Giulio Caesare<\/span><\/i><span style=\"font-weight: 400;\">, Agathe in Weber\u2019s\u00a0<\/span><i><span style=\"font-weight: 400;\">The Marksman<\/span><\/i><span style=\"font-weight: 400;\">, Tatiana in Tchaikovsky\u2019s\u00a0<\/span><i><span style=\"font-weight: 400;\">Eugene Onegin<\/span><\/i><span style=\"font-weight: 400;\">, Neddy in\u00a0<\/span><i><span style=\"font-weight: 400;\">Pagliacci<\/span><\/i><span style=\"font-weight: 400;\">\u00a0by Leoncavallo, Halka in the Vilnius version of Moniuszko\u2019s opera, the Marchesa del Poggio in Verdi\u2019s\u00a0<\/span><i><span style=\"font-weight: 400;\">Un giorno di regno<\/span><\/i><span style=\"font-weight: 400;\">, Alice Ford in\u00a0<\/span><i><span style=\"font-weight: 400;\">Falstaff<\/span><\/i><span style=\"font-weight: 400;\"> and Margherita in\u00a0<\/span><i><span style=\"font-weight: 400;\">Mefistofele<\/span><\/i><span style=\"font-weight: 400;\">\u00a0by Arrigo Boito, and the title Rusalka in Dvo\u0159ak\u2019s opera.<\/span><\/p>\n<p><span style=\"font-weight: 400;\">The artist performs in Poland and abroad, collaborating with such esteemed conductors as Ji\u0159\u00ed B\u011blohl\u00e1vek, Kai Bumann, Tom\u00e1\u0161 Hanus, Jos\u00e9 Maria Florencio, Robin Ticciati, Andriy Yurkevych, Jacek Kaspszyk, Micha\u0142 Klauza, Roman Kofman, Wojciech Rajski, Helmuth Rilling, Andrzej Straszy\u0144ski, Tadeusz Struga\u0142a, Tadeusz Wojciechowski.<\/span><\/p>\n<p><span style=\"font-weight: 400;\">Wierzbicka is a laureate of numerous prestigious awards from various international vocal competitions. Her most important successes include the winning of the 9th Ottavio Ziino International Competition in Rome (2010), the 3rd prize at the Antonin Dvo\u0159ak International Singing Competition in Karlove Vary (2001), and the 2nd prize and the special prize at the Mikula\u0161 Schneider-Trnavski International Vocal Competition in Trnava (2004). She is also a finalist of the International Adam Didur Opera Singers&#8217; Competition, as well as the semi-finalist of the Francisco Vi\u00f1as International Singing Contest in Barcelona, and the Renata Tebaldi International Voice Competition in San Marino.<\/span><\/p>\n<p><span style=\"font-weight: 400;\">She is a soloist at the Polish Royal Opera.<\/span><\/p>\n<p><span style=\"font-weight: 400;\">\u00a0<\/span><\/p>\n<p><span style=\"font-weight: 400;\">Photo by Ewa Ryszkowska<\/span><\/p>\n<p>&nbsp;<\/p>\n","protected":false},"featured_media":9641,"parent":0,"template":"","class_list":["post-18122","artysci","type-artysci","status-publish","has-post-thumbnail","hentry"],"acf":[],"yoast_head":"<!-- This site is optimized with the Yoast SEO plugin v26.2 - https:\/\/yoast.com\/wordpress\/plugins\/seo\/ -->\n<title>ANNA WIERZBICKA - Polska Opera Kr&oacute;lewska<\/title>\n<meta name=\"robots\" content=\"index, follow, max-snippet:-1, max-image-preview:large, max-video-preview:-1\" \/>\n<link rel=\"canonical\" href=\"https:\/\/operakrolewska.pl\/en\/artysci\/anna-wierzbicka\/\" \/>\n<meta property=\"og:locale\" content=\"en_US\" \/>\n<meta property=\"og:type\" content=\"article\" \/>\n<meta property=\"og:title\" content=\"ANNA WIERZBICKA - Polska Opera Kr&oacute;lewska\" \/>\n<meta property=\"og:description\" content=\"Soprano. Graduate of\u00a0the Karol Lipi\u0144ski Academy of Music in Wroc\u0142aw, where she studied at the Vocal Faculty under the tutelage of Prof. Christian Elssner. She further perfected her vocal skills during master courses taught by Prof. Eva Blahova, Renata Scotto, and Claudio Desderi. Between 2005 and 2017 she was associated with the Warsaw Chamber Opera. [&hellip;]\" \/>\n<meta property=\"og:url\" content=\"https:\/\/operakrolewska.pl\/en\/artysci\/anna-wierzbicka\/\" \/>\n<meta property=\"og:site_name\" content=\"Polska Opera Kr&oacute;lewska\" \/>\n<meta property=\"article:publisher\" content=\"https:\/\/web.facebook.com\/PolskaOperaKrolewska\/\" \/>\n<meta property=\"article:modified_time\" content=\"2021-02-06T11:19:10+00:00\" \/>\n<meta property=\"og:image\" content=\"https:\/\/operakrolewska.pl\/wp-content\/uploads\/2019\/02\/anna-wierzbicka.-fot.-ewa-ryszkowska.jpg\" \/>\n\t<meta property=\"og:image:width\" content=\"1340\" \/>\n\t<meta property=\"og:image:height\" content=\"2111\" \/>\n\t<meta property=\"og:image:type\" content=\"image\/jpeg\" \/>\n<meta name=\"twitter:card\" content=\"summary_large_image\" \/>\n<meta name=\"twitter:label1\" content=\"Est. reading time\" \/>\n\t<meta name=\"twitter:data1\" content=\"2 minutes\" \/>\n<script type=\"application\/ld+json\" class=\"yoast-schema-graph\">{\"@context\":\"https:\/\/schema.org\",\"@graph\":[{\"@type\":\"WebPage\",\"@id\":\"https:\/\/operakrolewska.pl\/en\/artysci\/anna-wierzbicka\/\",\"url\":\"https:\/\/operakrolewska.pl\/en\/artysci\/anna-wierzbicka\/\",\"name\":\"ANNA WIERZBICKA - Polska Opera Kr&oacute;lewska\",\"isPartOf\":{\"@id\":\"https:\/\/operakrolewska.pl\/#website\"},\"primaryImageOfPage\":{\"@id\":\"https:\/\/operakrolewska.pl\/en\/artysci\/anna-wierzbicka\/#primaryimage\"},\"image\":{\"@id\":\"https:\/\/operakrolewska.pl\/en\/artysci\/anna-wierzbicka\/#primaryimage\"},\"thumbnailUrl\":\"https:\/\/operakrolewska.pl\/wp-content\/uploads\/2019\/02\/anna-wierzbicka.-fot.-ewa-ryszkowska.jpg\",\"datePublished\":\"2019-02-17T21:04:01+00:00\",\"dateModified\":\"2021-02-06T11:19:10+00:00\",\"breadcrumb\":{\"@id\":\"https:\/\/operakrolewska.pl\/en\/artysci\/anna-wierzbicka\/#breadcrumb\"},\"inLanguage\":\"en-US\",\"potentialAction\":[{\"@type\":\"ReadAction\",\"target\":[\"https:\/\/operakrolewska.pl\/en\/artysci\/anna-wierzbicka\/\"]}]},{\"@type\":\"ImageObject\",\"inLanguage\":\"en-US\",\"@id\":\"https:\/\/operakrolewska.pl\/en\/artysci\/anna-wierzbicka\/#primaryimage\",\"url\":\"https:\/\/operakrolewska.pl\/wp-content\/uploads\/2019\/02\/anna-wierzbicka.-fot.-ewa-ryszkowska.jpg\",\"contentUrl\":\"https:\/\/operakrolewska.pl\/wp-content\/uploads\/2019\/02\/anna-wierzbicka.-fot.-ewa-ryszkowska.jpg\",\"width\":1340,\"height\":2111,\"caption\":\"Anna Wierzbicka. Fot. Ewa Ryszkowska\"},{\"@type\":\"BreadcrumbList\",\"@id\":\"https:\/\/operakrolewska.pl\/en\/artysci\/anna-wierzbicka\/#breadcrumb\",\"itemListElement\":[{\"@type\":\"ListItem\",\"position\":1,\"name\":\"Strona g\u0142\u00f3wna\",\"item\":\"https:\/\/operakrolewska.pl\/en\/\"},{\"@type\":\"ListItem\",\"position\":2,\"name\":\"artysci\",\"item\":\"https:\/\/operakrolewska.pl\/en\/artysci\/\"},{\"@type\":\"ListItem\",\"position\":3,\"name\":\"ANNA WIERZBICKA\"}]},{\"@type\":\"WebSite\",\"@id\":\"https:\/\/operakrolewska.pl\/#website\",\"url\":\"https:\/\/operakrolewska.pl\/\",\"name\":\"Polska Opera Kr&oacute;lewska\",\"description\":\"Polska Opera Kr&oacute;lewska\",\"publisher\":{\"@id\":\"https:\/\/operakrolewska.pl\/#organization\"},\"potentialAction\":[{\"@type\":\"SearchAction\",\"target\":{\"@type\":\"EntryPoint\",\"urlTemplate\":\"https:\/\/operakrolewska.pl\/?s={search_term_string}\"},\"query-input\":{\"@type\":\"PropertyValueSpecification\",\"valueRequired\":true,\"valueName\":\"search_term_string\"}}],\"inLanguage\":\"en-US\"},{\"@type\":\"Organization\",\"@id\":\"https:\/\/operakrolewska.pl\/#organization\",\"name\":\"Polska Opera Kr\u00f3lewska\",\"url\":\"https:\/\/operakrolewska.pl\/\",\"logo\":{\"@type\":\"ImageObject\",\"inLanguage\":\"en-US\",\"@id\":\"https:\/\/operakrolewska.pl\/#\/schema\/logo\/image\/\",\"url\":\"https:\/\/operakrolewska.pl\/wp-content\/uploads\/2017\/12\/logo-pok-czerwone_rgb-e1583499221374.jpg\",\"contentUrl\":\"https:\/\/operakrolewska.pl\/wp-content\/uploads\/2017\/12\/logo-pok-czerwone_rgb-e1583499221374.jpg\",\"width\":250,\"height\":108,\"caption\":\"Polska Opera Kr\u00f3lewska\"},\"image\":{\"@id\":\"https:\/\/operakrolewska.pl\/#\/schema\/logo\/image\/\"},\"sameAs\":[\"https:\/\/web.facebook.com\/PolskaOperaKrolewska\/\"]}]}<\/script>\n<!-- \/ Yoast SEO plugin. -->","yoast_head_json":{"title":"ANNA WIERZBICKA - Polska Opera Kr&oacute;lewska","robots":{"index":"index","follow":"follow","max-snippet":"max-snippet:-1","max-image-preview":"max-image-preview:large","max-video-preview":"max-video-preview:-1"},"canonical":"https:\/\/operakrolewska.pl\/en\/artysci\/anna-wierzbicka\/","og_locale":"en_US","og_type":"article","og_title":"ANNA WIERZBICKA - Polska Opera Kr&oacute;lewska","og_description":"Soprano. Graduate of\u00a0the Karol Lipi\u0144ski Academy of Music in Wroc\u0142aw, where she studied at the Vocal Faculty under the tutelage of Prof. Christian Elssner. She further perfected her vocal skills during master courses taught by Prof. Eva Blahova, Renata Scotto, and Claudio Desderi. Between 2005 and 2017 she was associated with the Warsaw Chamber Opera. [&hellip;]","og_url":"https:\/\/operakrolewska.pl\/en\/artysci\/anna-wierzbicka\/","og_site_name":"Polska Opera Kr&oacute;lewska","article_publisher":"https:\/\/web.facebook.com\/PolskaOperaKrolewska\/","article_modified_time":"2021-02-06T11:19:10+00:00","og_image":[{"width":1340,"height":2111,"url":"https:\/\/operakrolewska.pl\/wp-content\/uploads\/2019\/02\/anna-wierzbicka.-fot.-ewa-ryszkowska.jpg","type":"image\/jpeg"}],"twitter_card":"summary_large_image","twitter_misc":{"Est. reading time":"2 minutes"},"schema":{"@context":"https:\/\/schema.org","@graph":[{"@type":"WebPage","@id":"https:\/\/operakrolewska.pl\/en\/artysci\/anna-wierzbicka\/","url":"https:\/\/operakrolewska.pl\/en\/artysci\/anna-wierzbicka\/","name":"ANNA WIERZBICKA - Polska Opera Kr&oacute;lewska","isPartOf":{"@id":"https:\/\/operakrolewska.pl\/#website"},"primaryImageOfPage":{"@id":"https:\/\/operakrolewska.pl\/en\/artysci\/anna-wierzbicka\/#primaryimage"},"image":{"@id":"https:\/\/operakrolewska.pl\/en\/artysci\/anna-wierzbicka\/#primaryimage"},"thumbnailUrl":"https:\/\/operakrolewska.pl\/wp-content\/uploads\/2019\/02\/anna-wierzbicka.-fot.-ewa-ryszkowska.jpg","datePublished":"2019-02-17T21:04:01+00:00","dateModified":"2021-02-06T11:19:10+00:00","breadcrumb":{"@id":"https:\/\/operakrolewska.pl\/en\/artysci\/anna-wierzbicka\/#breadcrumb"},"inLanguage":"en-US","potentialAction":[{"@type":"ReadAction","target":["https:\/\/operakrolewska.pl\/en\/artysci\/anna-wierzbicka\/"]}]},{"@type":"ImageObject","inLanguage":"en-US","@id":"https:\/\/operakrolewska.pl\/en\/artysci\/anna-wierzbicka\/#primaryimage","url":"https:\/\/operakrolewska.pl\/wp-content\/uploads\/2019\/02\/anna-wierzbicka.-fot.-ewa-ryszkowska.jpg","contentUrl":"https:\/\/operakrolewska.pl\/wp-content\/uploads\/2019\/02\/anna-wierzbicka.-fot.-ewa-ryszkowska.jpg","width":1340,"height":2111,"caption":"Anna Wierzbicka. Fot. Ewa Ryszkowska"},{"@type":"BreadcrumbList","@id":"https:\/\/operakrolewska.pl\/en\/artysci\/anna-wierzbicka\/#breadcrumb","itemListElement":[{"@type":"ListItem","position":1,"name":"Strona g\u0142\u00f3wna","item":"https:\/\/operakrolewska.pl\/en\/"},{"@type":"ListItem","position":2,"name":"artysci","item":"https:\/\/operakrolewska.pl\/en\/artysci\/"},{"@type":"ListItem","position":3,"name":"ANNA WIERZBICKA"}]},{"@type":"WebSite","@id":"https:\/\/operakrolewska.pl\/#website","url":"https:\/\/operakrolewska.pl\/","name":"Polska Opera Kr&oacute;lewska","description":"Polska Opera Kr&oacute;lewska","publisher":{"@id":"https:\/\/operakrolewska.pl\/#organization"},"potentialAction":[{"@type":"SearchAction","target":{"@type":"EntryPoint","urlTemplate":"https:\/\/operakrolewska.pl\/?s={search_term_string}"},"query-input":{"@type":"PropertyValueSpecification","valueRequired":true,"valueName":"search_term_string"}}],"inLanguage":"en-US"},{"@type":"Organization","@id":"https:\/\/operakrolewska.pl\/#organization","name":"Polska Opera Kr\u00f3lewska","url":"https:\/\/operakrolewska.pl\/","logo":{"@type":"ImageObject","inLanguage":"en-US","@id":"https:\/\/operakrolewska.pl\/#\/schema\/logo\/image\/","url":"https:\/\/operakrolewska.pl\/wp-content\/uploads\/2017\/12\/logo-pok-czerwone_rgb-e1583499221374.jpg","contentUrl":"https:\/\/operakrolewska.pl\/wp-content\/uploads\/2017\/12\/logo-pok-czerwone_rgb-e1583499221374.jpg","width":250,"height":108,"caption":"Polska Opera Kr\u00f3lewska"},"image":{"@id":"https:\/\/operakrolewska.pl\/#\/schema\/logo\/image\/"},"sameAs":["https:\/\/web.facebook.com\/PolskaOperaKrolewska\/"]}]}},"taxonomy_info":[],"featured_image_src_large":["https:\/\/operakrolewska.pl\/wp-content\/uploads\/2019\/02\/anna-wierzbicka.-fot.-ewa-ryszkowska-650x1024.jpg",640,1008,true],"author_info":[],"comment_info":"","_links":{"self":[{"href":"https:\/\/operakrolewska.pl\/en\/wp-json\/wp\/v2\/artysci\/18122","targetHints":{"allow":["GET"]}}],"collection":[{"href":"https:\/\/operakrolewska.pl\/en\/wp-json\/wp\/v2\/artysci"}],"about":[{"href":"https:\/\/operakrolewska.pl\/en\/wp-json\/wp\/v2\/types\/artysci"}],"wp:featuredmedia":[{"embeddable":true,"href":"https:\/\/operakrolewska.pl\/en\/wp-json\/wp\/v2\/media\/9641"}],"wp:attachment":[{"href":"https:\/\/operakrolewska.pl\/en\/wp-json\/wp\/v2\/media?parent=18122"}],"curies":[{"name":"wp","href":"https:\/\/api.w.org\/{rel}","templated":true}]}}