{"id":17496,"date":"2019-02-17T21:09:57","date_gmt":"2019-02-17T20:09:57","guid":{"rendered":"https:\/\/operakrolewska.pl\/?post_type=artysci&#038;p=17496"},"modified":"2020-12-18T13:07:39","modified_gmt":"2020-12-18T12:07:39","slug":"aneta-lukaszewicz","status":"publish","type":"artysci","link":"https:\/\/operakrolewska.pl\/en\/artysci\/aneta-lukaszewicz\/","title":{"rendered":"ANETA \u0141UKASZEWICZ"},"content":{"rendered":"<p><span style=\"font-weight: 400;\">Mezzo-soprano. Aneta \u0141ukaszewicz graduated with honours from the Fryderyk Chopin University of Music in Warsaw in the vocal class taught by Prof. Jerzy Artysz (2004). For her academic achievements, she was awarded a scholarship by the Minister of Culture.<\/span><\/p>\n<p><span style=\"font-weight: 400;\">She began to appear on stage while still a student, performing oratorios by Bach, Handel, Vivaldi, Pergolesi, Mozart, Rossini, Moniuszko, Szymanowski, and Mahler. Her opera debut was the role of Filippyevna in a student staging of Tchaikovsky\u2019s <\/span><i><span style=\"font-weight: 400;\">Eugene Onegin<\/span><\/i><span style=\"font-weight: 400;\"> in 2001, at the Chamber Music Hall of the Polish National Opera in Warsaw. She\u2019s also appeared as Cornelia in Handel\u2019s <\/span><i><span style=\"font-weight: 400;\">Giulio Caesare<\/span><\/i><span style=\"font-weight: 400;\">, Marcellina and Cherubino in <\/span><i><span style=\"font-weight: 400;\">The Marriage of Figaro<\/span><\/i><span style=\"font-weight: 400;\">, Volpino in <\/span><i><span style=\"font-weight: 400;\">The Apothecary<\/span><\/i><span style=\"font-weight: 400;\"> by Haydn, and Lola in Mascagni\u2019s <\/span><i><span style=\"font-weight: 400;\">Cavalleria rusticana<\/span><\/i><span style=\"font-weight: 400;\">.<\/span><\/p>\n<p><span style=\"font-weight: 400;\">Between 2004 and 2017 she was a soloist at the Warsaw Chamber Opera, where she appeared in operas by C. Monteverdi (Amore and Damigella in <\/span><i><span style=\"font-weight: 400;\">L&#8217;incoronazione di Poppea<\/span><\/i><span style=\"font-weight: 400;\">, Melanto in <\/span><i><span style=\"font-weight: 400;\">L ritorno d&#8217;Ulisse in patria<\/span><\/i><span style=\"font-weight: 400;\">), W. A. Mozart (Dorabella in <\/span><i><span style=\"font-weight: 400;\">Cosi fan tutte<\/span><\/i><span style=\"font-weight: 400;\">, Giacinta in <\/span><i><span style=\"font-weight: 400;\">La finta semplice<\/span><\/i><span style=\"font-weight: 400;\"> and Annio in <\/span><i><span style=\"font-weight: 400;\">La clemenza di Tito<\/span><\/i><span style=\"font-weight: 400;\">), G. Verdi\u2019s (Gulietta in <\/span><i><span style=\"font-weight: 400;\">Il finto Stanislao (Un giono di regno)<\/span><\/i><span style=\"font-weight: 400;\">), L. Jan\u00e1\u010dek (Karolka in Jen\u016fa), or B. Matuszczak (Jona in <\/span><i><span style=\"font-weight: 400;\">Prometheus<\/span><\/i><span style=\"font-weight: 400;\">). In 2015, she participated in the first performance of L. Mo\u017cd\u017cer\u2019s <\/span><i><span style=\"font-weight: 400;\">Immanuel Kant<\/span><\/i><span style=\"font-weight: 400;\"> as Mrs. Kant. With the artists from the Warsaw Chamber Opera, she appeared on stages in Switzerland, Spain, and Japan. She&#8217;s also performed at the Polish National Opera, where she appeared as Feklu\u0161a in Jan\u00e1\u010dek\u2019s <\/span><i><span style=\"font-weight: 400;\">Katya Kabanova<\/span><\/i><span style=\"font-weight: 400;\"> directed by David Alden and conducted by Tom\u00e1\u0161 Hanus.<\/span><\/p>\n<p><span style=\"font-weight: 400;\">Her repertoire includes chamber music and songs. She sings songs by Mozart, Chopin, Moniuszko, Schumann, Schubert, Brahms, Paderewski, Mahler, Mussorgsky, Ravel, Szymanowski, Sch\u00f6nberg, and Berg. In 2015, \u0141ukaszewicz gave a recital of I. J. Paderewski\u2019s songs in the Lviv Opera. In June 2016, with Krzesimir D\u0119bski and the Lviv Philharmonic Orchestra conducted by W. Syvokhip, she appeared during the special concert \u201cTribute to Paderewski\u201d, under the patronage of the Marshall of the Senate on the occasion of the anniversary resolution adopted by the Senate of the Republic of Poland on the 75th anniversary of the composer&#8217;s death. In September 2017, with the Sinfonia Baltica orchestra, she sang during the first performance of K. D\u0119bski\u2019s <\/span><i><span style=\"font-weight: 400;\">Cykl wariacji na\u00a0g\u0142os solowy, ch\u00f3r mieszany i\u00a0orkiestr\u0119 symfoniczn\u0105\u00a0<\/span><\/i><span style=\"font-weight: 400;\">(\u201cVariations for solo vocal, mixed choir, and symphonic orchestra\u201d).<\/span><\/p>\n<p><span style=\"font-weight: 400;\">She\u2019s performed with many prominent artists, such as Michael Chance and Emma Kirkby. \u0141ukaszewicz has collaborated with the Podlasie Opera House and Philharmonic, the Koszalin Philharmonic, the \u015awi\u0119tokrzyska Philharmonic, the Dolno\u015bl\u0105ska Philharmonic, the \u201cAmadeus\u201d Chamber Orchestra of the Polish Radio conducted by A. Duczmal, the Polish Radio Symphony Orchestra, the Sinfonia Varsovia Orchestra, the Concerto Avenna, the Concerto Polacco, the Sinfonia Viva, with the ensembles Pirma Vista and I Solisti di Varsavia, the Concert Orchestra of the Polish Armed Forces, and the R. Traugutt Philharmonic. The artist appeared on stage during many festivals, such as the Summer Polish Composers Festival and the European Song Festival in Warsaw, the Lower Silesian Music Festival, the International Festival \u201cDiscovering Paderewski\u201d in Lviv, the Polish edition of the La Folle Journ\u00e9e\/Szalone Dni Muzyki, and the Warsaw Autumn Festival (2016, the first Polish performance of Panisello\u2019s <\/span><i><span style=\"font-weight: 400;\">La Malentendu<\/span><\/i><span style=\"font-weight: 400;\">).<\/span><\/p>\n<p><span style=\"font-weight: 400;\">The artist has many recordings in her repertoire, such as <\/span><i><span style=\"font-weight: 400;\">La petite messe solennelle <\/span><\/i><span style=\"font-weight: 400;\">by G. Rossini (2005),\u00a0<\/span><i><span style=\"font-weight: 400;\">Staub und Schatten sind wir\u2026\u00a0<\/span><\/i><span style=\"font-weight: 400;\">by M. Bembinov (2006), and Christmas carols arranged by T. Radziwonowicz (the Polish Radio, 2011). She appears in many recordings of Stanis\u0142aw Moryta\u2019s works, e.g. <\/span><i><span style=\"font-weight: 400;\">Rapsod<\/span><\/i><span style=\"font-weight: 400;\"> for mezzo-soprano and orchestra (2001), and masses (2007). Her solo recording of four cycles of songs by S. Moryta was nominated for the Fryderyk Award (2008).<\/span><\/p>\n<h5><b>Since 2017 she\u2019s been a soloist at the Polish Royal Opera.<\/b><\/h5>\n","protected":false},"featured_media":9057,"parent":0,"template":"","class_list":["post-17496","artysci","type-artysci","status-publish","has-post-thumbnail","hentry"],"acf":[],"yoast_head":"<!-- This site is optimized with the Yoast SEO plugin v26.2 - https:\/\/yoast.com\/wordpress\/plugins\/seo\/ -->\n<title>ANETA \u0141UKASZEWICZ - Polska Opera Kr&oacute;lewska<\/title>\n<meta name=\"robots\" content=\"index, follow, max-snippet:-1, max-image-preview:large, max-video-preview:-1\" \/>\n<link rel=\"canonical\" href=\"https:\/\/operakrolewska.pl\/en\/artysci\/aneta-lukaszewicz\/\" \/>\n<meta property=\"og:locale\" content=\"en_US\" \/>\n<meta property=\"og:type\" content=\"article\" \/>\n<meta property=\"og:title\" content=\"ANETA \u0141UKASZEWICZ - Polska Opera Kr&oacute;lewska\" \/>\n<meta property=\"og:description\" content=\"Mezzo-soprano. Aneta \u0141ukaszewicz graduated with honours from the Fryderyk Chopin University of Music in Warsaw in the vocal class taught by Prof. Jerzy Artysz (2004). For her academic achievements, she was awarded a scholarship by the Minister of Culture. She began to appear on stage while still a student, performing oratorios by Bach, Handel, Vivaldi, [&hellip;]\" \/>\n<meta property=\"og:url\" content=\"https:\/\/operakrolewska.pl\/en\/artysci\/aneta-lukaszewicz\/\" \/>\n<meta property=\"og:site_name\" content=\"Polska Opera Kr&oacute;lewska\" \/>\n<meta property=\"article:publisher\" content=\"https:\/\/web.facebook.com\/PolskaOperaKrolewska\/\" \/>\n<meta property=\"article:modified_time\" content=\"2020-12-18T12:07:39+00:00\" \/>\n<meta property=\"og:image\" content=\"https:\/\/operakrolewska.pl\/wp-content\/uploads\/2019\/02\/aneta-lukaszewicz-fot.-m.-czerski.jpg\" \/>\n\t<meta property=\"og:image:width\" content=\"1340\" \/>\n\t<meta property=\"og:image:height\" content=\"2010\" \/>\n\t<meta property=\"og:image:type\" content=\"image\/jpeg\" \/>\n<meta name=\"twitter:card\" content=\"summary_large_image\" \/>\n<meta name=\"twitter:label1\" content=\"Est. reading time\" \/>\n\t<meta name=\"twitter:data1\" content=\"3 minutes\" \/>\n<script type=\"application\/ld+json\" class=\"yoast-schema-graph\">{\"@context\":\"https:\/\/schema.org\",\"@graph\":[{\"@type\":\"WebPage\",\"@id\":\"https:\/\/operakrolewska.pl\/en\/artysci\/aneta-lukaszewicz\/\",\"url\":\"https:\/\/operakrolewska.pl\/en\/artysci\/aneta-lukaszewicz\/\",\"name\":\"ANETA \u0141UKASZEWICZ - Polska Opera Kr&oacute;lewska\",\"isPartOf\":{\"@id\":\"https:\/\/operakrolewska.pl\/#website\"},\"primaryImageOfPage\":{\"@id\":\"https:\/\/operakrolewska.pl\/en\/artysci\/aneta-lukaszewicz\/#primaryimage\"},\"image\":{\"@id\":\"https:\/\/operakrolewska.pl\/en\/artysci\/aneta-lukaszewicz\/#primaryimage\"},\"thumbnailUrl\":\"https:\/\/operakrolewska.pl\/wp-content\/uploads\/2019\/02\/aneta-lukaszewicz-fot.-m.-czerski.jpg\",\"datePublished\":\"2019-02-17T20:09:57+00:00\",\"dateModified\":\"2020-12-18T12:07:39+00:00\",\"breadcrumb\":{\"@id\":\"https:\/\/operakrolewska.pl\/en\/artysci\/aneta-lukaszewicz\/#breadcrumb\"},\"inLanguage\":\"en-US\",\"potentialAction\":[{\"@type\":\"ReadAction\",\"target\":[\"https:\/\/operakrolewska.pl\/en\/artysci\/aneta-lukaszewicz\/\"]}]},{\"@type\":\"ImageObject\",\"inLanguage\":\"en-US\",\"@id\":\"https:\/\/operakrolewska.pl\/en\/artysci\/aneta-lukaszewicz\/#primaryimage\",\"url\":\"https:\/\/operakrolewska.pl\/wp-content\/uploads\/2019\/02\/aneta-lukaszewicz-fot.-m.-czerski.jpg\",\"contentUrl\":\"https:\/\/operakrolewska.pl\/wp-content\/uploads\/2019\/02\/aneta-lukaszewicz-fot.-m.-czerski.jpg\",\"width\":1340,\"height\":2010,\"caption\":\"Aneta \u0141ukaszewicz, fot. M. Czerski\"},{\"@type\":\"BreadcrumbList\",\"@id\":\"https:\/\/operakrolewska.pl\/en\/artysci\/aneta-lukaszewicz\/#breadcrumb\",\"itemListElement\":[{\"@type\":\"ListItem\",\"position\":1,\"name\":\"Strona g\u0142\u00f3wna\",\"item\":\"https:\/\/operakrolewska.pl\/en\/\"},{\"@type\":\"ListItem\",\"position\":2,\"name\":\"artysci\",\"item\":\"https:\/\/operakrolewska.pl\/en\/artysci\/\"},{\"@type\":\"ListItem\",\"position\":3,\"name\":\"ANETA \u0141UKASZEWICZ\"}]},{\"@type\":\"WebSite\",\"@id\":\"https:\/\/operakrolewska.pl\/#website\",\"url\":\"https:\/\/operakrolewska.pl\/\",\"name\":\"Polska Opera Kr&oacute;lewska\",\"description\":\"Polska Opera Kr&oacute;lewska\",\"publisher\":{\"@id\":\"https:\/\/operakrolewska.pl\/#organization\"},\"potentialAction\":[{\"@type\":\"SearchAction\",\"target\":{\"@type\":\"EntryPoint\",\"urlTemplate\":\"https:\/\/operakrolewska.pl\/?s={search_term_string}\"},\"query-input\":{\"@type\":\"PropertyValueSpecification\",\"valueRequired\":true,\"valueName\":\"search_term_string\"}}],\"inLanguage\":\"en-US\"},{\"@type\":\"Organization\",\"@id\":\"https:\/\/operakrolewska.pl\/#organization\",\"name\":\"Polska Opera Kr\u00f3lewska\",\"url\":\"https:\/\/operakrolewska.pl\/\",\"logo\":{\"@type\":\"ImageObject\",\"inLanguage\":\"en-US\",\"@id\":\"https:\/\/operakrolewska.pl\/#\/schema\/logo\/image\/\",\"url\":\"https:\/\/operakrolewska.pl\/wp-content\/uploads\/2017\/12\/logo-pok-czerwone_rgb-e1583499221374.jpg\",\"contentUrl\":\"https:\/\/operakrolewska.pl\/wp-content\/uploads\/2017\/12\/logo-pok-czerwone_rgb-e1583499221374.jpg\",\"width\":250,\"height\":108,\"caption\":\"Polska Opera Kr\u00f3lewska\"},\"image\":{\"@id\":\"https:\/\/operakrolewska.pl\/#\/schema\/logo\/image\/\"},\"sameAs\":[\"https:\/\/web.facebook.com\/PolskaOperaKrolewska\/\"]}]}<\/script>\n<!-- \/ Yoast SEO plugin. -->","yoast_head_json":{"title":"ANETA \u0141UKASZEWICZ - Polska Opera Kr&oacute;lewska","robots":{"index":"index","follow":"follow","max-snippet":"max-snippet:-1","max-image-preview":"max-image-preview:large","max-video-preview":"max-video-preview:-1"},"canonical":"https:\/\/operakrolewska.pl\/en\/artysci\/aneta-lukaszewicz\/","og_locale":"en_US","og_type":"article","og_title":"ANETA \u0141UKASZEWICZ - Polska Opera Kr&oacute;lewska","og_description":"Mezzo-soprano. Aneta \u0141ukaszewicz graduated with honours from the Fryderyk Chopin University of Music in Warsaw in the vocal class taught by Prof. Jerzy Artysz (2004). For her academic achievements, she was awarded a scholarship by the Minister of Culture. She began to appear on stage while still a student, performing oratorios by Bach, Handel, Vivaldi, [&hellip;]","og_url":"https:\/\/operakrolewska.pl\/en\/artysci\/aneta-lukaszewicz\/","og_site_name":"Polska Opera Kr&oacute;lewska","article_publisher":"https:\/\/web.facebook.com\/PolskaOperaKrolewska\/","article_modified_time":"2020-12-18T12:07:39+00:00","og_image":[{"width":1340,"height":2010,"url":"https:\/\/operakrolewska.pl\/wp-content\/uploads\/2019\/02\/aneta-lukaszewicz-fot.-m.-czerski.jpg","type":"image\/jpeg"}],"twitter_card":"summary_large_image","twitter_misc":{"Est. reading time":"3 minutes"},"schema":{"@context":"https:\/\/schema.org","@graph":[{"@type":"WebPage","@id":"https:\/\/operakrolewska.pl\/en\/artysci\/aneta-lukaszewicz\/","url":"https:\/\/operakrolewska.pl\/en\/artysci\/aneta-lukaszewicz\/","name":"ANETA \u0141UKASZEWICZ - Polska Opera Kr&oacute;lewska","isPartOf":{"@id":"https:\/\/operakrolewska.pl\/#website"},"primaryImageOfPage":{"@id":"https:\/\/operakrolewska.pl\/en\/artysci\/aneta-lukaszewicz\/#primaryimage"},"image":{"@id":"https:\/\/operakrolewska.pl\/en\/artysci\/aneta-lukaszewicz\/#primaryimage"},"thumbnailUrl":"https:\/\/operakrolewska.pl\/wp-content\/uploads\/2019\/02\/aneta-lukaszewicz-fot.-m.-czerski.jpg","datePublished":"2019-02-17T20:09:57+00:00","dateModified":"2020-12-18T12:07:39+00:00","breadcrumb":{"@id":"https:\/\/operakrolewska.pl\/en\/artysci\/aneta-lukaszewicz\/#breadcrumb"},"inLanguage":"en-US","potentialAction":[{"@type":"ReadAction","target":["https:\/\/operakrolewska.pl\/en\/artysci\/aneta-lukaszewicz\/"]}]},{"@type":"ImageObject","inLanguage":"en-US","@id":"https:\/\/operakrolewska.pl\/en\/artysci\/aneta-lukaszewicz\/#primaryimage","url":"https:\/\/operakrolewska.pl\/wp-content\/uploads\/2019\/02\/aneta-lukaszewicz-fot.-m.-czerski.jpg","contentUrl":"https:\/\/operakrolewska.pl\/wp-content\/uploads\/2019\/02\/aneta-lukaszewicz-fot.-m.-czerski.jpg","width":1340,"height":2010,"caption":"Aneta \u0141ukaszewicz, fot. M. Czerski"},{"@type":"BreadcrumbList","@id":"https:\/\/operakrolewska.pl\/en\/artysci\/aneta-lukaszewicz\/#breadcrumb","itemListElement":[{"@type":"ListItem","position":1,"name":"Strona g\u0142\u00f3wna","item":"https:\/\/operakrolewska.pl\/en\/"},{"@type":"ListItem","position":2,"name":"artysci","item":"https:\/\/operakrolewska.pl\/en\/artysci\/"},{"@type":"ListItem","position":3,"name":"ANETA \u0141UKASZEWICZ"}]},{"@type":"WebSite","@id":"https:\/\/operakrolewska.pl\/#website","url":"https:\/\/operakrolewska.pl\/","name":"Polska Opera Kr&oacute;lewska","description":"Polska Opera Kr&oacute;lewska","publisher":{"@id":"https:\/\/operakrolewska.pl\/#organization"},"potentialAction":[{"@type":"SearchAction","target":{"@type":"EntryPoint","urlTemplate":"https:\/\/operakrolewska.pl\/?s={search_term_string}"},"query-input":{"@type":"PropertyValueSpecification","valueRequired":true,"valueName":"search_term_string"}}],"inLanguage":"en-US"},{"@type":"Organization","@id":"https:\/\/operakrolewska.pl\/#organization","name":"Polska Opera Kr\u00f3lewska","url":"https:\/\/operakrolewska.pl\/","logo":{"@type":"ImageObject","inLanguage":"en-US","@id":"https:\/\/operakrolewska.pl\/#\/schema\/logo\/image\/","url":"https:\/\/operakrolewska.pl\/wp-content\/uploads\/2017\/12\/logo-pok-czerwone_rgb-e1583499221374.jpg","contentUrl":"https:\/\/operakrolewska.pl\/wp-content\/uploads\/2017\/12\/logo-pok-czerwone_rgb-e1583499221374.jpg","width":250,"height":108,"caption":"Polska Opera Kr\u00f3lewska"},"image":{"@id":"https:\/\/operakrolewska.pl\/#\/schema\/logo\/image\/"},"sameAs":["https:\/\/web.facebook.com\/PolskaOperaKrolewska\/"]}]}},"taxonomy_info":[],"featured_image_src_large":["https:\/\/operakrolewska.pl\/wp-content\/uploads\/2019\/02\/aneta-lukaszewicz-fot.-m.-czerski-683x1024.jpg",640,960,true],"author_info":[],"comment_info":"","_links":{"self":[{"href":"https:\/\/operakrolewska.pl\/en\/wp-json\/wp\/v2\/artysci\/17496","targetHints":{"allow":["GET"]}}],"collection":[{"href":"https:\/\/operakrolewska.pl\/en\/wp-json\/wp\/v2\/artysci"}],"about":[{"href":"https:\/\/operakrolewska.pl\/en\/wp-json\/wp\/v2\/types\/artysci"}],"wp:featuredmedia":[{"embeddable":true,"href":"https:\/\/operakrolewska.pl\/en\/wp-json\/wp\/v2\/media\/9057"}],"wp:attachment":[{"href":"https:\/\/operakrolewska.pl\/en\/wp-json\/wp\/v2\/media?parent=17496"}],"curies":[{"name":"wp","href":"https:\/\/api.w.org\/{rel}","templated":true}]}}